{"id":749,"date":"2025-01-14T02:43:49","date_gmt":"2025-01-14T05:43:49","guid":{"rendered":"https:\/\/posgraduacao.uea.edu.br\/cienciashumanas\/?page_id=749"},"modified":"2026-04-23T12:32:53","modified_gmt":"2026-04-23T15:32:53","slug":"dissertacoes","status":"publish","type":"page","link":"http:\/\/posgraduacao.uea.edu.br\/cienciashumanas\/index.php\/dissertacoes\/","title":{"rendered":"Disserta\u00e7\u00f5es"},"content":{"rendered":"\n<div class=\"wp-block-stackable-columns alignfull stk-block-columns stk-block stk-97c3231 stk-block-background stk--has-background-overlay\" data-block-id=\"97c3231\"><style>.stk-97c3231 .stk--block-align-97c3231{align-items:center !important;}.stk-97c3231 {background-color:linear-gradient(181deg,rgb(25,43,243) 0%,rgb(59,91,148) 29%,rgb(243,113,53) 68%,rgb(240,152,25) 100%) !important;background-image:url(http:\/\/posgraduacao.uea.edu.br\/cienciashumanas\/wp-content\/uploads\/2025\/05\/capa-dissertacoes-1-scaled.jpeg) !important;background-position:bottom center !important;background-repeat:no-repeat !important;background-size:cover !important;padding-top:300px !important;padding-bottom:200px !important;margin-bottom:0px !important;}.stk-97c3231:before{opacity:0.7 !important;mix-blend-mode:multiply !important;background-image:linear-gradient(181deg,rgb(25,43,243) 0%,rgb(59,91,148) 29%,rgb(243,113,53) 68%,rgb(240,152,25) 100%) !important;}.stk-97c3231-column{--stk-column-gap:35px !important;row-gap:35px !important;}@media screen and (max-width:999px){.stk-97c3231 {padding-top:250px !important;padding-bottom:150px !important;}}@media screen and (max-width:689px){.stk-97c3231 {padding-top:150px !important;padding-bottom:100px !important;}}<\/style><div class=\"stk-row stk-inner-blocks stk--block-align-97c3231 stk-block-content stk-content-align stk-97c3231-column\">\n<div class=\"wp-block-stackable-column stk-block-column stk-column stk-block stk-15a72de\" data-v=\"4\" data-block-id=\"15a72de\"><style>.stk-15a72de-container{margin-top:0px !important;margin-right:0px !important;margin-bottom:0px !important;margin-left:0px !important;}<\/style><div class=\"stk-column-wrapper stk-block-column__content stk-container stk-15a72de-container stk--no-background stk--no-padding\"><div class=\"has-text-align-center-mobile stk-block-content stk-inner-blocks stk-15a72de-inner-blocks\">\n<div class=\"wp-block-stackable-heading stk-block-heading stk-block-heading--v2 stk-block stk-f304fc2\" id=\"span-style-color-ffffff-class-stk-highlight-dissertacoes-span\" data-block-id=\"f304fc2\"><style>.stk-f304fc2 {margin-bottom:10px !important;}.stk-f304fc2 .stk-block-heading__text{font-size:45px !important;color:var(--theme-palette-color-8, #ffffff) !important;line-height:1.3em !important;font-weight:800 !important;}@media screen and (max-width:999px){.stk-f304fc2 .stk-block-heading__text{font-size:40px !important;}}@media screen and (max-width:689px){.stk-f304fc2 .stk-block-heading__text{font-size:30px !important;}}<\/style><h2 class=\"stk-block-heading__text has-text-color has-text-align-center\"><span style=\"color: #ffffff;\" class=\"stk-highlight\">DISSERTA\u00c7\u00d5ES<\/span><\/h2><\/div>\n<\/div><\/div><\/div>\n<\/div><\/div>\n\n\n\n<div class=\"wp-block-stackable-spacer stk-block-spacer stk--no-padding stk-block stk-e1d33a8\" data-block-id=\"e1d33a8\"><\/div>\n\n\n\n<details class=\"wp-block-stackable-accordion stk-block-accordion stk-inner-blocks stk-block-content stk--is-open stk--single-open stk-block stk-a7b39f3 stk-block-background is-style-plus\" open data-block-id=\"a7b39f3\"><style>.stk-a7b39f3 {background-color:#FFFFFF !important;box-shadow:0 5px 30px -10px #123f524d !important;padding-top:0px !important;padding-right:0px !important;padding-bottom:0px !important;padding-left:0px !important;}.stk-a7b39f3:before{background-color:#FFFFFF !important;}<\/style>\n<summary class=\"wp-block-stackable-column stk-block-column stk-column stk-block stk-2c6f538 stk--container-small stk-block-accordion__heading\" data-v=\"4\" data-block-id=\"2c6f538\"><style>.stk-2c6f538 {padding-top:8px !important;padding-right:32px !important;padding-bottom:8px !important;padding-left:32px !important;}<\/style><div class=\"stk-column-wrapper stk-block-column__content stk-container stk-2c6f538-container stk--no-background stk--no-padding\"><div class=\"stk-block-content stk-inner-blocks stk-2c6f538-inner-blocks\">\n<div class=\"wp-block-stackable-icon-label stk-block-icon-label stk-block stk-3f89fbe\" data-block-id=\"3f89fbe\"><div class=\"stk-row stk-inner-blocks stk-block-content\">\n<div class=\"wp-block-stackable-icon stk-block-icon stk-block stk-80d640d\" data-block-id=\"80d640d\"><span class=\"stk--svg-wrapper stk--has-icon2\"><div class=\"stk--inner-svg\"><svg style=\"height:0;width:0\"><defs><linearGradient id=\"linear-gradient-80d640d\" x1=\"0\" x2=\"100%\" y1=\"0\" y2=\"0\"><stop offset=\"0%\" style=\"stop-opacity:1;stop-color:var(--linear-gradient-80-d-640-d-color-1)\"><\/stop><stop offset=\"100%\" style=\"stop-opacity:1;stop-color:var(--linear-gradient-80-d-640-d-color-2)\"><\/stop><\/linearGradient><\/defs><\/svg><svg data-prefix=\"fas\" data-icon=\"plus\" class=\"svg-inline--fa fa-plus fa-w-14\" xmlns=\"http:\/\/www.w3.org\/2000\/svg\" viewBox=\"0 0 448 512\" aria-hidden=\"true\" width=\"32\" height=\"32\"><path fill=\"currentColor\" d=\"M416 208H272V64c0-17.67-14.33-32-32-32h-32c-17.67 0-32 14.33-32 32v144H32c-17.67 0-32 14.33-32 32v32c0 17.67 14.33 32 32 32h144v144c0 17.67 14.33 32 32 32h32c17.67 0 32-14.33 32-32V304h144c17.67 0 32-14.33 32-32v-32c0-17.67-14.33-32-32-32z\"><\/path><\/svg><\/div><div class=\"stk--inner-svg stk--icon-2\" style=\"display:none\"><svg style=\"height:0;width:0\"><defs><linearGradient id=\"linear-gradient-80d640d\" x1=\"0\" x2=\"100%\" y1=\"0\" y2=\"0\"><stop offset=\"0%\" style=\"stop-opacity:1;stop-color:var(--linear-gradient-80-d-640-d-color-1)\"><\/stop><stop offset=\"100%\" style=\"stop-opacity:1;stop-color:var(--linear-gradient-80-d-640-d-color-2)\"><\/stop><\/linearGradient><\/defs><\/svg><svg data-prefix=\"fas\" data-icon=\"minus\" class=\"svg-inline--fa fa-minus fa-w-14\" xmlns=\"http:\/\/www.w3.org\/2000\/svg\" viewBox=\"0 0 448 512\" aria-hidden=\"true\" width=\"32\" height=\"32\"><path fill=\"currentColor\" d=\"M416 208H32c-17.67 0-32 14.33-32 32v32c0 17.67 14.33 32 32 32h384c17.67 0 32-14.33 32-32v-32c0-17.67-14.33-32-32-32z\"><\/path><\/svg><\/div><\/span><\/div>\n\n\n\n<div class=\"wp-block-stackable-heading stk-block-heading stk-block-heading--v2 stk-block stk-5ea21c7\" id=\"turma-2024\" data-block-id=\"5ea21c7\"><h4 class=\"stk-block-heading__text\">Turma 2024<\/h4><\/div>\n<\/div><\/div>\n<\/div><\/div><\/summary>\n\n\n\n<div class=\"wp-block-stackable-column stk-block-column stk-column stk-block stk-55ac771 stk-block-accordion__content\" data-v=\"4\" data-block-id=\"55ac771\"><style>.stk-55ac771-container{padding-top:0px !important;padding-bottom:8px !important;}<\/style><div class=\"stk-column-wrapper stk-block-column__content stk-container stk-55ac771-container stk--no-background stk--no-padding\"><div class=\"stk-block-content stk-inner-blocks stk-55ac771-inner-blocks\">\n<p><a href=\"http:\/\/posgraduacao.uea.edu.br\/cienciashumanas\/wp-content\/uploads\/2026\/04\/PERFORMANCE-CIRCENSE-NA-AMAZO\u0302NIA.pdf\">Jean Winder Vieira da Gama<\/a><br>T\u00edtulo da Disserta\u00e7\u00e3o: Performance Circense na Amaz\u00f4nia: Corpo, Territ\u00f3rio e Ritual<br>Orientador: Dr. Alfredo Wagner Berno de Almeida<br>Data da Defesa: 26\/01\/2026<br>Aguardando publica\u00e7\u00e3o no Reposit\u00f3rio Institucional<\/p>\n\n\n\n<p><a href=\"http:\/\/posgraduacao.uea.edu.br\/cienciashumanas\/wp-content\/uploads\/2026\/04\/Dissertac\u0327a\u0303o-oficial.pdf\" data-type=\"link\" data-id=\"http:\/\/posgraduacao.uea.edu.br\/cienciashumanas\/wp-content\/uploads\/2026\/04\/Dissertac\u0327a\u0303o-oficial.pdf\">Joandreo Batalha Campos<\/a><br>T\u00edtulo da Disserta\u00e7\u00e3o: A ENCRUZILHADA DO SIL\u00caNCIO: um estudo de mem\u00f3ria, oralidade e silenciamentos com mulheres do munic\u00edpio de Faro (Par\u00e1), a terra da feiti\u00e7aria<br>Orientadora: Dra. Tatiana de Lima Pedrosa Santos<br>Data da Defesa: 09\/02\/2025<br>Aguardando publica\u00e7\u00e3o no Reposit\u00f3rio Institucional<\/p>\n\n\n\n<p><span style=\"color: var(--theme-palette-color-1, #ff6310);\" class=\"stk-highlight\"><a href=\"http:\/\/posgraduacao.uea.edu.br\/cienciashumanas\/wp-content\/uploads\/2026\/04\/VERSAO-FINAL-REPRESENTACOES-DA-NEGRITUDE-AMAZONIDA-SUELLEN-FREIRE.pdf\" data-type=\"link\" data-id=\"http:\/\/posgraduacao.uea.edu.br\/cienciashumanas\/wp-content\/uploads\/2026\/04\/VERSAO-FINAL-REPRESENTACOES-DA-NEGRITUDE-AMAZONIDA-SUELLEN-FREIRE.pdf\">Suellen Amanda da Silva Freire<\/a><\/span><br>T\u00edtulo da Disserta\u00e7\u00e3o: REPRESENTA\u00c7\u00d5ES DA NEGRITUDE AMAZ\u00d4NIDA ATRAV\u00c9S DO PROGRAMA DE R\u00c1DIO AMPLIANDO VOZES NO M\u00c9DIO<br>SOLIM\u00d5ES.<br>Orientador: Dr. Guilherme Gitahy de Figueiredo <br>Data da Defesa: 18\/03\/2026<br>Aguardando publica\u00e7\u00e3o no Reposit\u00f3rio Institucional<\/p>\n<\/div><\/div><\/div>\n<\/details>\n\n\n\n<details class=\"wp-block-stackable-accordion stk-block-accordion stk-inner-blocks stk-block-content stk--single-open stk-block stk-bbaa1c8 stk-block-background is-style-plus\" data-block-id=\"bbaa1c8\"><style>.stk-bbaa1c8 {background-color:#FFFFFF !important;box-shadow:0 5px 30px -10px #123f524d !important;padding-top:0px !important;padding-right:0px !important;padding-bottom:0px !important;padding-left:0px !important;}.stk-bbaa1c8:before{background-color:#FFFFFF !important;}<\/style>\n<summary class=\"wp-block-stackable-column stk-block-column stk-column stk-block stk-8d06cad stk--container-small stk-block-accordion__heading\" data-v=\"4\" data-block-id=\"8d06cad\"><style>.stk-8d06cad {padding-top:8px !important;padding-right:32px !important;padding-bottom:8px !important;padding-left:32px !important;}<\/style><div class=\"stk-column-wrapper stk-block-column__content stk-container stk-8d06cad-container stk--no-background stk--no-padding\"><div class=\"stk-block-content stk-inner-blocks stk-8d06cad-inner-blocks\">\n<div class=\"wp-block-stackable-icon-label stk-block-icon-label stk-block stk-7809fc2\" data-block-id=\"7809fc2\"><div class=\"stk-row stk-inner-blocks stk-block-content\">\n<div class=\"wp-block-stackable-icon stk-block-icon stk-block stk-bf5be4c\" data-block-id=\"bf5be4c\"><span class=\"stk--svg-wrapper stk--has-icon2\"><div class=\"stk--inner-svg\"><svg style=\"height:0;width:0\"><defs><linearGradient id=\"linear-gradient-bf5be4c\" x1=\"0\" x2=\"100%\" y1=\"0\" y2=\"0\"><stop offset=\"0%\" style=\"stop-opacity:1;stop-color:var(--linear-gradient-bf-5-be-4-c-color-1)\"><\/stop><stop offset=\"100%\" style=\"stop-opacity:1;stop-color:var(--linear-gradient-bf-5-be-4-c-color-2)\"><\/stop><\/linearGradient><\/defs><\/svg><svg data-prefix=\"fas\" data-icon=\"plus\" class=\"svg-inline--fa fa-plus fa-w-14\" xmlns=\"http:\/\/www.w3.org\/2000\/svg\" viewBox=\"0 0 448 512\" aria-hidden=\"true\" width=\"32\" height=\"32\"><path fill=\"currentColor\" d=\"M416 208H272V64c0-17.67-14.33-32-32-32h-32c-17.67 0-32 14.33-32 32v144H32c-17.67 0-32 14.33-32 32v32c0 17.67 14.33 32 32 32h144v144c0 17.67 14.33 32 32 32h32c17.67 0 32-14.33 32-32V304h144c17.67 0 32-14.33 32-32v-32c0-17.67-14.33-32-32-32z\"><\/path><\/svg><\/div><div class=\"stk--inner-svg stk--icon-2\" style=\"display:none\"><svg style=\"height:0;width:0\"><defs><linearGradient id=\"linear-gradient-bf5be4c\" x1=\"0\" x2=\"100%\" y1=\"0\" y2=\"0\"><stop offset=\"0%\" style=\"stop-opacity:1;stop-color:var(--linear-gradient-bf-5-be-4-c-color-1)\"><\/stop><stop offset=\"100%\" style=\"stop-opacity:1;stop-color:var(--linear-gradient-bf-5-be-4-c-color-2)\"><\/stop><\/linearGradient><\/defs><\/svg><svg data-prefix=\"fas\" data-icon=\"minus\" class=\"svg-inline--fa fa-minus fa-w-14\" xmlns=\"http:\/\/www.w3.org\/2000\/svg\" viewBox=\"0 0 448 512\" aria-hidden=\"true\" width=\"32\" height=\"32\"><path fill=\"currentColor\" d=\"M416 208H32c-17.67 0-32 14.33-32 32v32c0 17.67 14.33 32 32 32h384c17.67 0 32-14.33 32-32v-32c0-17.67-14.33-32-32-32z\"><\/path><\/svg><\/div><\/span><\/div>\n\n\n\n<div class=\"wp-block-stackable-heading stk-block-heading stk-block-heading--v2 stk-block stk-422826b\" id=\"turma-2023\" data-block-id=\"422826b\"><h4 class=\"stk-block-heading__text\">Turma 2023<\/h4><\/div>\n<\/div><\/div>\n<\/div><\/div><\/summary>\n\n\n\n<div class=\"wp-block-stackable-column stk-block-column stk-column stk-block stk-e0593cf stk-block-accordion__content\" data-v=\"4\" data-block-id=\"e0593cf\"><style>.stk-e0593cf-container{padding-top:0px !important;padding-bottom:8px !important;}<\/style><div class=\"stk-column-wrapper stk-block-column__content stk-container stk-e0593cf-container stk--no-background stk--no-padding\"><div class=\"stk-block-content stk-inner-blocks stk-e0593cf-inner-blocks\">\n<div class=\"wp-block-stackable-text stk-block-text stk-block stk-e0d3538\" data-block-id=\"e0d3538\"><p class=\"stk-block-text__text\"><a href=\"http:\/\/posgraduacao.uea.edu.br\/cienciashumanas\/wp-content\/uploads\/2025\/10\/Dissertacao-de-Mestrado-Versao-Final-Alberto-Joao-Nhamuche-Assinada-pela-banca.pdf\">Alberto Jo\u00e3o Nhamuche<\/a><br>T\u00edtulo da Disserta\u00e7\u00e3o: A CONSTRU\u00c7\u00c3O DAS RELA\u00c7\u00d5ES RACIAIS A PARTIR DO COLONIALISMO: UMA AN\u00c1LISE DE MO\u00c7AMBIQUE NA PERSPECTIVA DE MARVIN HARRIS<br>Orientadora: Dra. Susy Rodrigues Simonetti<br>Data da Defesa: 20\/03\/2025<br>Reposit\u00f3rio Institucional: <a href=\"https:\/\/ri.uea.edu.br\/handle\/riuea\/7668\">https:\/\/ri.uea.edu.br\/handle\/riuea\/7668<\/a><\/p><\/div>\n\n\n\n<p><a href=\"http:\/\/posgraduacao.uea.edu.br\/cienciashumanas\/wp-content\/uploads\/2025\/10\/Dissertacao-de-Mestrado-Versao-Final-ARACELLI-CRISTIANE-DA-CRUZ-FODRA-Assinada-pela-banca.pdf\">Aracelli Cristiane da Cruz Fodra<\/a><br>T\u00edtulo da Disserta\u00e7\u00e3o: NESTA SOBREVIDA AINDA EXISTE UMA RESPIRA\u00c7\u00c3O: Manaus e os Cemit\u00e9rios Perif\u00e9ricos de Nossa Senhora da Piedade e Nossa Senhora da Concei\u00e7\u00e3o das Lajes<br>Orientadora: Dra. Tatiana de Lima Pedrosa Santos<br>Data da Defesa: 03\/04\/2025<br>Aguardando publica\u00e7\u00e3o no Reposit\u00f3rio Institucional<\/p>\n\n\n\n<p><a href=\"http:\/\/posgraduacao.uea.edu.br\/cienciashumanas\/wp-content\/uploads\/2025\/10\/Dissertacao-Arthur-Figueira.pdf\">Arthur Figueira do Nascimento<\/a><br>T\u00edtulo da Disserta\u00e7\u00e3o: A ESCUTA PO\u00c9TICO-CIENT\u00cdFICA DA M\u00daSICA POPULAR AMAZONENSE (MPA) DA D\u00c9CADA DE 1980<br>Orientador: Dr. Yomarley Lopes Holanda<br>Data da Defesa: 17\/02\/2025<br>Reposit\u00f3rio Institucional: <a href=\"https:\/\/ri.uea.edu.br\/handle\/riuea\/7611\">https:\/\/ri.uea.edu.br\/handle\/riuea\/7611<\/a><\/p>\n\n\n\n<p><a href=\"http:\/\/posgraduacao.uea.edu.br\/cienciashumanas\/wp-content\/uploads\/2026\/04\/Dissertacao_versao_final_assinado-1.pdf\">Carla Raiane de Souza Rangel<br><\/a>T\u00edtulo da Disserta\u00e7\u00e3o: MEM\u00d3RIAS ENCANTADAS: Narrativas orais sobre o Mito do Anselmo no mun\u00edcipio de Mau\u00e9s-AM<br>Orientador: Dr. Ernesto Renan Melo de Freitas Pinto<br>Data da Defesa: 30\/04\/2025<br>Aguardando publica\u00e7\u00e3o no Reposit\u00f3rio Institucional<\/p>\n\n\n\n<p><a href=\"http:\/\/posgraduacao.uea.edu.br\/cienciashumanas\/wp-content\/uploads\/2025\/10\/delva_organized.pdf\">Delva Vieira Cavalcante<\/a><br>T\u00edtulo da Disserta\u00e7\u00e3o: INTERDISCIPLINARIDADE E TRANSVERSALIDADE CURRICULAR NA EDUCA\u00c7\u00c3O AMBIENTAL: PROPOSI\u00c7\u00d5ES PARA O INEVIT\u00c1VEL ENFRENTAMENTO DA CRISE CLIM\u00c1TICA<br>Orientadora: Dra. Gimima Beatriz Melo da Silva <br>Data da Defesa: 03\/04\/2025<br>Aguardando publica\u00e7\u00e3o no Reposit\u00f3rio Institucional<\/p>\n\n\n\n<p><a href=\"http:\/\/posgraduacao.uea.edu.br\/cienciashumanas\/wp-content\/uploads\/2026\/04\/Dissertacao-de-Mestrado-Versao-Final-Edicleuza-Costa-Ribeiro-Assinada-pela-banca-ok.pdf\">Edicleuza Costa Ribeiro<br><\/a>T\u00edtulo da Disserta\u00e7\u00e3o: S\u00c3O JO\u00c3O DO URUCURITUBA: hist\u00f3ria e mem\u00f3rias do processo de territorializa\u00e7\u00e3o quilombola \u2013 Barreirinha\/Amazonas<br>Orientador: Dr. Alfredo Wagner Berno de Almeida<br>Data da Defesa: 07\/03\/2025<br>Aguardando publica\u00e7\u00e3o no Reposit\u00f3rio Institucional<\/p>\n\n\n\n<p><a href=\"http:\/\/posgraduacao.uea.edu.br\/cienciashumanas\/wp-content\/uploads\/2025\/09\/2C_patrimonio_e_turismo_no_Cemiterio_Municipal_de_Sao_Joao_-_Gabriel_Hidalgo_de_Melo-2_assinado_assinado_assinado.pdf\">Gabriel Hidalgo de Melo<\/a><br>T\u00edtulo da Disserta\u00e7\u00e3o: <em>ENTRE O ARCABOU\u00c7O E O SILENCIAMENTO: MEM\u00d3RIA, PATRIM\u00d4NIO E TURISMO NO CEMIT\u00c9RIO MUNICIPAL DE S\u00c3O JO\u00c3O<\/em><br>Orientadora: Dra. Tatiana de Lima Pedrosa Santos<br>Data da Defesa: 25\/03\/2025<br>Aguardando publica\u00e7\u00e3o no Reposit\u00f3rio Institucional<\/p>\n\n\n\n<p><a href=\"http:\/\/posgraduacao.uea.edu.br\/cienciashumanas\/wp-content\/uploads\/2026\/01\/1-DISSERTACAO-George-21-ago-2025-George.pdf\">George da Silva Inhuma<\/a><br>T\u00edtulo da Disserta\u00e7\u00e3o: DO QUADRO DE GIZ PARA A TELA DO CINEMA: A DIALOGICIDADE E APRENDIZAGENS DE UMA ESCOLA RIBEIRINHA<br>Orientador: Dr. Guilherme Gitahy de Figueiredo<br>Data da Defesa: 29\/04\/2025<br>Aguardando publica\u00e7\u00e3o no Reposit\u00f3rio Institucional<\/p>\n\n\n\n<p><a href=\"http:\/\/posgraduacao.uea.edu.br\/cienciashumanas\/wp-content\/uploads\/2025\/06\/Dissertacao-de-Mestrado-Versao-Final-Greiciele-Rodrigues-da-Costa-Assinada-pela-banca.pdf\">Greiciele Rodrigues da Costa<\/a><br>T\u00edtulo da Disserta\u00e7\u00e3o<em>: ENTRE VERSOS E LUTAS: RESIST\u00caNCIA LITER\u00c1RIA DAS MULHERES IND\u00cdGENAS NA AMAZ\u00d4NIA<\/em><br>Orientadora: Dra. Veronica Prudente Costa<br>Data da Defesa: 14\/03\/2025<br>Reposit\u00f3rio Institucional: <a href=\"https:\/\/ri.uea.edu.br\/handle\/riuea\/7802\">https:\/\/ri.uea.edu.br\/handle\/riuea\/7802<\/a><\/p>\n\n\n\n<p><a href=\"file:\/\/\/C:\/Users\/mrp.tur22\/Downloads\/Henry%20Gondim%20de%20Souza\">Henry Gondim de Souza<\/a><br>T\u00edtulo da Disserta\u00e7\u00e3o: REPRESENTA\u00c7\u00d5ES DA AMAZ\u00d4NIA EM LIVROS DID\u00c1TICOS DE GEOGRAFIA<br>Orientadora: Dra. Edilza Laray de Jesus<br>Data da Defesa: 27\/03\/2025<br>Reposit\u00f3rio Institucional: <a href=\"https:\/\/ri.uea.edu.br\/handle\/riuea\/7799\">https:\/\/ri.uea.edu.br\/handle\/riuea\/7799<\/a><\/p>\n\n\n\n<p><a href=\"http:\/\/posgraduacao.uea.edu.br\/cienciashumanas\/wp-content\/uploads\/2025\/06\/Dissertacao-Final-Hevanna-ok.pdf\">Hevanna Lima Arce<\/a><br>T\u00edtulo da Disserta\u00e7\u00e3o<em>: AN\u00c1LISE CR\u00cdTICA E MULTIMODAL DOS MATERIAIS DE FORMA\u00c7\u00c3O DE PROFESSORES A DIST\u00c2NCIA NO AMAZONAS: UMA ABORDAGEM VISUAL E DISCURSIVA<\/em><br>Orientadora: Dra. Neiva Maria Machado Soares<br>Data da Defesa: 24\/03\/2025<br>Reposit\u00f3rio Institucional: <a href=\"https:\/\/ri.uea.edu.br\/handle\/riuea\/7612\">https:\/\/ri.uea.edu.br\/handle\/riuea\/7612<\/a><\/p>\n\n\n\n<p><a href=\"http:\/\/posgraduacao.uea.edu.br\/cienciashumanas\/wp-content\/uploads\/2025\/09\/Dissertacao-Juliana-Bastos-Ferreira-Assinado.pdf\">Juliana Bastos Ferreira<\/a><br>T\u00edtulo da Disserta\u00e7\u00e3o: <em>ENQUANTO A TINTA SECA: REFLEX\u00d5ES SOBRE OS LIMITES E POSSIBILIDADES NO ENSINO DE ARTES VISUAIS NA EDUCA\u00c7\u00c3O INFANTIL<\/em><br>Orientador: Dr. Luiz Davi Vieira Gon\u00e7alves<br>Data da Defesa: 24\/03\/2025<br>Aguardando publica\u00e7\u00e3o no Reposit\u00f3rio Institucional<\/p>\n\n\n\n<p><a href=\"http:\/\/posgraduacao.uea.edu.br\/cienciashumanas\/wp-content\/uploads\/2025\/06\/Dissertacao-de-Mestrado-Versao-Final-Kelly-Cristina-Batista-de-Castro-Assinada-pela-banca.pdf\">Kelly Cristina Batista de Castro<\/a><br>T\u00edtulo da Disserta\u00e7\u00e3o<em>: NARRATIVAS ORAIS DO CONTEXTO AMAZ\u00d4NICO: LEITURA E RELEITURA NO PROCESSO DE ENSINO-APRENDIZAGEM NOS ANOS INICIAIS DO ENSINO FUNDAMENTAL<br><\/em>Orientadora: Dra. Tatiana de Lima Pedrosa Santos<br>Data da Defesa: 27\/03\/2025<br>Reposit\u00f3rio Institucional: <a href=\"https:\/\/ri.uea.edu.br\/handle\/riuea\/7724\">https:\/\/ri.uea.edu.br\/handle\/riuea\/7724<\/a><\/p>\n\n\n\n<p><a href=\"http:\/\/posgraduacao.uea.edu.br\/cienciashumanas\/wp-content\/uploads\/2025\/06\/Dissertacao-de-Mestrado-Versao-Final-Maria-Mirian-Pereira-dos-Santos-Assinada-pela-banca.pdf\">Maria Mirian Pereira dos Santos<\/a><br>T\u00edtulo da Disserta\u00e7\u00e3o: NARRATIVAS DE PROFESSORAS COMO TECEL\u00c3S DE PALAVRAS<br>Orientadora: Dra. Cristiane da Silveira<br>Data da Defesa: 14\/04\/2025<br>Reposit\u00f3rio Institucional: <a href=\"https:\/\/ri.uea.edu.br\/handle\/riuea\/7665\">https:\/\/ri.uea.edu.br\/handle\/riuea\/7665<\/a><\/p>\n\n\n\n<p><a href=\"http:\/\/posgraduacao.uea.edu.br\/cienciashumanas\/wp-content\/uploads\/2025\/10\/Dissertacao-de-Mestrado-Versao-Final-Marineide-Soares-Pereira-Assinada-pela-banca.pdf\">Marineide Soares Pereira<\/a><br>T\u00edtulo da Disserta\u00e7\u00e3o: TERRIT\u00d3RIO E TERRITORIALIDADES NA UMBANDA: USOS E APROPRIA\u00c7\u00d5ES DOS ESPA\u00c7OS URBANOS NA CIDADE DE PARINTINS &#8211; AM<br>Orientador: Dr. Pedro Henrique Coelho Rapozo<br>Data da Defesa: 04\/07\/2025<br>Reposit\u00f3rio Institucional: <a href=\"https:\/\/ri.uea.edu.br\/handle\/riuea\/7800\">https:\/\/ri.uea.edu.br\/handle\/riuea\/7800<\/a><\/p>\n\n\n\n<p><a href=\"http:\/\/posgraduacao.uea.edu.br\/cienciashumanas\/wp-content\/uploads\/2025\/10\/Dissertacao-de-Mestrado-Versao-Final-Marcio-Augusto-Silva-de-Souza-Assinada-pela-banca.pdf\">M\u00e1rcio Augusto Silva de Souza<\/a><br>T\u00edtulo da Disserta\u00e7\u00e3o: ENTRE A FLORESTA E O ASFALTO: An\u00e1lises e viv\u00eancias da cena cultural Underground Amazonense<br>Orientador: Dr. Yomarley Lopes Holanda<br>Data da Defesa: 20\/05\/2025<br>Aguardando publica\u00e7\u00e3o no Reposit\u00f3rio Instituciona<\/p>\n\n\n\n<p><a href=\"http:\/\/posgraduacao.uea.edu.br\/cienciashumanas\/wp-content\/uploads\/2025\/05\/OLGA-MACIEL-FERREIRA.pdf\">Olga Maciel Ferreira<\/a><br>T\u00edtulo da Disserta\u00e7\u00e3o: <em>MORTE E TRANSE: CRIA\u00c7\u00c3O E CONJUNTURA EM GLAUBER ROCHA<\/em><br>Orientador: Dr. Ernesto Renan de Melo Freitas Pinto<br>Data da Defesa: 07\/03\/2025<br>Reposit\u00f3rio Institucional: <a href=\"https:\/\/ri.uea.edu.br\/handle\/riuea\/7608\">https:\/\/ri.uea.edu.br\/handle\/riuea\/7608<\/a><\/p>\n\n\n\n<p><a href=\"http:\/\/posgraduacao.uea.edu.br\/cienciashumanas\/wp-content\/uploads\/2025\/06\/Dissertacao-de-Mestrado-Versao-Final-Priscila-de-Oliveira-Leal-de-Lima-Assinada-pela-banca.pdf\">Priscila de Oliveira Leal de Lima<\/a><br>T\u00edtulo da Disserta\u00e7\u00e3o: <em>VOZES DOS RIOS E MARES: A PO\u00c9TICA DA CABO-VERDIANA VERA DUARTE E DA AMAZONENSE MARTA CORTEZ\u00c3O<\/em><br>Orientadora: Dra. Veronica Prudente Costa<br>Data da Defesa: 26\/03\/2025<br>Aguardando publica\u00e7\u00e3o no Reposit\u00f3rio Institucional<\/p>\n\n\n\n<p>Rafael Cesar da Costa Corr\u00eaa<br>T\u00edtulo da Disserta\u00e7\u00e3o: \u201cOusar sonhar: Afeto e sensibilidade como caminho pedag\u00f3gico libert\u00e1rio.\u201d<br>Orientador: Dr. Luiz Davi Vieira Gon\u00e7alves<br>Data da Defesa: 18\/09\/2025<br>Aguardando publica\u00e7\u00e3o no Reposit\u00f3rio Institucional<\/p>\n\n\n\n<p>Raimunda Ester Pereira da Silva<br>T\u00edtulo da Disserta\u00e7\u00e3o: PARTEJAR UMA ARTE MILENAR: SABERES TRADICIONAIS DAS PARTEIRAS DE ALVAR\u00c3ES-AMAZONAS<br>Orientadora: Dra. Mar\u00edlia de Jesus da Silva e Sousa<br>Data da Defesa: 27\/11\/2025<br>Aguardando publica\u00e7\u00e3o no Reposit\u00f3rio Institucional<\/p>\n\n\n\n<p><a href=\"http:\/\/posgraduacao.uea.edu.br\/cienciashumanas\/wp-content\/uploads\/2026\/01\/DISSERTAC\u0327A\u0303O_REBECA.pdf\" target=\"_blank\" rel=\"noreferrer noopener\">Rebeca Maciel Silva<br><\/a>T\u00edtulo da Disserta\u00e7\u00e3o: OS SAXOFONISTAS NA CULTURA DO BEIRAD\u00c3O EM MANAUS, CAREIRO DA V\u00c1RZEA E IRANDUBA ( D\u00c9CADAS DE 1970 E 1980)<br>Orientador: Dr. Rafael Ale Rocha<br>Data da Defesa: 18\/07\/2025<br>Aguardando publica\u00e7\u00e3o no Reposit\u00f3rio Institucional<\/p>\n\n\n\n<p><a href=\"http:\/\/posgraduacao.uea.edu.br\/cienciashumanas\/wp-content\/uploads\/2025\/10\/Dissertacao-de-Mestrado-Versao-Final-Rodolfo-Santos-Nunes-Assinada-pela-banca.pdf\">Rodolfo Santos Nunes<\/a><br>T\u00edtulo da Disserta\u00e7\u00e3o: <em>A EDUCA\u00c7\u00c3O QUE AJUDA A SEGURAR O C\u00c9U: O ENSINO DE HIST\u00d3RIAS E CULTURAS IND\u00cdGENAS EM UMA ESCOLA ESTADUAL DE BARCELOS\/AM<\/em><br>Orientadora: Dra. Cristiane da Silveira<br>Data da Defesa: 29\/05\/2025<br>Aguardando publica\u00e7\u00e3o no Reposit\u00f3rio Institucional<\/p>\n\n\n\n<p><a href=\"http:\/\/posgraduacao.uea.edu.br\/cienciashumanas\/wp-content\/uploads\/2025\/05\/ROSSE-ANTUNIS-OLIVEIRA-DE-ARAUJO.pdf\" data-type=\"link\" data-id=\"http:\/\/posgraduacao.uea.edu.br\/cienciashumanas\/wp-content\/uploads\/2025\/05\/ROSSE-ANTUNIS-OLIVEIRA-DE-ARAUJO.pdf\">Rosse Antunis Oliveira de Ara\u00fajo<\/a><br>T\u00edtulo da Disserta\u00e7\u00e3o: <em>A EVAS\u00c3O ESCOLAR NA EJA EM TEF\u00c9\/AM, NA PERSPECTIVA COMPLEXA DOS ESTUDOS CULTURAIS<\/em><br>Orientador: Dr. Yomarley Lopes Holanda<br>Data da Defesa: 21\/03\/2025<br>Reposit\u00f3rio Institucional: <a href=\"https:\/\/ri.uea.edu.br\/handle\/riuea\/7606\">https:\/\/ri.uea.edu.br\/handle\/riuea\/7606<\/a><\/p>\n\n\n\n<p>Samuel Elias Candeiro<br>T\u00edtulo da Disserta\u00e7\u00e3o: BEM ALI TINHA UMA FORTIFICA\u00c7\u00c3O: De documentos e de vest\u00edgios, a mem\u00f3ria e a hist\u00f3ria do Forte de S\u00e3o Jos\u00e9 da Barra do Rio Negro<br>Orientadora: Dra. Tatiana de Lima Pedrosa Santos<br>Data da Defesa: 20\/06\/2025<br>Aguardando publica\u00e7\u00e3o no Reposit\u00f3rio Institucional<\/p>\n\n\n\n<p><a href=\"file:\/\/\/C:\/Users\/mrp.tur22\/Downloads\/Susane%20Alves%20Vieira%20de%20Mendon\u00e7a\">Susane Alves Vieira de Mendon\u00e7a<\/a><br>T\u00edtulo da Disserta\u00e7\u00e3o: RA\u00cdZES EM MOVIMENTO: UMA AN\u00c1LISE INTERDISCIPLINAR SOBRE JUVENTUDE E MIGRA\u00c7\u00c3O EM MANAUS<br>Orientadora: Dra. L\u00facia Marina Puga Ferreira<br>Data da Defesa: 28\/03\/2025<br>Reposit\u00f3rio Institucional: <a href=\"https:\/\/ri.uea.edu.br\/handle\/riuea\/7667\">https:\/\/ri.uea.edu.br\/handle\/riuea\/7667<\/a><\/p>\n\n\n\n<p><a href=\"http:\/\/posgraduacao.uea.edu.br\/cienciashumanas\/wp-content\/uploads\/2025\/10\/Dissertacao-de-Mestrado-Versao-Final-Thayline-Carius-Teixeira-Assinada-pela-banca.pdf\">Thayline Carius Teixeira<\/a><br>T\u00edtulo da Disserta\u00e7\u00e3o: OS EFEITOS DA PANDEMIA DA COVID-19 NA SA\u00daDE MENTAL DE IDOSOS DO CENTRO DE CONVIV\u00caNCIA DO IDOSO DE TEF\u00c9\/AM<br>Orientadora: Dra. Ana Claudeise Silva do Nascimento<br>Data da Defesa: 07\/05\/2025<br>Aguardando publica\u00e7\u00e3o no Reposit\u00f3rio Institucional<\/p>\n\n\n\n<p><a href=\"http:\/\/posgraduacao.uea.edu.br\/cienciashumanas\/wp-content\/uploads\/2025\/10\/METODOLOGIA-EM-PROCESSO-vestigios-poeticos-em-escritas-provocacoes-e-praticas-corporais-3-compactado.pdf\">Viviane Palandi<\/a><br>T\u00edtulo da Disserta\u00e7\u00e3o: METODOLOGIA EM PROCESSO: VEST\u00cdGIOS PO\u00c9TICOS EM ESCRITAS, PROVOCA\u00c7\u00d5ES E PR\u00c1TICAS CORPORAIS<br>Orientador: Dr. Luiz Davi Vieira Gon\u00e7alves<br>Data da Defesa: 26\/03\/2025<br>Reposit\u00f3rio Institucional: <a href=\"https:\/\/ri.uea.edu.br\/handle\/riuea\/7648\">https:\/\/ri.uea.edu.br\/handle\/riuea\/7648<\/a><\/p>\n\n\n\n<p><a href=\"http:\/\/posgraduacao.uea.edu.br\/cienciashumanas\/wp-content\/uploads\/2025\/10\/Dissertacao-de-Mestrado-Versao-Final-Walter-Braga-da-Silva-Assinada-pela-banca.pdf\">Walter Braga da Silva<\/a><br>T\u00edtulo da Disserta\u00e7\u00e3o: ECOS DA PERIFERIA: VOZES QUE NARRAM HIST\u00d3RIAS DA COMUNIDADE VALPARA\u00cdSO- MANAUS\/AM<br>Orientador: Dr. Geraldo Jorge Tupinamba Valle<br>Data da Defesa: 02\/04\/2025<br>Aguardando publica\u00e7\u00e3o no Reposit\u00f3rio Institucional<\/p>\n<\/div><\/div><\/div>\n<\/details>\n\n\n\n<details class=\"wp-block-stackable-accordion stk-block-accordion stk-inner-blocks stk-block-content stk--single-open stk-block stk-3f794e8 stk-block-background is-style-plus\" data-block-id=\"3f794e8\"><style>.stk-3f794e8 {background-color:#FFFFFF !important;box-shadow:0 5px 30px -10px #123f524d !important;padding-top:0px !important;padding-right:0px !important;padding-bottom:0px !important;padding-left:0px !important;}.stk-3f794e8:before{background-color:#FFFFFF !important;}<\/style>\n<summary class=\"wp-block-stackable-column stk-block-column stk-column stk-block stk-d7654eb stk--container-small stk-block-accordion__heading\" data-v=\"4\" data-block-id=\"d7654eb\"><style>.stk-d7654eb {padding-top:8px !important;padding-right:32px !important;padding-bottom:8px !important;padding-left:32px !important;}<\/style><div class=\"stk-column-wrapper stk-block-column__content stk-container stk-d7654eb-container stk--no-background stk--no-padding\"><div class=\"stk-block-content stk-inner-blocks stk-d7654eb-inner-blocks\">\n<div class=\"wp-block-stackable-icon-label stk-block-icon-label stk-block stk-f90bbf0\" data-block-id=\"f90bbf0\"><div class=\"stk-row stk-inner-blocks stk-block-content\">\n<div class=\"wp-block-stackable-icon stk-block-icon stk-block stk-97aa1e4\" data-block-id=\"97aa1e4\"><span class=\"stk--svg-wrapper stk--has-icon2\"><div class=\"stk--inner-svg\"><svg style=\"height:0;width:0\"><defs><linearGradient id=\"linear-gradient-97aa1e4\" x1=\"0\" x2=\"100%\" y1=\"0\" y2=\"0\"><stop offset=\"0%\" style=\"stop-opacity:1;stop-color:var(--linear-gradient-97-aa-1-e-4-color-1)\"><\/stop><stop offset=\"100%\" style=\"stop-opacity:1;stop-color:var(--linear-gradient-97-aa-1-e-4-color-2)\"><\/stop><\/linearGradient><\/defs><\/svg><svg data-prefix=\"fas\" data-icon=\"plus\" class=\"svg-inline--fa fa-plus fa-w-14\" xmlns=\"http:\/\/www.w3.org\/2000\/svg\" viewBox=\"0 0 448 512\" aria-hidden=\"true\" width=\"32\" height=\"32\"><path fill=\"currentColor\" d=\"M416 208H272V64c0-17.67-14.33-32-32-32h-32c-17.67 0-32 14.33-32 32v144H32c-17.67 0-32 14.33-32 32v32c0 17.67 14.33 32 32 32h144v144c0 17.67 14.33 32 32 32h32c17.67 0 32-14.33 32-32V304h144c17.67 0 32-14.33 32-32v-32c0-17.67-14.33-32-32-32z\"><\/path><\/svg><\/div><div class=\"stk--inner-svg stk--icon-2\" style=\"display:none\"><svg style=\"height:0;width:0\"><defs><linearGradient id=\"linear-gradient-97aa1e4\" x1=\"0\" x2=\"100%\" y1=\"0\" y2=\"0\"><stop offset=\"0%\" style=\"stop-opacity:1;stop-color:var(--linear-gradient-97-aa-1-e-4-color-1)\"><\/stop><stop offset=\"100%\" style=\"stop-opacity:1;stop-color:var(--linear-gradient-97-aa-1-e-4-color-2)\"><\/stop><\/linearGradient><\/defs><\/svg><svg data-prefix=\"fas\" data-icon=\"minus\" class=\"svg-inline--fa fa-minus fa-w-14\" xmlns=\"http:\/\/www.w3.org\/2000\/svg\" viewBox=\"0 0 448 512\" aria-hidden=\"true\" width=\"32\" height=\"32\"><path fill=\"currentColor\" d=\"M416 208H32c-17.67 0-32 14.33-32 32v32c0 17.67 14.33 32 32 32h384c17.67 0 32-14.33 32-32v-32c0-17.67-14.33-32-32-32z\"><\/path><\/svg><\/div><\/span><\/div>\n\n\n\n<div class=\"wp-block-stackable-heading stk-block-heading stk-block-heading--v2 stk-block stk-128f25f\" id=\"turma-2022-2\" data-block-id=\"128f25f\"><h4 class=\"stk-block-heading__text\">Turma 2022\/2<\/h4><\/div>\n<\/div><\/div>\n<\/div><\/div><\/summary>\n\n\n\n<div class=\"wp-block-stackable-column stk-block-column stk-column stk-block stk-8e1e138 stk-block-accordion__content\" data-v=\"4\" data-block-id=\"8e1e138\"><style>.stk-8e1e138-container{padding-top:0px !important;padding-bottom:8px !important;}<\/style><div class=\"stk-column-wrapper stk-block-column__content stk-container stk-8e1e138-container stk--no-background stk--no-padding\"><div class=\"stk-block-content stk-inner-blocks stk-8e1e138-inner-blocks\">\n<div class=\"wp-block-stackable-text stk-block-text stk-block stk-2bdd2ca\" data-block-id=\"2bdd2ca\"><p class=\"stk-block-text__text\"><a href=\"http:\/\/posgraduacao.uea.edu.br\/cienciashumanas\/wp-content\/uploads\/2025\/05\/JAILSON-FRANCO-AGUIAR.pdf\"><strong>Jailson Franco Aguiar<\/strong><\/a><br>T\u00edtulo da Disserta\u00e7\u00e3o: <em>TRANSFORMA\u00c7\u00d5ES SOCIAIS, LUTAS E IDENTIDADE: O PROCESSO DE TRABALHO NA COLETA E BENEFICIAMENTO DE CASTANHA EM AMATUR\u00c1-AMAZONAS<br>Orientador: Dr. Alfredo Wagner Berno de Almeida<\/em><br><em>Data da Defesa: 28\/11\/2024<\/em><br>Reposit\u00f3rio Institucional<strong>: <\/strong><a href=\"https:\/\/ri.uea.edu.br\/handle\/riuea\/7431\">https:\/\/ri.uea.edu.br\/handle\/riuea\/7431<\/a><\/p><\/div>\n\n\n\n<p><a href=\"http:\/\/posgraduacao.uea.edu.br\/cienciashumanas\/wp-content\/uploads\/2025\/05\/JOEL-MATIAS-DA-SILVA.pdf\"><strong>Joel Matias da Silva<\/strong><\/a><br>T\u00edtulo da Disserta\u00e7\u00e3o: <em>COMUNICA\u00c7\u00c3O A PARTIR DOS RO\u00c7ADOS \u2013 Projeto REC<\/em><br>Orientador: Guilherme Gitahy De Figueiredo<strong><br><\/strong><em>Data da defesa: 26\/08\/2024<\/em><br>Reposit\u00f3rio Institucional<strong>: <\/strong><a href=\"https:\/\/ri.uea.edu.br\/handle\/riuea\/7383\">https:\/\/ri.uea.edu.br\/handle\/riuea\/7383<\/a><\/p>\n\n\n\n<p><a href=\"http:\/\/posgraduacao.uea.edu.br\/cienciashumanas\/wp-content\/uploads\/2025\/05\/MAICKSON-DOS-SANTOS-SERRAO.pdf\"><strong>Maickson Dos Santos Serr\u00e3o<\/strong><\/a><br>T\u00edtulo da Disserta\u00e7\u00e3o<strong><em>: <\/em><\/strong><em>O FAZER PAVULAGEM: MUITO MAIS QUE UM PODCAST, UMA TECEDURA DE HIST\u00d3RIAS DE ENCANTADO[S] A PARTIR DE UMA PERSPECTIVA AUTOETNOGR\u00c1FICA<br><\/em>Orientador: Guilherme Gitahy De Figueiredo<strong><br><\/strong><em>Data da defesa: <\/em>29\/08\/2024<br>Reposit\u00f3rio Institucional: <a href=\"https:\/\/ri.uea.edu.br\/handle\/riuea\/7419\">https:\/\/ri.uea.edu.br\/handle\/riuea\/7419<\/a><\/p>\n\n\n\n<p><a href=\"http:\/\/posgraduacao.uea.edu.br\/cienciashumanas\/wp-content\/uploads\/2025\/05\/MATHEUS-ACOSTA-DA-SILVA.pdf\"><strong>Matheus Acosta Da Silva<\/strong><\/a><br>T\u00edtulo da Disserta\u00e7\u00e3o: <em>SABERES AMBIENTAIS E IDENTIDADES TERRITORIAIS NA GEST\u00c3O DE AREAS PROTEGIDAS DO POVO TIKUNA NO MUNICIPIO DE BENJAMIN CONSTANT \u2013 AM<br><\/em>Orientador: Pedro Henrique Coelho Rapozo<br>Data da defesa: <em>04\/11\/2024<\/em><br>Reposit\u00f3rio Institucional: <a href=\"https:\/\/ri.uea.edu.br\/handle\/riuea\/7433\">https:\/\/ri.uea.edu.br\/handle\/riuea\/7433<\/a><\/p>\n\n\n\n<p><a href=\"http:\/\/posgraduacao.uea.edu.br\/cienciashumanas\/wp-content\/uploads\/2025\/05\/RONALDO-JOSE-GARRIDO.pdf\"><strong>Ronaldo Jose Garrido<\/strong><\/a><br>T\u00edtulo da Disserta\u00e7\u00e3o: A cestaria Ooloda\/Urut\u00fa: patrim\u00f4nio material do povo Medzeniako do munic\u00edpio de S\u00e3o Gabriel da Cacheiroa-Amazonas-Brasil<br>Orientadora: Tatiana De Lima Pedrosa Santos<br>Data da defesa: 17\/04\/2024<br>Reposit\u00f3rio Institucional: <a href=\"https:\/\/ri.uea.edu.br\/handle\/riuea\/1812\">https:\/\/ri.uea.edu.br\/handle\/riuea\/1812<\/a><\/p>\n\n\n\n<p><a href=\"http:\/\/posgraduacao.uea.edu.br\/cienciashumanas\/wp-content\/uploads\/2025\/05\/RUTH-SALES-TAVARES.pdf\"><strong>Ruth Sales Tavares<\/strong><\/a><br>T\u00edtulo da Disserta\u00e7\u00e3o: <em>PEIXE E FARINHA: O MODO DE VIDA NA COMUNIDADE SANTO ISIDORO NO M\u00c9DIO SOLIM\u00d5ES- AM<\/em><br>Orientadora: Edilza Laray De Jesus<br>Data da defesa: 02\/08\/2024<br>Reposit\u00f3rio Institucional: <a href=\"https:\/\/ri.uea.edu.br\/handle\/riuea\/7428\">https:\/\/ri.uea.edu.br\/handle\/riuea\/7428<\/a><\/p>\n<\/div><\/div><\/div>\n<\/details>\n\n\n\n<details class=\"wp-block-stackable-accordion stk-block-accordion stk-inner-blocks stk-block-content stk--single-open stk-block stk-cfc8f13 stk-block-background is-style-plus\" data-block-id=\"cfc8f13\"><style>.stk-cfc8f13 {background-color:#FFFFFF !important;box-shadow:0 5px 30px -10px #123f524d !important;padding-top:0px !important;padding-right:0px !important;padding-bottom:0px !important;padding-left:0px !important;}.stk-cfc8f13:before{background-color:#FFFFFF !important;}<\/style>\n<summary class=\"wp-block-stackable-column stk-block-column stk-column stk-block stk-46fc423 stk--container-small stk-block-accordion__heading\" data-v=\"4\" data-block-id=\"46fc423\"><style>.stk-46fc423 {padding-top:8px !important;padding-right:32px !important;padding-bottom:8px !important;padding-left:32px !important;}<\/style><div class=\"stk-column-wrapper stk-block-column__content stk-container stk-46fc423-container stk--no-background stk--no-padding\"><div class=\"stk-block-content stk-inner-blocks stk-46fc423-inner-blocks\">\n<div class=\"wp-block-stackable-icon-label stk-block-icon-label stk-block stk-f95f689\" data-block-id=\"f95f689\"><div class=\"stk-row stk-inner-blocks stk-block-content\">\n<div class=\"wp-block-stackable-icon stk-block-icon stk-block stk-55d9324\" data-block-id=\"55d9324\"><span class=\"stk--svg-wrapper stk--has-icon2\"><div class=\"stk--inner-svg\"><svg style=\"height:0;width:0\"><defs><linearGradient id=\"linear-gradient-55d9324\" x1=\"0\" x2=\"100%\" y1=\"0\" y2=\"0\"><stop offset=\"0%\" style=\"stop-opacity:1;stop-color:var(--linear-gradient-55-d-9324-color-1)\"><\/stop><stop offset=\"100%\" style=\"stop-opacity:1;stop-color:var(--linear-gradient-55-d-9324-color-2)\"><\/stop><\/linearGradient><\/defs><\/svg><svg data-prefix=\"fas\" data-icon=\"plus\" class=\"svg-inline--fa fa-plus fa-w-14\" xmlns=\"http:\/\/www.w3.org\/2000\/svg\" viewBox=\"0 0 448 512\" aria-hidden=\"true\" width=\"32\" height=\"32\"><path fill=\"currentColor\" d=\"M416 208H272V64c0-17.67-14.33-32-32-32h-32c-17.67 0-32 14.33-32 32v144H32c-17.67 0-32 14.33-32 32v32c0 17.67 14.33 32 32 32h144v144c0 17.67 14.33 32 32 32h32c17.67 0 32-14.33 32-32V304h144c17.67 0 32-14.33 32-32v-32c0-17.67-14.33-32-32-32z\"><\/path><\/svg><\/div><div class=\"stk--inner-svg stk--icon-2\" style=\"display:none\"><svg style=\"height:0;width:0\"><defs><linearGradient id=\"linear-gradient-55d9324\" x1=\"0\" x2=\"100%\" y1=\"0\" y2=\"0\"><stop offset=\"0%\" style=\"stop-opacity:1;stop-color:var(--linear-gradient-55-d-9324-color-1)\"><\/stop><stop offset=\"100%\" style=\"stop-opacity:1;stop-color:var(--linear-gradient-55-d-9324-color-2)\"><\/stop><\/linearGradient><\/defs><\/svg><svg data-prefix=\"fas\" data-icon=\"minus\" class=\"svg-inline--fa fa-minus fa-w-14\" xmlns=\"http:\/\/www.w3.org\/2000\/svg\" viewBox=\"0 0 448 512\" aria-hidden=\"true\" width=\"32\" height=\"32\"><path fill=\"currentColor\" d=\"M416 208H32c-17.67 0-32 14.33-32 32v32c0 17.67 14.33 32 32 32h384c17.67 0 32-14.33 32-32v-32c0-17.67-14.33-32-32-32z\"><\/path><\/svg><\/div><\/span><\/div>\n\n\n\n<div class=\"wp-block-stackable-heading stk-block-heading stk-block-heading--v2 stk-block stk-9c8fa52\" id=\"turma-2022-1\" data-block-id=\"9c8fa52\"><h4 class=\"stk-block-heading__text\">Turma 2022\/1<\/h4><\/div>\n<\/div><\/div>\n<\/div><\/div><\/summary>\n\n\n\n<div class=\"wp-block-stackable-column stk-block-column stk-column stk-block stk-dfd4bb2 stk-block-accordion__content\" data-v=\"4\" data-block-id=\"dfd4bb2\"><style>.stk-dfd4bb2-container{padding-top:0px !important;padding-bottom:8px !important;}<\/style><div class=\"stk-column-wrapper stk-block-column__content stk-container stk-dfd4bb2-container stk--no-background stk--no-padding\"><div class=\"stk-block-content stk-inner-blocks stk-dfd4bb2-inner-blocks\">\n<div class=\"wp-block-stackable-text stk-block-text stk-block stk-5072fb3\" data-block-id=\"5072fb3\"><p class=\"stk-block-text__text\"><a href=\"http:\/\/posgraduacao.uea.edu.br\/cienciashumanas\/wp-content\/uploads\/2025\/05\/ADRIANA-NONATO-BRAGA.pdf\">Adriana Nonato Braga<\/a><br>T\u00edtulo da Disserta\u00e7\u00e3o<em>: A ORA\u00c7\u00c3O QUE CURA: OLHARES E VIV\u00caNCIAS DE BENZEDORES(AS) NO MUNIC\u00cdPIO DE TEF\u00c9\/AM<\/em><br><em>Orientador: Cristiane Da Silveira<\/em><br><em>Data da defesa: 10\/04\/2024<br><\/em>Reposit\u00f3rio Institucional<strong>: <\/strong><a href=\"https:\/\/ri.uea.edu.br\/handle\/riuea\/1804\">https:\/\/ri.uea.edu.br\/handle\/riuea\/1804<\/a><\/p><\/div>\n\n\n\n<p><a href=\"http:\/\/posgraduacao.uea.edu.br\/cienciashumanas\/wp-content\/uploads\/2025\/05\/ADRIANE-DE-LIMA-GONCALVES.pdf\">Adriane De Lima Gon\u00e7alves<\/a><br>T\u00edtulo da Disserta\u00e7\u00e3o<em>: O USO DAS TECNOLOGIAS DA INFORMA\u00c7\u00c3O E COMUNICA\u00c7\u00c3O NO PROCESSO DE ENSINO-APRENDIZAGEM NO CONTEXTO DA PANDEMIA DA COVID-19 NA CIDADE DE TEF\u00c9-AMAZONAS<\/em><br><em>Orientador: Ana Claudeise Silva Do Nascimento<\/em><br><em>Data da defesa: 15\/05\/2024<\/em><br>Reposit\u00f3rio Institucional: <a href=\"https:\/\/ri.uea.edu.br\/handle\/riuea\/7372\">https:\/\/ri.uea.edu.br\/handle\/riuea\/7372<\/a><\/p>\n\n\n\n<p><a href=\"http:\/\/posgraduacao.uea.edu.br\/cienciashumanas\/wp-content\/uploads\/2025\/05\/ALINE-SANTOS-NOBRE.pdf\">Aline Santos Nobre<\/a><br>T\u00edtulo da Disserta\u00e7\u00e3o<em>: CEMIT\u00c9RIO SANTO ALBERTO: MEM\u00d3RIA E CULTURA NO BAIRRO COL\u00d4NIA ANT\u00d4NIO ALEIXO<\/em><br><em>Orientador: Tatiana De Lima Pedrosa Santos<\/em><br><em>Data da defesa: 03\/05\/2024<\/em><br>Reposit\u00f3rio Institucional: <a href=\"https:\/\/ri.uea.edu.br\/handle\/riuea\/7377\">https:\/\/ri.uea.edu.br\/handle\/riuea\/7377<\/a><\/p>\n\n\n\n<p><a href=\"http:\/\/posgraduacao.uea.edu.br\/cienciashumanas\/wp-content\/uploads\/2025\/05\/ARNOLDO-ARAUJO-DOS-SANTOS.pdf\">Arnoldo Ara\u00fajo Dos Santos<\/a><br>T\u00edtulo da Disserta\u00e7\u00e3o<em>: A BATALHA DO POVO PERRECH\u00c9 CONTRA O POVO DA FRANCESA: O PROTAGONISMO DAS TORCIDAS NO FESTIVAL FOLCL\u00d3RICO DE PARINTINS MANAUS 2024<\/em><br><em>Orientador: Lucia Marina Puga Ferreira<\/em><br><em>Data da defesa: 25\/04\/2024<br><\/em>Reposit\u00f3rio Institucional: <a href=\"https:\/\/ri.uea.edu.br\/handle\/riuea\/7375\">https:\/\/ri.uea.edu.br\/handle\/riuea\/7375<\/a><\/p>\n\n\n\n<p><a href=\"http:\/\/posgraduacao.uea.edu.br\/cienciashumanas\/wp-content\/uploads\/2025\/05\/BIANCA-CATARINA-GONZAGA-DE-SOUZA.pdf\">Bianca Catarina Gonzaga De Souza<\/a><br>T\u00edtulo da Disserta\u00e7\u00e3o<em>: O QUE \u00c9 SER MULHER NEGRA? Escreviv\u00eancias de identidade negra amaz\u00f4nida<\/em><br><em>Orientador: Geraldo Jorge Tupinamba Do Valle<\/em><br><em>Data da defesa: 12\/06\/2024<\/em><br>Reposit\u00f3rio Institucional<strong>:<\/strong> <a href=\"https:\/\/ri.uea.edu.br\/handle\/riuea\/7429\">https:\/\/ri.uea.edu.br\/handle\/riuea\/7429<\/a><\/p>\n\n\n\n<p><a href=\"http:\/\/posgraduacao.uea.edu.br\/cienciashumanas\/wp-content\/uploads\/2025\/05\/DEIZE-MARTINS-FRANCA.pdf\">Deize Martins Fran\u00e7a<\/a><br>T\u00edtulo da Disserta\u00e7\u00e3o<em>: O EMPODERAMENTO DAS MULHERES RIBEIRINHAS POR MEIO DO INGRESSO NA UNIVERSIDADE EM TEF\u00c9<\/em><br><em>Orientador: Nelissa Peralta<\/em><br><em>Data da defesa: 12\/04\/2024<\/em><br>Reposit\u00f3rio Institucional<strong>: <\/strong><a href=\"https:\/\/ri.uea.edu.br\/handle\/riuea\/1806\">https:\/\/ri.uea.edu.br\/handle\/riuea\/1806<\/a><\/p>\n\n\n\n<p><a href=\"http:\/\/posgraduacao.uea.edu.br\/cienciashumanas\/wp-content\/uploads\/2025\/05\/ESTEFANNY-MARTINS-DE-LIMA.pdf\">Estefanny Martins De Lima<\/a><br>T\u00edtulo da Disserta\u00e7\u00e3o<em>: CONEX\u00d5ES INTERCULTURAIS DO POVO KOKAMA E A VALORIZA\u00c7\u00c3O DO SABER TRADICIONAL: O USO DE PLANTAS MEDICINAIS NA COMUNIDADE DE PORTO PRAIA, M\u00c9DIO SOLIM\u00d5ES<\/em><br><em>Orientador: MARILIA DE JESUS DA SILVA E SOUSA<\/em><br><em>Data da defesa: 30\/08\/2024<br><\/em>Reposit\u00f3rio Institucional<strong>: <\/strong><a href=\"https:\/\/ri.uea.edu.br\/handle\/riuea\/7374\">https:\/\/ri.uea.edu.br\/handle\/riuea\/7374<\/a><\/p>\n\n\n\n<p><a href=\"http:\/\/posgraduacao.uea.edu.br\/cienciashumanas\/wp-content\/uploads\/2025\/05\/ESTEFANY-PEREIRA-DA-SILVA.pdf\">Estefany Pereira Da Silva<\/a><br>T\u00edtulo da Disserta\u00e7\u00e3o<em>: A LUZ DAS CANDEIAS DO DIVINO: A ESPETACULARIZA\u00c7\u00c3O DA F\u00c9 E AS MEM\u00d3RIAS AFETIVAS EM ALVAR\u00c3ES\/AM<\/em><br><em>Orientador: Yomarley Lopes Holanda<\/em><br><em>Data da defesa: 30\/04\/2024<\/em><br>Reposit\u00f3rio Institucional<strong>:<\/strong> <a href=\"https:\/\/ri.uea.edu.br\/handle\/riuea\/7376\">https:\/\/ri.uea.edu.br\/handle\/riuea\/7376<\/a><\/p>\n\n\n\n<p><a href=\"http:\/\/posgraduacao.uea.edu.br\/cienciashumanas\/wp-content\/uploads\/2025\/05\/JULIA-ISMAR-SILVA-DE-SOUZA.pdf\">J\u00falia Ismar Silva De Souza<\/a><br>T\u00edtulo da Disserta\u00e7\u00e3o<em>: A PESSOA COM DEFICI\u00caNCIA A PARTIR DA PERSPECTIVA DA IMPRENSA E DE DOCUMENTOS OFICIAIS NA CIDADE DE MANAUS ENTRE 1890-1920<\/em><br><em>Orientador: Rafael Ale Rocha<\/em><br><em>Data da defesa: 15\/04\/2024<\/em><br>Reposit\u00f3rio Institucional: <a href=\"https:\/\/ri.uea.edu.br\/handle\/riuea\/7420\">https:\/\/ri.uea.edu.br\/handle\/riuea\/7420<\/a><\/p>\n\n\n\n<p><a href=\"http:\/\/posgraduacao.uea.edu.br\/cienciashumanas\/wp-content\/uploads\/2025\/05\/MICAEL-MENDONCA-BATALHA.pdf\">Micael Mendon\u00e7a Batalha<\/a><br>T\u00edtulo da Disserta\u00e7\u00e3o<em>: EDUCA\u00c7\u00c3O E ETNOMATEM\u00c1TICA: SABERES AMBIENTAIS NA FORMA\u00c7\u00c3O DOS PROFESSORES DE MATEM\u00c1TICA DO ALTO SOLIM\u00d5ES \u2013 AM<\/em><br><em>Orientador: Pedro Henrique Coelho Rapozo<\/em><br><em>Data da defesa: 10\/06\/2024<\/em><br>Reposit\u00f3rio Institucional: <a href=\"https:\/\/ri.uea.edu.br\/handle\/riuea\/7425\">https:\/\/ri.uea.edu.br\/handle\/riuea\/7425<\/a><\/p>\n\n\n\n<p><a href=\"http:\/\/posgraduacao.uea.edu.br\/cienciashumanas\/wp-content\/uploads\/2025\/05\/QUEREN-SILVA-LIMA.pdf\">Queren Silva Lima<\/a><br>T\u00edtulo da Disserta\u00e7\u00e3o<em>: QUAL \u00c9 O LAR DA EMPREGADA DOM\u00c9STICA? A INTERSEC\u00c7\u00c3O ENTRE ESPA\u00c7O, DESIGUALDADES E EXPERI\u00caNCIAS NO TRABALHO DOM\u00c9STICO<\/em><br><em>Orientador: Geraldo Jorge Tupinamba Do Valle<\/em><br><em>Data da defesa: 30\/04\/2024<\/em><br>Reposit\u00f3rio Institucional<strong>: <\/strong><a href=\"https:\/\/ri.uea.edu.br\/handle\/riuea\/1810\">https:\/\/ri.uea.edu.br\/handle\/riuea\/1810<\/a><\/p>\n\n\n\n<p><a href=\"http:\/\/posgraduacao.uea.edu.br\/cienciashumanas\/wp-content\/uploads\/2025\/05\/SAMELA-DE-FREITAS-VALAMATOS.pdf\">S\u00e2mela De Freitas Valamatos<\/a><br>T\u00edtulo da Disserta\u00e7\u00e3o<em>: PESSOA IDOSA: UM ESTUDO DE REPRESENTA\u00c7\u00d5ES NO PARQUE MUNICIPAL DE IDOSOS EM MANAUS.<\/em><br><em>Orientador: GIMIMA BEATRIZ MELO DA SILVA<\/em><br><em>Data da defesa: 01\/03\/2024<\/em><br>Reposit\u00f3rio Institucional<strong>: <\/strong><a href=\"https:\/\/ri.uea.edu.br\/handle\/riuea\/1811\">https:\/\/ri.uea.edu.br\/handle\/riuea\/1811<\/a><\/p>\n<\/div><\/div><\/div>\n<\/details>\n\n\n\n<details class=\"wp-block-stackable-accordion stk-block-accordion stk-inner-blocks stk-block-content stk--single-open stk-block stk-d900b58 stk-block-background is-style-plus\" data-block-id=\"d900b58\"><style>.stk-d900b58 {background-color:#FFFFFF !important;box-shadow:0 5px 30px -10px #123f524d !important;padding-top:0px !important;padding-right:0px !important;padding-bottom:0px !important;padding-left:0px !important;}.stk-d900b58:before{background-color:#FFFFFF !important;}<\/style>\n<summary class=\"wp-block-stackable-column stk-block-column stk-column stk-block stk-c6f7ad0 stk--container-small stk-block-accordion__heading\" data-v=\"4\" data-block-id=\"c6f7ad0\"><style>.stk-c6f7ad0 {padding-top:8px !important;padding-right:32px !important;padding-bottom:8px !important;padding-left:32px !important;}<\/style><div class=\"stk-column-wrapper stk-block-column__content stk-container stk-c6f7ad0-container stk--no-background stk--no-padding\"><div class=\"stk-block-content stk-inner-blocks stk-c6f7ad0-inner-blocks\">\n<div class=\"wp-block-stackable-icon-label stk-block-icon-label stk-block stk-c1de44d\" data-block-id=\"c1de44d\"><div class=\"stk-row stk-inner-blocks stk-block-content\">\n<div class=\"wp-block-stackable-icon stk-block-icon stk-block stk-1fd70bc\" data-block-id=\"1fd70bc\"><span class=\"stk--svg-wrapper stk--has-icon2\"><div class=\"stk--inner-svg\"><svg style=\"height:0;width:0\"><defs><linearGradient id=\"linear-gradient-1fd70bc\" x1=\"0\" x2=\"100%\" y1=\"0\" y2=\"0\"><stop offset=\"0%\" style=\"stop-opacity:1;stop-color:var(--linear-gradient-1-fd-70-bc-color-1)\"><\/stop><stop offset=\"100%\" style=\"stop-opacity:1;stop-color:var(--linear-gradient-1-fd-70-bc-color-2)\"><\/stop><\/linearGradient><\/defs><\/svg><svg data-prefix=\"fas\" data-icon=\"plus\" class=\"svg-inline--fa fa-plus fa-w-14\" xmlns=\"http:\/\/www.w3.org\/2000\/svg\" viewBox=\"0 0 448 512\" aria-hidden=\"true\" width=\"32\" height=\"32\"><path fill=\"currentColor\" d=\"M416 208H272V64c0-17.67-14.33-32-32-32h-32c-17.67 0-32 14.33-32 32v144H32c-17.67 0-32 14.33-32 32v32c0 17.67 14.33 32 32 32h144v144c0 17.67 14.33 32 32 32h32c17.67 0 32-14.33 32-32V304h144c17.67 0 32-14.33 32-32v-32c0-17.67-14.33-32-32-32z\"><\/path><\/svg><\/div><div class=\"stk--inner-svg stk--icon-2\" style=\"display:none\"><svg style=\"height:0;width:0\"><defs><linearGradient id=\"linear-gradient-1fd70bc\" x1=\"0\" x2=\"100%\" y1=\"0\" y2=\"0\"><stop offset=\"0%\" style=\"stop-opacity:1;stop-color:var(--linear-gradient-1-fd-70-bc-color-1)\"><\/stop><stop offset=\"100%\" style=\"stop-opacity:1;stop-color:var(--linear-gradient-1-fd-70-bc-color-2)\"><\/stop><\/linearGradient><\/defs><\/svg><svg data-prefix=\"fas\" data-icon=\"minus\" class=\"svg-inline--fa fa-minus fa-w-14\" xmlns=\"http:\/\/www.w3.org\/2000\/svg\" viewBox=\"0 0 448 512\" aria-hidden=\"true\" width=\"32\" height=\"32\"><path fill=\"currentColor\" d=\"M416 208H32c-17.67 0-32 14.33-32 32v32c0 17.67 14.33 32 32 32h384c17.67 0 32-14.33 32-32v-32c0-17.67-14.33-32-32-32z\"><\/path><\/svg><\/div><\/span><\/div>\n\n\n\n<div class=\"wp-block-stackable-heading stk-block-heading stk-block-heading--v2 stk-block stk-2f1141e\" id=\"turma-2021\" data-block-id=\"2f1141e\"><h4 class=\"stk-block-heading__text\">Turma 2021<\/h4><\/div>\n<\/div><\/div>\n<\/div><\/div><\/summary>\n\n\n\n<div class=\"wp-block-stackable-column stk-block-column stk-column stk-block stk-4cea5e3 stk-block-accordion__content\" data-v=\"4\" data-block-id=\"4cea5e3\"><style>.stk-4cea5e3-container{padding-top:0px !important;padding-bottom:8px !important;}<\/style><div class=\"stk-column-wrapper stk-block-column__content stk-container stk-4cea5e3-container stk--no-background stk--no-padding\"><div class=\"stk-block-content stk-inner-blocks stk-4cea5e3-inner-blocks\">\n<div class=\"wp-block-stackable-text stk-block-text stk-block stk-4d61f9c\" data-block-id=\"4d61f9c\"><p class=\"stk-block-text__text\"><a href=\"http:\/\/posgraduacao.uea.edu.br\/cienciashumanas\/wp-content\/uploads\/2025\/05\/AFRANIO-PEREIRA-DE-OLIVEIRA.pdf\"><strong>AFR\u00c2NIO PEREIRA DE OLIVEIRA<\/strong><\/a><br><strong>T\u00edtulo da Disserta\u00e7\u00e3o:<\/strong> <em>A CATEDRAL DE SANTA TEREZA E SUA PRA\u00c7A NO MUNIC\u00cdPIO DE TEF\u00c9: Aspectos religiosos e de sociabilidade<\/em><br>Orientador<em>: <\/em>Marilia De Jesus Da Silva E Sousa<br><strong>Data da defesa:<\/strong> 28\/04\/2023<br>Reposit\u00f3rio Institucional: <a href=\"https:\/\/ri.uea.edu.br\/handle\/riuea\/7245\">https:\/\/ri.uea.edu.br\/handle\/riuea\/7245<\/a><\/p><\/div>\n\n\n\n<p><a href=\"http:\/\/posgraduacao.uea.edu.br\/cienciashumanas\/wp-content\/uploads\/2025\/05\/ANDREANE-DO-NASCIMENTO-SILVA.pdf\"><strong>ANDREANE DO NASCIMENTO SILVA<\/strong><\/a><br><strong>T\u00edtulo da Disserta\u00e7\u00e3o:<\/strong> <em>POR UMA PO\u00c9TICA AMAZ\u00d4NICA DA F\u00c9: promesseiros, ambulantes e in(fi\u00e9is) no Festejo de Santa Teresa D\u2019\u00c1vila em Tef\u00e9 (AM)<\/em><br>Orientador: Yomarley Lopes Holanda<br><strong>Data da defesa: <\/strong>28\/04\/2023<br>Reposit\u00f3rio Institucional: <a href=\"https:\/\/ri.uea.edu.br\/handle\/riuea\/7287\">https:\/\/ri.uea.edu.br\/handle\/riuea\/7287<\/a><\/p>\n\n\n\n<p><a href=\"http:\/\/posgraduacao.uea.edu.br\/cienciashumanas\/wp-content\/uploads\/2025\/05\/CARLA-KIANE-DA-SILVA-MARTINS.pdf\"><strong>CARLA KIANE DA SILVA MARTINS<\/strong><\/a><br><strong>T\u00edtulo da Disserta\u00e7\u00e3o:<\/strong> <em>EDUCA\u00c7\u00c3O NO CAMPO: Uma an\u00e1lise dos desafios encontrados pelos docentes da educa\u00e7\u00e3o b\u00e1sica durante a pandemia da COVID-19<\/em><br>Orientador: Edilza Laray De Jesus<br><strong>Data da defesa: <\/strong>31\/03\/2023<br>Reposit\u00f3rio Institucional: <a href=\"https:\/\/ri.uea.edu.br\/handle\/riuea\/1781\">https:\/\/ri.uea.edu.br\/handle\/riuea\/1781<\/a><\/p>\n\n\n\n<p><a href=\"http:\/\/posgraduacao.uea.edu.br\/cienciashumanas\/wp-content\/uploads\/2025\/05\/CARLA-SILVA-DO-CARMO.pdf\"><strong>CARLA SILVA DO CARMO<\/strong><\/a><br><strong>T\u00edtulo da Disserta\u00e7\u00e3o<\/strong><strong><em>:<\/em><\/strong><em> Educa\u00e7\u00e3o e Forma\u00e7\u00e3o de Cidadania: Reflex\u00f5es sobre as Pol\u00edticas P\u00fablicas Educacionais e o discurso Neoliberal<\/em><br>Orientador: Geraldo Jorge Tupinamba Do Valle<br><strong>Data da defesa:<\/strong> 31\/05\/2023<strong><br><\/strong>Reposit\u00f3rio Institucional: <a href=\"https:\/\/ri.uea.edu.br\/handle\/riuea\/7298\">https:\/\/ri.uea.edu.br\/handle\/riuea\/7298<\/a><\/p>\n\n\n\n<p><a href=\"http:\/\/posgraduacao.uea.edu.br\/cienciashumanas\/wp-content\/uploads\/2025\/05\/DESSANA-PAIVA-DE-OLIVEIRA.pdf\"><strong>DESSANA PAIVA DE OLIVEIRA<\/strong><\/a><br><strong>T\u00edtulo da Disserta\u00e7\u00e3o<\/strong><strong><em>:<\/em><\/strong><em> MULHERES MIGRANTES: Associativismo de haitianas em Manaus<\/em><br>Orientador: Lucia Marina Puga Ferreira<br><strong><em>Data da defesa: <\/em><\/strong>30\/06\/2023<br>Reposit\u00f3rio Institucional: <a href=\"https:\/\/ri.uea.edu.br\/handle\/riuea\/7295\">https:\/\/ri.uea.edu.br\/handle\/riuea\/7295<\/a><\/p>\n\n\n\n<p><a href=\"http:\/\/posgraduacao.uea.edu.br\/cienciashumanas\/wp-content\/uploads\/2025\/05\/HILKMAR-ALVES-DA-SILVA.pdf\"><strong>HILKMAR ALVES DA SILVA<\/strong><\/a><br><strong>T\u00edtulo da Disserta\u00e7\u00e3o<em>:<\/em><\/strong><em> A EDUCA\u00c7\u00c3O DE JOVENS E ADULTOS NA REDE P\u00daBLICA DE ENSINO NO MUNIC\u00cdPIO DE TEF\u00c9\/AM: Um estudo de caso sobre a participa\u00e7\u00e3o das mulheres<\/em><br>Orientador: Veronica Prudente Costa<br><strong>Data da defesa: <\/strong>29\/03\/2023<br>Reposit\u00f3rio Institucional: <a href=\"https:\/\/ri.uea.edu.br\/handle\/riuea\/1831\">https:\/\/ri.uea.edu.br\/handle\/riuea\/1831<\/a><\/p>\n\n\n\n<p><a href=\"http:\/\/posgraduacao.uea.edu.br\/cienciashumanas\/wp-content\/uploads\/2025\/05\/JEFERSON-BASTOS-DE-SOUZA.pdf\"><strong>JEFERSON BASTOS DE SOUZA<\/strong><\/a><br><strong>T\u00edtulo da Disserta\u00e7\u00e3o<\/strong><strong><em>:<\/em><\/strong><em> <\/em><em>O CAMINHO DA BRUXA COMO FRONTEIRA DA POSSIBLIDADE: Um estudo etnogr\u00e1fico sobre as experi\u00eancias de vida nos grupos de bruxaria da cidade de Manaus \u2013 Cl\u00e3 Ixanaki, Ordem M\u00edstica Templo de Or\u00edon (OMTO) e Tradi\u00e7\u00e3o Trina Ess\u00eancia (TTE)<\/em><br>Orientador: Luiz Davi Vieira Goncalves<br><strong>Data da defesa: <\/strong>19\/01\/2023<br>Reposit\u00f3rio Institucional: <a href=\"https:\/\/ri.uea.edu.br\/handle\/riuea\/7297\">https:\/\/ri.uea.edu.br\/handle\/riuea\/7297<\/a><\/p>\n\n\n\n<p><a href=\"http:\/\/posgraduacao.uea.edu.br\/cienciashumanas\/wp-content\/uploads\/2025\/05\/JOAO-MESSIAS-DA-SILVA-SOUSA.pdf\"><strong>JO\u00c3O MESSIAS DA SILVA SOUSA<\/strong><\/a><br><strong>T\u00edtulo da Disserta\u00e7\u00e3o<\/strong><strong><em>:<\/em><\/strong><em> <\/em><em>CIMAT, DA\u2019UK e WAKOBORUN: lutas, desafios e estrat\u00e9gias socioambientais de mobiliza\u00e7\u00e3o, de resist\u00eancia e fortalecimento da identidade das organiza\u00e7\u00f5es do povo Munduruku do alto Tapaj\u00f3s\/PA<\/em><br>Orientador: Pedro Henrique Coelho Rapozo<br><strong>Data da defesa:<\/strong> 21\/06\/2023<strong><br><\/strong>Reposit\u00f3rio Institucional: <a href=\"https:\/\/ri.uea.edu.br\/handle\/riuea\/7304\">https:\/\/ri.uea.edu.br\/handle\/riuea\/7304<\/a><\/p>\n\n\n\n<p><a href=\"http:\/\/posgraduacao.uea.edu.br\/cienciashumanas\/wp-content\/uploads\/2025\/05\/JULIA-DO-NASCIMENTO.pdf\"><strong>J\u00daLIA DO NASCIMENTO<\/strong><\/a><br><strong>T\u00edtulo da Disserta\u00e7\u00e3o<em>:<\/em><\/strong><em> PROFESSORAS NEGRAS NO ENSINO SUPERIOR NO AMAZONAS: Um olhar interseccional.<\/em><br>Orientador: Gimima Beatriz Melo Da Silva<br><strong>Data da defesa: <\/strong>31\/03\/2023<br>Reposit\u00f3rio Institucional: <a href=\"https:\/\/ri.uea.edu.br\/handle\/riuea\/7301\">https:\/\/ri.uea.edu.br\/handle\/riuea\/7301<\/a><\/p>\n\n\n\n<p><a href=\"http:\/\/posgraduacao.uea.edu.br\/cienciashumanas\/wp-content\/uploads\/2025\/05\/LAURIANE-TEIXEIRA-DE-OLIVEIRA.pdf\"><strong>LAURIANE TEIXEIRA DE OLIVEIRA<\/strong><\/a><br><strong>T\u00edtulo da Disserta\u00e7\u00e3o<\/strong><strong><em>:<\/em><\/strong><em> <\/em><em>CASAS E A MEM\u00d3RIA: Estudo sobre as edifica\u00e7\u00f5es residenciais do Centro Hist\u00f3rico de Manaus<\/em><br>Orientador: Tatiana De Lima Pedrosa Santos<br><strong>Data da defesa: <\/strong>15\/02\/2023<br>Reposit\u00f3rio Institucional: <a href=\"https:\/\/ri.uea.edu.br\/handle\/riuea\/1833\">https:\/\/ri.uea.edu.br\/handle\/riuea\/1833<\/a><\/p>\n\n\n\n<p><a href=\"http:\/\/posgraduacao.uea.edu.br\/cienciashumanas\/wp-content\/uploads\/2025\/05\/LIA-MANDELSBERG-MONTEIRO.pdf\"><strong>LIA MANDELSBERG MONTEIRO<\/strong><\/a><br><strong>T\u00edtulo da Disserta\u00e7\u00e3o<em>:<\/em><\/strong><em> \u201cCORPOBRINCAR\u201d COM AS CRIAN\u00c7AS DO IGAP\u00d3-A\u00c7U, AMAZONAS: pistas metodol\u00f3gicas para escuta das inf\u00e2ncias<\/em><br>Orientador: Luiz Davi Vieira Goncalves<br><strong>Data da defesa: <\/strong>31\/08\/2023<br>Reposit\u00f3rio Institucional: <a href=\"https:\/\/ri.uea.edu.br\/handle\/riuea\/7435\">https:\/\/ri.uea.edu.br\/handle\/riuea\/7435<\/a><\/p>\n\n\n\n<p><a href=\"http:\/\/posgraduacao.uea.edu.br\/cienciashumanas\/wp-content\/uploads\/2025\/05\/MARIANY-MARTINS-SANTOS.pdf\"><strong>MARIANY MARTINS SANTOS<\/strong><\/a><br><strong>T\u00edtulo da Disserta\u00e7\u00e3o<\/strong><strong><em>:<\/em><\/strong><em> <\/em><em>CONSTITUINDO UMA PESQUISA AUTOETNOGR\u00c1FICA A PARTIR DE MINHA TRAJET\u00d3RIA DE COMUNICADORA IND\u00cdGENA MAYORUNA<\/em><br>Orientador: Guilherme Gitahy De Figueiredo<br><strong>Data da defesa: <\/strong>06\/07\/2023<br>Reposit\u00f3rio Institucional: <a href=\"https:\/\/ri.uea.edu.br\/handle\/riuea\/7305\" target=\"_blank\" rel=\"noreferrer noopener\">https:\/\/ri.uea.edu.br\/handle\/riuea\/7305<\/a><\/p>\n\n\n\n<p><a href=\"http:\/\/posgraduacao.uea.edu.br\/cienciashumanas\/wp-content\/uploads\/2025\/05\/MAYRA-YADIVA-RICARDO-ZULUAGA.pdf\"><strong>MAYRA YADIVA RICARDO ZULUAGA<\/strong><\/a><br><strong>T\u00edtulo da Disserta\u00e7\u00e3o<\/strong><strong><em>:<\/em><\/strong><em> <\/em><em>NA?NEK\u00dc NA?: Bueg\u00fc (crian\u00e7as) Mag\u00fct\u00e1 leen los t? (hilos) del esp\u00edritu de la selva<\/em><br>Orientador: Pedro Henrique Coelho Rapozo<br><strong>Data da defesa: <\/strong>07\/07\/2023<br>Reposit\u00f3rio Institucional: <a href=\"https:\/\/ri.uea.edu.br\/handle\/riuea\/7381\" target=\"_blank\" rel=\"noreferrer noopener\">https:\/\/ri.uea.edu.br\/handle\/riuea\/7381<\/a><\/p>\n\n\n\n<p><a href=\"http:\/\/posgraduacao.uea.edu.br\/cienciashumanas\/wp-content\/uploads\/2025\/05\/MICHEL-ALBUQUERQUE-MACIEL.pdf\"><strong>MICHEL ALBUQUERQUE MACIEL<\/strong><\/a><br><strong>T\u00edtulo da Disserta\u00e7\u00e3o<em>:<\/em><\/strong><em> SABERES, FAZERES E NARRATIVAS CULTURAIS IND\u00cdGENAS DO BAIXO TAPAJ\u00d3S: A viv\u00eancia musical do coletivo \u201cAs Karuana\u201d<\/em><br>Orientador: Edilza Laray De Jesus<br><strong>Data da defesa: <\/strong>30\/03\/2023<strong><br><\/strong>Reposit\u00f3rio Institucional: <a href=\"https:\/\/ri.uea.edu.br\/handle\/riuea\/1827\">https:\/\/ri.uea.edu.br\/handle\/riuea\/1827<\/a><\/p>\n\n\n\n<p><a href=\"http:\/\/posgraduacao.uea.edu.br\/cienciashumanas\/wp-content\/uploads\/2025\/05\/POLIANA-DE-ALMEIDA-BRUNO.pdf\"><strong>POLIANA DE ALMEIDA BRUNO<\/strong><br><\/a><strong>T\u00edtulo da Disserta\u00e7\u00e3o<em>:<\/em><\/strong><em> AS VOZES ANCI\u00c3S DA ALDEIA SEVERINO\/TEF\u00c9-AM: Contando hist\u00f3rias, construindo identidades e afirma\u00e7\u00e3o \u00e9tnica<\/em><br>Orientador: Cristiane Da Silveira<br><strong>Data da defesa: <\/strong>17\/03\/2023<strong><br><\/strong>Reposit\u00f3rio Institucional: <a href=\"https:\/\/ri.uea.edu.br\/handle\/riuea\/7355\">https:\/\/ri.uea.edu.br\/handle\/riuea\/7355<\/a><\/p>\n\n\n\n<p><a href=\"http:\/\/posgraduacao.uea.edu.br\/cienciashumanas\/wp-content\/uploads\/2025\/05\/PRYSCILA-NUNES-DUARTE-DE-AMORIM.pdf\"><strong>PRYSCILA NUNES DUARTE DE AMORIM<\/strong><\/a><br><strong>T\u00edtulo da Disserta\u00e7\u00e3o<em>:<\/em><\/strong><em> DO LIKE AO VOTO: Redes sociais nas elei\u00e7\u00f5es 2020 em Manaus<\/em><br>Orientador: Gimima Beatriz Melo Da Silva<br><strong>Data da defesa: <\/strong>31\/03\/2023<br>Reposit\u00f3rio Institucional: <a href=\"https:\/\/ri.uea.edu.br\/handle\/riuea\/7315\">https:\/\/ri.uea.edu.br\/handle\/riuea\/7315<\/a><\/p>\n\n\n\n<p><a href=\"http:\/\/posgraduacao.uea.edu.br\/cienciashumanas\/wp-content\/uploads\/2025\/05\/WENDEL-DE-HOLANDA-PEREIRA-CAMPELO.pdf\"><strong>WENDEL DE HOLANDA PEREIRA CAMPELO<\/strong><\/a><br><strong>T\u00edtulo da Disserta\u00e7\u00e3o<em>:<\/em><\/strong><em> O MUNDO SEGUNDO O MITO: O perspectivismo amer\u00edndio e a virada ontol\u00f3gica<\/em><br>Orientador: Ernesto Renan Melo De Freitas Pinto<br><strong>Data da defesa: <\/strong>31\/03\/2023<br>Reposit\u00f3rio Institucional: <a href=\"https:\/\/ri.uea.edu.br\/handle\/riuea\/1829\">https:\/\/ri.uea.edu.br\/handle\/riuea\/1829<\/a><\/p>\n<\/div><\/div><\/div>\n<\/details>\n\n\n\n<details class=\"wp-block-stackable-accordion stk-block-accordion stk-inner-blocks stk-block-content stk--single-open stk-block stk-f48aa5d stk-block-background is-style-plus\" data-block-id=\"f48aa5d\"><style>.stk-f48aa5d {background-color:#FFFFFF !important;box-shadow:0 5px 30px -10px #123f524d !important;padding-top:0px !important;padding-right:0px !important;padding-bottom:0px !important;padding-left:0px !important;}.stk-f48aa5d:before{background-color:#FFFFFF !important;}<\/style>\n<summary class=\"wp-block-stackable-column stk-block-column stk-column stk-block stk-6d134af stk--container-small stk-block-accordion__heading\" data-v=\"4\" data-block-id=\"6d134af\"><style>.stk-6d134af {padding-top:8px !important;padding-right:32px !important;padding-bottom:8px !important;padding-left:32px !important;}<\/style><div class=\"stk-column-wrapper stk-block-column__content stk-container stk-6d134af-container stk--no-background stk--no-padding\"><div class=\"stk-block-content stk-inner-blocks stk-6d134af-inner-blocks\">\n<div class=\"wp-block-stackable-icon-label stk-block-icon-label stk-block stk-3b038bd\" data-block-id=\"3b038bd\"><div class=\"stk-row stk-inner-blocks stk-block-content\">\n<div class=\"wp-block-stackable-icon stk-block-icon stk-block stk-b1db901\" data-block-id=\"b1db901\"><span class=\"stk--svg-wrapper stk--has-icon2\"><div class=\"stk--inner-svg\"><svg style=\"height:0;width:0\"><defs><linearGradient id=\"linear-gradient-b1db901\" x1=\"0\" x2=\"100%\" y1=\"0\" y2=\"0\"><stop offset=\"0%\" style=\"stop-opacity:1;stop-color:var(--linear-gradient-b-1-db-901-color-1)\"><\/stop><stop offset=\"100%\" style=\"stop-opacity:1;stop-color:var(--linear-gradient-b-1-db-901-color-2)\"><\/stop><\/linearGradient><\/defs><\/svg><svg data-prefix=\"fas\" data-icon=\"plus\" class=\"svg-inline--fa fa-plus fa-w-14\" xmlns=\"http:\/\/www.w3.org\/2000\/svg\" viewBox=\"0 0 448 512\" aria-hidden=\"true\" width=\"32\" height=\"32\"><path fill=\"currentColor\" d=\"M416 208H272V64c0-17.67-14.33-32-32-32h-32c-17.67 0-32 14.33-32 32v144H32c-17.67 0-32 14.33-32 32v32c0 17.67 14.33 32 32 32h144v144c0 17.67 14.33 32 32 32h32c17.67 0 32-14.33 32-32V304h144c17.67 0 32-14.33 32-32v-32c0-17.67-14.33-32-32-32z\"><\/path><\/svg><\/div><div class=\"stk--inner-svg stk--icon-2\" style=\"display:none\"><svg style=\"height:0;width:0\"><defs><linearGradient id=\"linear-gradient-b1db901\" x1=\"0\" x2=\"100%\" y1=\"0\" y2=\"0\"><stop offset=\"0%\" style=\"stop-opacity:1;stop-color:var(--linear-gradient-b-1-db-901-color-1)\"><\/stop><stop offset=\"100%\" style=\"stop-opacity:1;stop-color:var(--linear-gradient-b-1-db-901-color-2)\"><\/stop><\/linearGradient><\/defs><\/svg><svg data-prefix=\"fas\" data-icon=\"minus\" class=\"svg-inline--fa fa-minus fa-w-14\" xmlns=\"http:\/\/www.w3.org\/2000\/svg\" viewBox=\"0 0 448 512\" aria-hidden=\"true\" width=\"32\" height=\"32\"><path fill=\"currentColor\" d=\"M416 208H32c-17.67 0-32 14.33-32 32v32c0 17.67 14.33 32 32 32h384c17.67 0 32-14.33 32-32v-32c0-17.67-14.33-32-32-32z\"><\/path><\/svg><\/div><\/span><\/div>\n\n\n\n<div class=\"wp-block-stackable-heading stk-block-heading stk-block-heading--v2 stk-block stk-cd83ce0\" id=\"turma-2020\" data-block-id=\"cd83ce0\"><h4 class=\"stk-block-heading__text\">Turma 2020<\/h4><\/div>\n<\/div><\/div>\n<\/div><\/div><\/summary>\n\n\n\n<div class=\"wp-block-stackable-column stk-block-column stk-column stk-block stk-7438836 stk-block-accordion__content\" data-v=\"4\" data-block-id=\"7438836\"><style>.stk-7438836-container{padding-top:0px !important;padding-bottom:8px !important;}<\/style><div class=\"stk-column-wrapper stk-block-column__content stk-container stk-7438836-container stk--no-background stk--no-padding\"><div class=\"stk-block-content stk-inner-blocks stk-7438836-inner-blocks\">\n<div class=\"wp-block-stackable-text stk-block-text stk-block stk-37c8eb3\" data-block-id=\"37c8eb3\"><p class=\"stk-block-text__text\"><a href=\"http:\/\/posgraduacao.uea.edu.br\/cienciashumanas\/wp-content\/uploads\/2025\/05\/ALINE-DE-SOUZA-ROCHA.pdf\"><strong>ALINE DE SOUZA ROCHA<\/strong><\/a><br><strong>T\u00edtulo da Disserta\u00e7\u00e3o<\/strong><strong><em>:<\/em><\/strong><em> <\/em><em>ENTRE LITERATURA E FOTOGRAFIA: Representa\u00e7\u00f5es do corpo feminino em Maria Teresa Horta e Maria Ribeiro<\/em><br>Orientador: Otavio Rios Portela<br><strong>Data Da Defesa: <\/strong>31\/03\/2022<strong><br><\/strong>Reposit\u00f3rio Institucional: <a href=\"https:\/\/ri.uea.edu.br\/handle\/riuea\/7401\">https:\/\/ri.uea.edu.br\/handle\/riuea\/7401<\/a><\/p><\/div>\n\n\n\n<p><a href=\"http:\/\/posgraduacao.uea.edu.br\/cienciashumanas\/wp-content\/uploads\/2025\/05\/ANDREIA-BENCHIMOL-DE-ANDRADE.pdf\"><strong>ANDREIA BENCHIMOL DE ANDRADE<\/strong><\/a><br><strong>T\u00edtulo da Disserta\u00e7\u00e3o<em>:<\/em><\/strong><em> A EXPERI\u00caNCIA DO POVO MURA DO CAREIRO DA V\u00c1RZEA COM O TURISMO: Entrela\u00e7amentos entre a defesa do territ\u00f3rio, alternativas de renda e identidade<\/em><br>Orientador: Jocilene Gomes Da Cruz<br><strong>Data da defesa: <\/strong>30\/03\/2022<strong><br><\/strong>Reposit\u00f3rio Institucional: <a href=\"https:\/\/ri.uea.edu.br\/handle\/riuea\/1790\">https:\/\/ri.uea.edu.br\/handle\/riuea\/1790<\/a><\/p>\n\n\n\n<p><a href=\"http:\/\/posgraduacao.uea.edu.br\/cienciashumanas\/wp-content\/uploads\/2025\/05\/ANDRE-SOUZA-DE-OLIVEIRA.pdf\"><strong>ANDR\u00c9 SOUZA DE OLIVEIRA<\/strong><\/a><br><strong>T\u00edtulo da Disserta\u00e7\u00e3o<em>:<\/em><\/strong><em> ENTRE LA\u00c7OS E MEM\u00d3RIAS: Processos de afirma\u00e7\u00e3o e reconhecimento \u00e9tnico enquanto remanescente de quilombo na Comunidade do S\u00e3o Francisco no Rio Bauana\/Am<\/em><br>Orientador: Cristiane Da Silveira<br><strong>Data da defesa: <\/strong>15\/07\/2022<br>Reposit\u00f3rio Institucional: <a href=\"https:\/\/ri.uea.edu.br\/handle\/riuea\/1836\">https:\/\/ri.uea.edu.br\/handle\/riuea\/1836<\/a><\/p>\n\n\n\n<p><a href=\"http:\/\/posgraduacao.uea.edu.br\/cienciashumanas\/wp-content\/uploads\/2025\/05\/BRUNA-BEATRIZ-DE-OLIVEIRA-CRUZ.pdf\"><strong>BRUNA BEATRIZ DE OLIVEIRA CRUZ<\/strong><\/a><br><strong>T\u00edtulo da Disserta\u00e7\u00e3o<em>:<\/em><\/strong><em> CRIAN\u00c7AS E INF\u00c2NCIAS: um estudo sobre a produ\u00e7\u00e3o acad\u00eamica dos programas de p\u00f3s-gradua\u00e7\u00e3o da UEA nas \u00c1reas de Ci\u00eancias Humanas e Ensino<\/em><br>Orientador: Roberto Sanches Mubarac Sobrinho<br><strong>Data da defesa: <\/strong>31\/05\/2022<strong><br><\/strong>Reposit\u00f3rio Institucional: <a href=\"https:\/\/ri.uea.edu.br\/handle\/riuea\/1837\">https:\/\/ri.uea.edu.br\/handle\/riuea\/1837<\/a><\/p>\n\n\n\n<p><a href=\"http:\/\/posgraduacao.uea.edu.br\/cienciashumanas\/wp-content\/uploads\/2025\/05\/Calina-Ramos-de-Brito-Souto.pdf\"><strong>CALINA RAMOS DE BRITO SOUTO<\/strong><\/a><br><strong>T\u00edtulo da Disserta\u00e7\u00e3o<em>:<\/em><\/strong><em> MEM\u00d3RIA HIST\u00d3RICA, VISUAL E PAISAG\u00cdSTICA DO BAIRRO EDUCANDOS (MANAUS\/AM)<\/em><br>Orientador: Tatiana De Lima Pedrosa Santos<br><strong>Data da defesa: <\/strong>09\/03\/2022<strong><br><\/strong>Reposit\u00f3rio Institucional: <a href=\"https:\/\/ri.uea.edu.br\/handle\/riuea\/1798\">https:\/\/ri.uea.edu.br\/handle\/riuea\/1798<\/a><\/p>\n\n\n\n<p><a href=\"http:\/\/posgraduacao.uea.edu.br\/cienciashumanas\/wp-content\/uploads\/2025\/05\/DANIEL-SILVA-BRANDAO.pdf\"><strong>DANIEL SILVA BRAND\u00c3O<\/strong><\/a><br><strong>T\u00edtulo da Disserta\u00e7\u00e3o<\/strong><strong><em>:<\/em><\/strong><em> <\/em><em>A EDUCA\u00c7\u00c3O EM ISTV\u00c1N M\u00c9SZ\u00c1ROS: reflex\u00f5es por uma pr\u00e1tica educacional transformadora<\/em><br>Orientador: Ernesto Renan Melo De Freitas Pinto<br><strong>Data da defesa: <\/strong>28\/03\/2022<br>Reposit\u00f3rio Institucional: <a href=\"https:\/\/ri.uea.edu.br\/handle\/riuea\/1839\">https:\/\/ri.uea.edu.br\/handle\/riuea\/1839<\/a><\/p>\n\n\n\n<p><a href=\"http:\/\/posgraduacao.uea.edu.br\/cienciashumanas\/wp-content\/uploads\/2025\/05\/GHEYSA-DANIELE-PEREIRA-MOURA.pdf\"><strong>GHEYSA DANIELE PEREIRA MOURA<\/strong><\/a><br><strong>T\u00edtulo da Disserta\u00e7\u00e3o<em>:<\/em><\/strong><em> A INF\u00c2NCIA MIGRANTE NO BRASIL: A percep\u00e7\u00e3o dos operadores do sistema de garantia de direitos a partir da migra\u00e7\u00e3o infantil venezuelana<\/em><br>Orientador: Lucia Marina Puga Ferreira<br><strong>Data da defesa: <\/strong>29\/03\/2022<strong><br><\/strong>Reposit\u00f3rio Institucional: <a href=\"https:\/\/ri.uea.edu.br\/handle\/riuea\/1835\" target=\"_blank\" rel=\"noreferrer noopener\">https:\/\/ri.uea.edu.br\/handle\/riuea\/1835<\/a><\/p>\n\n\n\n<p><a href=\"http:\/\/posgraduacao.uea.edu.br\/cienciashumanas\/wp-content\/uploads\/2025\/05\/GRACE-KELLY-PEREIRA-DE-LIMA.pdf\"><strong>GRACE KELLY PEREIRA DE LIMA<\/strong><\/a><br><strong>T\u00edtulo da Disserta\u00e7\u00e3o<em>:<\/em><\/strong><em> A CAMINHO DA EDUCA\u00c7\u00c3O: desafios e engajamento das estudantes mulheres do Centro Vocacional Tecnol\u00f3gico: Tecnologias Sociais para V\u00e1rzea Amaz\u00f4nica<\/em><br>Orientador: Marilia De Jesus Da Silva E Sousa<br><strong>Data da defesa: <\/strong>16\/08\/2022<br>Reposit\u00f3rio Institucional: <a href=\"https:\/\/ri.uea.edu.br\/handle\/riuea\/7434\">https:\/\/ri.uea.edu.br\/handle\/riuea\/7434<\/a><\/p>\n\n\n\n<p><a href=\"http:\/\/posgraduacao.uea.edu.br\/cienciashumanas\/wp-content\/uploads\/2025\/05\/JACKELINE-ANDRADE-DUARTE-DE-SOUZA.pdf\"><strong>JACKELINE ANDRADE DUARTE DE SOUZA<\/strong><\/a><br><strong>T\u00edtulo da Disserta\u00e7\u00e3o<em>:<\/em><\/strong><em> AN\u00c1LISE CR\u00cdTICA DO DISCURSO DA SUSTENTABILIDADE E DA REPRESENTA\u00c7\u00c3O DOS ATORES SOCIAIS EM MARCAS AMAZ\u00d4NICAS<\/em><br>Orientador: Neiva Maria Machado Soares<br><strong>Data da defesa: <\/strong>29\/03\/2022<br>Reposit\u00f3rio Institucional: <a href=\"https:\/\/ri.uea.edu.br\/handle\/riuea\/1826\">https:\/\/ri.uea.edu.br\/handle\/riuea\/1826<\/a><\/p>\n\n\n\n<p><a href=\"http:\/\/posgraduacao.uea.edu.br\/cienciashumanas\/wp-content\/uploads\/2025\/05\/JOSEANI-REINHEIMER.pdf\"><strong>JOSEANI REINHEIMER<\/strong><\/a><br><strong>T\u00edtulo da Disserta\u00e7\u00e3o<em>:<\/em><\/strong><em> VOZES AMAZ\u00d4NIDAS: a experi\u00eancia de democratiza\u00e7\u00e3o da comunica\u00e7\u00e3o da rede de not\u00edcias da Amaz\u00f4nia<\/em><br>Orientador: Guilherme Gitahy De Figueiredo<br><strong>Data da defesa: <\/strong>28\/03\/2022<br>Reposit\u00f3rio Institucional: <a href=\"https:\/\/ri.uea.edu.br\/handle\/riuea\/1838\">https:\/\/ri.uea.edu.br\/handle\/riuea\/1838<\/a><\/p>\n\n\n\n<p><a href=\"http:\/\/posgraduacao.uea.edu.br\/cienciashumanas\/wp-content\/uploads\/2025\/05\/JOSE-CELSO-DE-MELLO-SAMPAIO-FILHO.pdf\"><strong>JOS\u00c9 CELSO DE MELLO SAMPAIO FILHO<\/strong><\/a><br><strong>T\u00edtulo da Disserta\u00e7\u00e3o<em>:<\/em><\/strong><em> DESCONSTRU\u00c7\u00c3O DO ESPA\u00c7O DEMOCR\u00c1TICO: FILOSOFIA, MEDIA\u00c7\u00c3O E ENSINO M\u00c9DIO<\/em><br>Orientador: Ernesto Renan Melo De Freitas Pinto<br><strong>Data da defesa: <\/strong>29\/04\/2022<br>Reposit\u00f3rio Institucional: <a href=\"https:\/\/ri.uea.edu.br\/handle\/riuea\/7430\">https:\/\/ri.uea.edu.br\/handle\/riuea\/7430<\/a><\/p>\n\n\n\n<p><a href=\"http:\/\/posgraduacao.uea.edu.br\/cienciashumanas\/wp-content\/uploads\/2025\/05\/LARISSA-DA-SILVA-SICSU.pdf\"><strong>LARISSA DA SILVA SICS\u00da<\/strong><\/a><br><strong>T\u00edtulo da Disserta\u00e7\u00e3o<em>: <\/em><\/strong><em>CORPUS AMAZ\u00d4NIDA: A dan\u00e7a contempor\u00e2nea no processo de identidade cultural da Comunidade Ribeirinha Bela Vista do Lago do Puraquequara<\/em><br>Orientador: Eneila Almeida Dos Santos<br><strong>Data da defesa: <\/strong>29\/04\/2022<br>Reposit\u00f3rio Institucional: <a href=\"https:\/\/ri.uea.edu.br\/handle\/riuea\/1825\">https:\/\/ri.uea.edu.br\/handle\/riuea\/1825<\/a><\/p>\n\n\n\n<p><a href=\"http:\/\/posgraduacao.uea.edu.br\/cienciashumanas\/wp-content\/uploads\/2025\/05\/MANOEL-INACIO-DE-OLIVEIRA.pdf\"><strong>MANOEL IN\u00c1CIO DE OLIVEIRA<\/strong><\/a><br><strong>T\u00edtulo da Disserta\u00e7\u00e3o<em>: <\/em><\/strong><em>EDUCA\u00c7\u00c3O ESCOLAR IND\u00cdGENA NO MUNIC\u00cdPIO DE MANAUS (2011 \u2013 2021): Percursos e desafios em torno das pol\u00edticas p\u00fablicas municipais<\/em><br>Orientador: Jocilene Gomes Da Cruz<br><strong>Data da defesa: <\/strong>11\/03\/2022<br>Reposit\u00f3rio Institucional: <a href=\"https:\/\/ri.uea.edu.br\/handle\/riuea\/1772\">https:\/\/ri.uea.edu.br\/handle\/riuea\/1772<\/a><\/p>\n\n\n\n<p><a href=\"http:\/\/posgraduacao.uea.edu.br\/cienciashumanas\/wp-content\/uploads\/2025\/05\/MARCILENE-QUEIROZ-CABRAL-SANTOS.pdf\"><strong>MARCILENE QUEIROZ CABRAL SANTOS<\/strong><\/a><br><strong>T\u00edtulo da Disserta\u00e7\u00e3o<em>: <\/em><\/strong><em>QUASE TUDO NESTE LIVRO PODIA TER ACONTECIDO COMO VAI DESCRITO: literatura, hist\u00f3ria e representa\u00e7\u00f5es do feminino em Mad Maria, de M\u00e1rcio Souza<\/em><br>Orientador: Catia Monteiro Wankler<br><strong>Data da defesa: <\/strong>08\/07\/2022<br>Reposit\u00f3rio Institucional: <a href=\"https:\/\/ri.uea.edu.br\/handle\/riuea\/1840\">https:\/\/ri.uea.edu.br\/handle\/riuea\/1840<\/a><\/p>\n\n\n\n<p><a href=\"http:\/\/posgraduacao.uea.edu.br\/cienciashumanas\/wp-content\/uploads\/2025\/05\/MARTHA-CECILIA-MACHADO-VELASCO.pdf\"><strong>MARTHA CECILIA MACHADO VELASCO<\/strong><\/a><br><strong>T\u00edtulo da Disserta\u00e7\u00e3o<em>: <\/em><\/strong><em>MULHERES, MEM\u00d3RIA E VIOL\u00caNCIA: Representa\u00e7\u00f5es e experi\u00eancias no \u00e2mbito do conflito armado colombiano<\/em><br>Orientador: Pedro Henrique Coelho Rapozo<br><strong>Data da defesa: <\/strong>23\/03\/2022<br>Reposit\u00f3rio Institucional: <a href=\"https:\/\/ri.uea.edu.br\/handle\/riuea\/1802\">https:\/\/ri.uea.edu.br\/handle\/riuea\/1802<\/a><\/p>\n\n\n\n<p><a href=\"http:\/\/posgraduacao.uea.edu.br\/cienciashumanas\/wp-content\/uploads\/2025\/05\/NELMA-CATULINO-DE-OLIVEIRA.pdf\"><strong>NELMA CATULINO DE OLIVEIRA<\/strong><\/a><br><strong>T\u00edtulo da Disserta\u00e7\u00e3o<em>: <\/em><\/strong><em>EDUCA\u00c7\u00c3O ESCOLAR IND\u00cdGENA: Processos de implementa\u00e7\u00e3o e efetividade das pol\u00edticas educacionais na Comunidade Porto Praia de Baixo (TEF\u00c9-AM)<\/em><br>Orientador: Pedro Henrique Coelho Rapozo<br><strong>Data da defesa: <\/strong>29\/04\/2022<br>Reposit\u00f3rio Institucional: <a href=\"https:\/\/ri.uea.edu.br\/handle\/riuea\/1834\">https:\/\/ri.uea.edu.br\/handle\/riuea\/1834<\/a><\/p>\n\n\n\n<p><a href=\"http:\/\/posgraduacao.uea.edu.br\/cienciashumanas\/wp-content\/uploads\/2025\/05\/WELNER-FERNANDES-CAMPELO.pdf\"><strong>WELNER FERNANDES CAMPELO<\/strong><\/a><br><strong>T\u00edtulo da Disserta\u00e7\u00e3o<em>: <\/em><\/strong><em>O V\u00cdCIO DO SEU FINAL DE SEMANA: Uma etnografia do programa escolar de r\u00e1dio Club Five em Tef\u00e9 (AM)<\/em><br>Orientador: Guilherme Gitahy De Figueiredo<br><strong>Data da defesa: <\/strong>25\/03\/2022<br>Reposit\u00f3rio Institucional: <a href=\"https:\/\/ri.uea.edu.br\/handle\/riuea\/1773\">https:\/\/ri.uea.edu.br\/handle\/riuea\/1773<\/a><\/p>\n\n\n\n<p><a href=\"http:\/\/posgraduacao.uea.edu.br\/cienciashumanas\/wp-content\/uploads\/2025\/05\/WILLIAN-RODRIGUES-CARVALHO.pdf\"><strong>WILLIAN RODRIGUES CARVALHO<\/strong><\/a><br><strong>T\u00edtulo da Disserta\u00e7\u00e3o<em>: <\/em><\/strong><em>TRANSI\u00c7\u00c3O SOCIOENERG\u00c9TICA PARA O DESENVOLVIMENTO SOCIAL: Um estudo sobre comunidades rurais na regi\u00e3o do M\u00e9dio Solim\u00f5es\/AM<\/em><br>Orientador: Ana Claudeise Silva Do Nascimento<br><strong>Data da defesa: <\/strong>24\/03\/2022<br>Reposit\u00f3rio Institucional: <a href=\"https:\/\/ri.uea.edu.br\/handle\/riuea\/1784\">https:\/\/ri.uea.edu.br\/handle\/riuea\/1784<\/a><\/p>\n<\/div><\/div><\/div>\n<\/details>\n\n\n\n<details class=\"wp-block-stackable-accordion stk-block-accordion stk-inner-blocks stk-block-content stk--single-open stk-block stk-6771c3b stk-block-background is-style-plus\" data-block-id=\"6771c3b\"><style>.stk-6771c3b {background-color:#FFFFFF !important;box-shadow:0 5px 30px -10px #123f524d !important;padding-top:0px !important;padding-right:0px !important;padding-bottom:0px !important;padding-left:0px !important;}.stk-6771c3b:before{background-color:#FFFFFF !important;}<\/style>\n<summary class=\"wp-block-stackable-column stk-block-column stk-column stk-block stk-fe00b72 stk--container-small stk-block-accordion__heading\" data-v=\"4\" data-block-id=\"fe00b72\"><style>.stk-fe00b72 {padding-top:8px !important;padding-right:32px !important;padding-bottom:8px !important;padding-left:32px !important;}<\/style><div class=\"stk-column-wrapper stk-block-column__content stk-container stk-fe00b72-container stk--no-background stk--no-padding\"><div class=\"stk-block-content stk-inner-blocks stk-fe00b72-inner-blocks\">\n<div class=\"wp-block-stackable-icon-label stk-block-icon-label stk-block stk-d1cc4f7\" data-block-id=\"d1cc4f7\"><div class=\"stk-row stk-inner-blocks stk-block-content\">\n<div class=\"wp-block-stackable-icon stk-block-icon stk-block stk-e106de1\" data-block-id=\"e106de1\"><span class=\"stk--svg-wrapper stk--has-icon2\"><div class=\"stk--inner-svg\"><svg style=\"height:0;width:0\"><defs><linearGradient id=\"linear-gradient-e106de1\" x1=\"0\" x2=\"100%\" y1=\"0\" y2=\"0\"><stop offset=\"0%\" style=\"stop-opacity:1;stop-color:var(--linear-gradient-e-106-de-1-color-1)\"><\/stop><stop offset=\"100%\" style=\"stop-opacity:1;stop-color:var(--linear-gradient-e-106-de-1-color-2)\"><\/stop><\/linearGradient><\/defs><\/svg><svg data-prefix=\"fas\" data-icon=\"plus\" class=\"svg-inline--fa fa-plus fa-w-14\" xmlns=\"http:\/\/www.w3.org\/2000\/svg\" viewBox=\"0 0 448 512\" aria-hidden=\"true\" width=\"32\" height=\"32\"><path fill=\"currentColor\" d=\"M416 208H272V64c0-17.67-14.33-32-32-32h-32c-17.67 0-32 14.33-32 32v144H32c-17.67 0-32 14.33-32 32v32c0 17.67 14.33 32 32 32h144v144c0 17.67 14.33 32 32 32h32c17.67 0 32-14.33 32-32V304h144c17.67 0 32-14.33 32-32v-32c0-17.67-14.33-32-32-32z\"><\/path><\/svg><\/div><div class=\"stk--inner-svg stk--icon-2\" style=\"display:none\"><svg style=\"height:0;width:0\"><defs><linearGradient id=\"linear-gradient-e106de1\" x1=\"0\" x2=\"100%\" y1=\"0\" y2=\"0\"><stop offset=\"0%\" style=\"stop-opacity:1;stop-color:var(--linear-gradient-e-106-de-1-color-1)\"><\/stop><stop offset=\"100%\" style=\"stop-opacity:1;stop-color:var(--linear-gradient-e-106-de-1-color-2)\"><\/stop><\/linearGradient><\/defs><\/svg><svg data-prefix=\"fas\" data-icon=\"minus\" class=\"svg-inline--fa fa-minus fa-w-14\" xmlns=\"http:\/\/www.w3.org\/2000\/svg\" viewBox=\"0 0 448 512\" aria-hidden=\"true\" width=\"32\" height=\"32\"><path fill=\"currentColor\" d=\"M416 208H32c-17.67 0-32 14.33-32 32v32c0 17.67 14.33 32 32 32h384c17.67 0 32-14.33 32-32v-32c0-17.67-14.33-32-32-32z\"><\/path><\/svg><\/div><\/span><\/div>\n\n\n\n<div class=\"wp-block-stackable-heading stk-block-heading stk-block-heading--v2 stk-block stk-b810e18\" id=\"turma-2019\" data-block-id=\"b810e18\"><h4 class=\"stk-block-heading__text\">Turma 2019<\/h4><\/div>\n<\/div><\/div>\n<\/div><\/div><\/summary>\n\n\n\n<div class=\"wp-block-stackable-column stk-block-column stk-column stk-block stk-ab93966 stk-block-accordion__content\" data-v=\"4\" data-block-id=\"ab93966\"><style>.stk-ab93966-container{padding-top:0px !important;padding-bottom:8px !important;}<\/style><div class=\"stk-column-wrapper stk-block-column__content stk-container stk-ab93966-container stk--no-background stk--no-padding\"><div class=\"stk-block-content stk-inner-blocks stk-ab93966-inner-blocks\">\n<div class=\"wp-block-stackable-text stk-block-text stk-block stk-efd8a19\" data-block-id=\"efd8a19\"><p class=\"stk-block-text__text\"><a href=\"http:\/\/posgraduacao.uea.edu.br\/cienciashumanas\/wp-content\/uploads\/2025\/05\/ADRIANO-FERREIRA-DA-SILVA.pdf\"><strong>ADRIANO FERREIRA DA SILVA<\/strong><\/a><br><strong>T\u00edtulo da Disserta\u00e7\u00e3o:<\/strong> <em>AS REPRESENTA\u00c7\u00d5ES AMAZ\u00d4NICAS NA OBRA DE MOACIR ANDRADE<\/em><br>Orientador: Neiva Maria Machado Soares<br><strong>Data da defesa: <\/strong>30\/03\/2021<strong><br><\/strong>Reposit\u00f3rio Institucional: <a href=\"https:\/\/ri.uea.edu.br\/handle\/riuea\/1823\" target=\"_blank\" rel=\"noreferrer noopener\">https:\/\/ri.uea.edu.br\/handle\/riuea\/1823<\/a><\/p><\/div>\n\n\n\n<p><a href=\"http:\/\/posgraduacao.uea.edu.br\/cienciashumanas\/wp-content\/uploads\/2025\/05\/ALANA-PATRICIA-PIRES-DE-OLIVEIRA-ALANO.pdf\"><strong>ALANA PATR\u00cdCIA PIRES DE OLIVEIRA ALANO<\/strong><\/a><br><strong>T\u00edtulo da Disserta\u00e7\u00e3o:<\/strong> <em>COMERCIALIZANDO ASPECTOS AMBIENTAIS E SOCIOCULTURAIS: O caso do passeio saf\u00e1ri amaz\u00f4nico no contexto do (eco)turismo e o imagin\u00e1rio tur\u00edstico<\/em><br>Orientador: Edilza Laray De Jesus<br><strong>Data da defesa: <\/strong>15\/06\/2021<strong><br><\/strong>Reposit\u00f3rio Institucional: <a href=\"https:\/\/ri.uea.edu.br\/handle\/riuea\/1824\" target=\"_blank\" rel=\"noreferrer noopener\">https:\/\/ri.uea.edu.br\/handle\/riuea\/1824<\/a><\/p>\n\n\n\n<p><a href=\"http:\/\/posgraduacao.uea.edu.br\/cienciashumanas\/wp-content\/uploads\/2025\/05\/ALCIONE-DEODATO-DE-SOUZA.pdf\"><strong>ALCIONE DEODATO DE SOUZA<\/strong><\/a><br><strong>T\u00edtulo da Disserta\u00e7\u00e3o: <\/strong><em>CONSTRU\u00c7\u00c3O DO RECONHECIMENTO: um estudo da educa\u00e7\u00e3o Kokama na comunidade Nova Esperan\u00e7a<\/em><br>Orientador: Jocilene Gomes Da Cruz<br><strong>Data da defesa: <\/strong>08\/06\/2021<br>Reposit\u00f3rio Institucional: <a href=\"https:\/\/ri.uea.edu.br\/handle\/riuea\/1788\" target=\"_blank\" rel=\"noreferrer noopener\">https:\/\/ri.uea.edu.br\/handle\/riuea\/1788<\/a><\/p>\n\n\n\n<p><a href=\"http:\/\/posgraduacao.uea.edu.br\/cienciashumanas\/wp-content\/uploads\/2025\/05\/ANDRE-CAMARA-CHAVES.pdf\"><strong>ANDR\u00c9 C\u00c2MARA CHAVES<\/strong><\/a><br><strong>T\u00edtulo da Disserta\u00e7\u00e3o: <\/strong><em>ANTUNES DE OLIVEIRA: Trajet\u00f3ria educacional e protagonismo no debate da LDB 4.024\/61<\/em><br>Orientador: Rafael Ale Rocha<br><strong>Data da defesa: <\/strong>30\/03\/2021<strong><br><\/strong>Reposit\u00f3rio Institucional: <a href=\"https:\/\/ri.uea.edu.br\/handle\/riuea\/1792\" target=\"_blank\" rel=\"noreferrer noopener\">https:\/\/ri.uea.edu.br\/handle\/riuea\/1792<\/a><\/p>\n\n\n\n<p><a href=\"http:\/\/posgraduacao.uea.edu.br\/cienciashumanas\/wp-content\/uploads\/2025\/05\/BETANIA-DE-ASSIS-REIS-MATTA.pdf\"><strong>BET\u00c2NIA DE ASSIS REIS MATTA<\/strong><\/a><br><strong>T\u00edtulo da Disserta\u00e7\u00e3o: <\/strong><em>MEM\u00d3RIAS E IDENTIDADES DO SER IDOSO: As experi\u00eancias do Centro Municipal de Conviv\u00eancia da Fam\u00edlia de Tef\u00e9 (AM)<\/em><br>Orientador: Cristiane Da Silveira<br><strong>Data da defesa: <\/strong>28\/05\/2021<strong><br><\/strong>Reposit\u00f3rio Institucional: <a href=\"https:\/\/ri.uea.edu.br\/handle\/riuea\/1789\" target=\"_blank\" rel=\"noreferrer noopener\">https:\/\/ri.uea.edu.br\/handle\/riuea\/1789<\/a><\/p>\n\n\n\n<p><a href=\"http:\/\/posgraduacao.uea.edu.br\/cienciashumanas\/wp-content\/uploads\/2025\/05\/DARWIN-ARIEL-AMADOR-VALDEZ.pdf\"><strong>DARWIN ARIEL AMADOR VALDEZ<\/strong><\/a><br><strong>T\u00edtulo da Disserta\u00e7\u00e3o: <\/strong><em>LITERATURA, BORRACHA, BANANA: Brasil e Honduras no S\u00e9culo XX<\/em><br>Orientador: Otavio Rios Portela<br><strong>Data da defesa: <\/strong>25\/03\/2021<strong><br><\/strong>Reposit\u00f3rio Institucional: <a href=\"https:\/\/ri.uea.edu.br\/handle\/riuea\/1828\" target=\"_blank\" rel=\"noreferrer noopener\">https:\/\/ri.uea.edu.br\/handle\/riuea\/1828<\/a><\/p>\n\n\n\n<p><a href=\"http:\/\/posgraduacao.uea.edu.br\/cienciashumanas\/wp-content\/uploads\/2025\/05\/ELCIONE-SOUSA-DA-SILVA-CORDEIRO.pdf\"><strong>ELCIONE SOUSA DA SILVA CORDEIRO<\/strong><\/a><br><strong>T\u00edtulo da Disserta\u00e7\u00e3o: <\/strong><em>O LUGAR DA POESIA DE VIOLETA BRANCA NA PRODU\u00c7\u00c3O LITER\u00c1RIA AMAZONENSE DO S\u00c9CULO XX<\/em><br>Orientador: Veronica Prudente Costa<br><strong>Data da defesa: <\/strong>23\/04\/2021<br>Reposit\u00f3rio Institucional: <a href=\"https:\/\/ri.uea.edu.br\/handle\/riuea\/1794\" target=\"_blank\" rel=\"noreferrer noopener\">https:\/\/ri.uea.edu.br\/handle\/riuea\/1794<\/a><\/p>\n\n\n\n<p><a href=\"http:\/\/posgraduacao.uea.edu.br\/cienciashumanas\/wp-content\/uploads\/2025\/05\/FLAVIA-DE-OLIVEIRA-FERNANDES.pdf\"><strong>FL\u00c1VIA DE OLIVEIRA FERNANDES<\/strong><\/a><br><strong>T\u00edtulo da Disserta\u00e7\u00e3o: <\/strong><em>POL\u00cdTICAS P\u00daBLICAS E PATRIM\u00d4NIO NOS CASAR\u00d5ES DA SETE<\/em><br><em>Orientador: Tatiana De Lima Pedrosa Santos<\/em><br><strong><em>Data da defesa: <\/em><\/strong>29\/03\/2021<br>Reposit\u00f3rio Institucional: <a href=\"https:\/\/ri.uea.edu.br\/handle\/riuea\/1815\" target=\"_blank\" rel=\"noreferrer noopener\">https:\/\/ri.uea.edu.br\/handle\/riuea\/1815<\/a><\/p>\n\n\n\n<p><a href=\"http:\/\/posgraduacao.uea.edu.br\/cienciashumanas\/wp-content\/uploads\/2025\/05\/FRANCISCO-CELSO-LOURIDO-BARRETO-JUNIOR.pdf\"><strong>FRANCISCO CELSO LOURIDO BARRETO JUNIOR<\/strong><\/a><br><strong>T\u00edtulo da Disserta\u00e7\u00e3o: <\/strong><em>AS IDEIAS NATIVISTAS DA A\u00c7\u00c3O INTEGRALISTA BRASILEIRA EM MANAUS (1932 \u2013 1937)<\/em><br>Orientador: Pedro Henrique Coelho Rapozo<br><strong>Data da defesa: <\/strong>30\/04\/2021<strong><br><\/strong>Reposit\u00f3rio Institucional: <a href=\"https:\/\/ri.uea.edu.br\/handle\/riuea\/1793\" target=\"_blank\" rel=\"noreferrer noopener\">https:\/\/ri.uea.edu.br\/handle\/riuea\/1793<\/a><\/p>\n\n\n\n<p><a href=\"http:\/\/posgraduacao.uea.edu.br\/cienciashumanas\/wp-content\/uploads\/2025\/05\/GEORGIA-POZZETTI-DAOU.pdf\"><strong>GEORGIA POZZETTI DAOU<\/strong><\/a><br><strong>T\u00edtulo da Disserta\u00e7\u00e3o: <\/strong><em>DO CEDRO \u00c0 SERINGUEIRA: Mem\u00f3rias da comunidade s\u00edrio-libanesa no Amazonas<\/em><br>Orientador: Lucia Marina Puga Ferreira<br><strong>Data da defesa: <\/strong>30\/03\/2021<br>Reposit\u00f3rio Institucional: <a href=\"https:\/\/ri.uea.edu.br\/handle\/riuea\/1785\" target=\"_blank\" rel=\"noreferrer noopener\">https:\/\/ri.uea.edu.br\/handle\/riuea\/1785<\/a><\/p>\n\n\n\n<p><a href=\"http:\/\/posgraduacao.uea.edu.br\/cienciashumanas\/wp-content\/uploads\/2025\/05\/GEORGIA-POZZETTI-DAOU.pdf\"><strong>GONZALO RENATO N\u00da\u00d1EZ MELGAR<\/strong><\/a><br><strong>T\u00edtulo da Disserta\u00e7\u00e3o: <\/strong><em>MANAUS, OS RASTROS DA MATRIZ HIST\u00d3RICA: As marcas da mem\u00f3ria urbana enfrentada ao vest\u00edgio iconogr\u00e1fico<\/em><br>Orientador: Geraldo Jorge Tupinamba Do Valle<br><strong>Data da defesa: <\/strong>30\/04\/2021<br>Reposit\u00f3rio Institucional: <a href=\"https:\/\/ri.uea.edu.br\/handle\/riuea\/1821\" target=\"_blank\" rel=\"noreferrer noopener\">https:\/\/ri.uea.edu.br\/handle\/riuea\/1821<\/a><\/p>\n\n\n\n<p><a href=\"http:\/\/posgraduacao.uea.edu.br\/cienciashumanas\/wp-content\/uploads\/2025\/05\/HERIKA-CARDOSO-DA-SILVA.pdf\"><strong>H\u00c9RIKA CARDOSO DA SILVA<\/strong><\/a><br><strong>T\u00edtulo da Disserta\u00e7\u00e3o: <\/strong><em>DEMOCRACIA E CIDADANIA: Abordagem cr\u00edtica sobre a atua\u00e7\u00e3o das escolas do legislativo no munic\u00edpio de Manaus-AM<\/em><br>Orientador: Gimima Beatriz Melo Da Silva<br><strong>Data da defesa: <\/strong>30\/03\/2021<br>Reposit\u00f3rio Institucional: <a href=\"https:\/\/ri.uea.edu.br\/handle\/riuea\/1821\" target=\"_blank\" rel=\"noreferrer noopener\">https:\/\/ri.uea.edu.br\/handle\/riuea\/1821<\/a><\/p>\n\n\n\n<p><a href=\"http:\/\/posgraduacao.uea.edu.br\/cienciashumanas\/wp-content\/uploads\/2025\/05\/JEAN-REIS-DE-ALMEIDA.pdf\"><strong>JEAN REIS DE ALMEIDA<\/strong><\/a><br><strong>T\u00edtulo da Disserta\u00e7\u00e3o: <\/strong><em>ORGANIZA\u00c7\u00d5ES IND\u00cdGENAS E AS ESTRAT\u00c9GIAS PARA A GEST\u00c3O DO TERRIT\u00d3RIO: Uma an\u00e1lise a partir do Cons\u00f3rcio dos Produtores Sater\u00e9-Maw\u00e9 (CPSM)<\/em><br>Orientador: Jocilene Gomes Da Cruz<br><strong>Data da defesa: <\/strong>31\/03\/2021<br>Reposit\u00f3rio Institucional: <a href=\"https:\/\/ri.uea.edu.br\/handle\/riuea\/1751\" target=\"_blank\" rel=\"noreferrer noopener\">https:\/\/ri.uea.edu.br\/handle\/riuea\/1751<\/a><\/p>\n\n\n\n<p><a href=\"http:\/\/posgraduacao.uea.edu.br\/cienciashumanas\/wp-content\/uploads\/2025\/05\/LUAN-CRISTOVAO-DOS-SANTOS-DIAS.pdf\"><strong>LUAN CRIST\u00d3V\u00c3O DOS SANTOS DIAS<\/strong><\/a><br><strong>T\u00edtulo da Disserta\u00e7\u00e3o: <\/strong><em>A RELIGI\u00c3O PRODUZ CIDADES: Rela\u00e7\u00f5es hist\u00f3ricas com a f\u00e9 e a materializa\u00e7\u00e3o da religiosidade nos espa\u00e7os p\u00fablicos em Amatur\u00e1-AM<\/em><br>Orientador: Geraldo Jorge Tupinamba Do Valle<br><strong>Data da defesa: <\/strong>29\/03\/2021<strong><br><\/strong>Reposit\u00f3rio Institucional: <a href=\"https:\/\/ri.uea.edu.br\/handle\/riuea\/1750\" target=\"_blank\" rel=\"noreferrer noopener\">https:\/\/ri.uea.edu.br\/handle\/riuea\/1750<\/a><\/p>\n\n\n\n<p><a href=\"http:\/\/posgraduacao.uea.edu.br\/cienciashumanas\/wp-content\/uploads\/2025\/05\/LUCIANO-SA-RIBEIRO.pdf\"><strong>LUCIANO S\u00c1 RIBEIRO<\/strong><\/a><br><strong>T\u00edtulo da Disserta\u00e7\u00e3o: <\/strong><em>O SER E A CULTURA NA OBRA DO NATURALISTA ALEXANDRE RODRIGUES FERREIRA: Uma an\u00e1lise a partir da Viagem Filos\u00f3fica no s\u00e9culo XVIII<\/em><br>Orientador: Rafael Ale Rocha<br><strong>Data da defesa: <\/strong>26\/03\/2021<strong><br><\/strong>Reposit\u00f3rio Institucional: <a href=\"https:\/\/ri.uea.edu.br\/handle\/riuea\/1822\" target=\"_blank\" rel=\"noreferrer noopener\">https:\/\/ri.uea.edu.br\/handle\/riuea\/1822<\/a><\/p>\n\n\n\n<p><a href=\"http:\/\/posgraduacao.uea.edu.br\/cienciashumanas\/wp-content\/uploads\/2025\/05\/LUIZ-CARLOS-BRAGA-DA-SILVA.pdf\"><strong>LUIZ CARLOS BRAGA DA SILVA<\/strong><\/a><br><strong>T\u00edtulo da Disserta\u00e7\u00e3o: <\/strong><em>POTENCIAL TUR\u00cdSTICO NO ENTORNO DO TEATRO AMAZONAS: Caminhos e lugares de linguagens art\u00edstico-culturais<\/em><br>Orientador: Eneila Almeida Dos Santos<br><strong>Data da defesa: <\/strong>23\/03\/2021<strong><br><\/strong>Reposit\u00f3rio Institucional: <a href=\"https:\/\/ri.uea.edu.br\/handle\/riuea\/1816\" target=\"_blank\" rel=\"noreferrer noopener\">https:\/\/ri.uea.edu.br\/handle\/riuea\/1816<\/a><\/p>\n\n\n\n<p><a href=\"http:\/\/posgraduacao.uea.edu.br\/cienciashumanas\/wp-content\/uploads\/2025\/05\/MAGILES-DE-SOUZA-MACEDO.pdf\"><strong>MAGILES DE SOUZA MAC\u00caDO<\/strong><\/a><br><strong>T\u00edtulo da Disserta\u00e7\u00e3o: <\/strong><em>Movimento, Educa\u00e7\u00e3o Escolar Ind\u00edgena e os processos de (re) afirma\u00e7\u00f5es dos Kambeba na regi\u00e3o do M\u00e9dio Solim\u00f5es-AM<\/em><br>Orientador: Cristiane Da Silveira<br><strong>Data da defesa: <\/strong>31\/05\/2021<strong><br><\/strong>Reposit\u00f3rio Institucional: <a href=\"https:\/\/ri.uea.edu.br\/handle\/riuea\/1795\" target=\"_blank\" rel=\"noreferrer noopener\">https:\/\/ri.uea.edu.br\/handle\/riuea\/1795<\/a><\/p>\n\n\n\n<p><a href=\"http:\/\/posgraduacao.uea.edu.br\/cienciashumanas\/wp-content\/uploads\/2025\/05\/MARIA-INAH-DE-ALMEIDA-FREITAS.pdf\"><strong>MARIA INAH DE ALMEIDA FREITAS<\/strong><\/a><br><strong>T\u00edtulo da Disserta\u00e7\u00e3o: <\/strong><em>DE VIV\u00caNCIAS E CONVERSAS: O protagonismo feminino na migra\u00e7\u00e3o venezuelana<\/em><br>Orientador: Lucia Marina Puga Ferreira<br><strong>Data da defesa: <\/strong>29\/03\/2021<strong><br><\/strong>Reposit\u00f3rio Institucional: <a href=\"https:\/\/ri.uea.edu.br\/handle\/riuea\/1800\" target=\"_blank\" rel=\"noreferrer noopener\">https:\/\/ri.uea.edu.br\/handle\/riuea\/1800<\/a><\/p>\n\n\n\n<p><a href=\"http:\/\/posgraduacao.uea.edu.br\/cienciashumanas\/wp-content\/uploads\/2025\/05\/RAFAEL-SEIXAS-DE-AMOEDO.pdf\"><strong>RAFAEL SEIXAS DE AMO\u00caDO<\/strong><\/a><br><strong>T\u00edtulo da Disserta\u00e7\u00e3o: <\/strong><em>NOVOS PALANQUES NA CONTEMPORANEIDADE: As \u00c1goras Digitais<\/em><br>Orientador: Neiva Maria Machado Soares<br><strong>Data da defesa: <\/strong>26\/03\/2021<br>Reposit\u00f3rio Institucional: <a href=\"https:\/\/ri.uea.edu.br\/handle\/riuea\/1820\" target=\"_blank\" rel=\"noreferrer noopener\">https:\/\/ri.uea.edu.br\/handle\/riuea\/1820<\/a><\/p>\n\n\n\n<p><a href=\"http:\/\/posgraduacao.uea.edu.br\/cienciashumanas\/wp-content\/uploads\/2025\/05\/VERONICA-LIMA-FERNANDO.pdf\"><strong>VER\u00d4NICA LIMA FERNANDO<\/strong><\/a><br><strong>T\u00edtulo da Disserta\u00e7\u00e3o: <\/strong><em>A CIDADE E O PATRIM\u00d4NIO: O velho e o novo no contexto urbano e patrimonial de Tef\u00e9\/AM<\/em><br>Orientador: Marilia De Jesus Da Silva E Sousa<br><strong>Data Da Defesa: <\/strong>22\/03\/2021<br>Reposit\u00f3rio Institucional: <a href=\"https:\/\/ri.uea.edu.br\/handle\/riuea\/1763\" target=\"_blank\" rel=\"noreferrer noopener\">https:\/\/ri.uea.edu.br\/handle\/riuea\/1763<\/a><\/p>\n\n\n\n<p><a href=\"http:\/\/posgraduacao.uea.edu.br\/cienciashumanas\/wp-content\/uploads\/2025\/05\/WENDEL-NASCIMENTO-BRAGA.pdf\"><strong>WENDEL NASCIMENTO BRAGA<\/strong><\/a><br><strong>T\u00edtulo da Disserta\u00e7\u00e3o: <\/strong><em>CR\u00cdTICA \u00c0 CULTURA DE PODER ESTADUNIDENSE EM FILMES DE GUERRA<\/em><br><em>Orientador<\/em>: Gimima Beatriz Melo Da Silva<br><strong>Data da defesa: <\/strong>31\/03\/2021<br>Reposit\u00f3rio Institucional: <a href=\"https:\/\/ri.uea.edu.br\/handle\/riuea\/1817\" target=\"_blank\" rel=\"noreferrer noopener\">https:\/\/ri.uea.edu.br\/handle\/riuea\/1817<\/a><\/p>\n<\/div><\/div><\/div>\n<\/details>\n\n\n\n<details class=\"wp-block-stackable-accordion stk-block-accordion stk-inner-blocks stk-block-content stk--single-open stk-block stk-38ebbd1 stk-block-background is-style-plus\" data-block-id=\"38ebbd1\"><style>.stk-38ebbd1 {background-color:#FFFFFF !important;box-shadow:0 5px 30px -10px #123f524d !important;padding-top:0px !important;padding-right:0px !important;padding-bottom:0px !important;padding-left:0px !important;}.stk-38ebbd1:before{background-color:#FFFFFF !important;}<\/style>\n<summary class=\"wp-block-stackable-column stk-block-column stk-column stk-block stk-7aae29a stk--container-small stk-block-accordion__heading\" data-v=\"4\" data-block-id=\"7aae29a\"><style>.stk-7aae29a {padding-top:8px !important;padding-right:32px !important;padding-bottom:8px !important;padding-left:32px !important;}<\/style><div class=\"stk-column-wrapper stk-block-column__content stk-container stk-7aae29a-container stk--no-background stk--no-padding\"><div class=\"stk-block-content stk-inner-blocks stk-7aae29a-inner-blocks\">\n<div class=\"wp-block-stackable-icon-label stk-block-icon-label stk-block stk-f78aed7\" data-block-id=\"f78aed7\"><div class=\"stk-row stk-inner-blocks stk-block-content\">\n<div class=\"wp-block-stackable-icon stk-block-icon stk-block stk-434f05f\" data-block-id=\"434f05f\"><span class=\"stk--svg-wrapper stk--has-icon2\"><div class=\"stk--inner-svg\"><svg style=\"height:0;width:0\"><defs><linearGradient id=\"linear-gradient-434f05f\" x1=\"0\" x2=\"100%\" y1=\"0\" y2=\"0\"><stop offset=\"0%\" style=\"stop-opacity:1;stop-color:var(--linear-gradient-434-f-05-f-color-1)\"><\/stop><stop offset=\"100%\" style=\"stop-opacity:1;stop-color:var(--linear-gradient-434-f-05-f-color-2)\"><\/stop><\/linearGradient><\/defs><\/svg><svg data-prefix=\"fas\" data-icon=\"plus\" class=\"svg-inline--fa fa-plus fa-w-14\" xmlns=\"http:\/\/www.w3.org\/2000\/svg\" viewBox=\"0 0 448 512\" aria-hidden=\"true\" width=\"32\" height=\"32\"><path fill=\"currentColor\" d=\"M416 208H272V64c0-17.67-14.33-32-32-32h-32c-17.67 0-32 14.33-32 32v144H32c-17.67 0-32 14.33-32 32v32c0 17.67 14.33 32 32 32h144v144c0 17.67 14.33 32 32 32h32c17.67 0 32-14.33 32-32V304h144c17.67 0 32-14.33 32-32v-32c0-17.67-14.33-32-32-32z\"><\/path><\/svg><\/div><div class=\"stk--inner-svg stk--icon-2\" style=\"display:none\"><svg style=\"height:0;width:0\"><defs><linearGradient id=\"linear-gradient-434f05f\" x1=\"0\" x2=\"100%\" y1=\"0\" y2=\"0\"><stop offset=\"0%\" style=\"stop-opacity:1;stop-color:var(--linear-gradient-434-f-05-f-color-1)\"><\/stop><stop offset=\"100%\" style=\"stop-opacity:1;stop-color:var(--linear-gradient-434-f-05-f-color-2)\"><\/stop><\/linearGradient><\/defs><\/svg><svg data-prefix=\"fas\" data-icon=\"minus\" class=\"svg-inline--fa fa-minus fa-w-14\" xmlns=\"http:\/\/www.w3.org\/2000\/svg\" viewBox=\"0 0 448 512\" aria-hidden=\"true\" width=\"32\" height=\"32\"><path fill=\"currentColor\" d=\"M416 208H32c-17.67 0-32 14.33-32 32v32c0 17.67 14.33 32 32 32h384c17.67 0 32-14.33 32-32v-32c0-17.67-14.33-32-32-32z\"><\/path><\/svg><\/div><\/span><\/div>\n\n\n\n<div class=\"wp-block-stackable-heading stk-block-heading stk-block-heading--v2 stk-block stk-b710c5a\" id=\"turma-2018\" data-block-id=\"b710c5a\"><h4 class=\"stk-block-heading__text\">Turma 2018<\/h4><\/div>\n<\/div><\/div>\n<\/div><\/div><\/summary>\n\n\n\n<div class=\"wp-block-stackable-column stk-block-column stk-column stk-block stk-22249db stk-block-accordion__content\" data-v=\"4\" data-block-id=\"22249db\"><style>.stk-22249db-container{padding-top:0px !important;padding-bottom:8px !important;}<\/style><div class=\"stk-column-wrapper stk-block-column__content stk-container stk-22249db-container stk--no-background stk--no-padding\"><div class=\"stk-block-content stk-inner-blocks stk-22249db-inner-blocks\">\n<div class=\"wp-block-stackable-text stk-block-text stk-block stk-19d0a6e\" data-block-id=\"19d0a6e\"><p class=\"stk-block-text__text\"><a href=\"http:\/\/posgraduacao.uea.edu.br\/cienciashumanas\/wp-content\/uploads\/2025\/05\/DANIELA-GLORIA-CANTO.pdf\"><strong>DANIELA GL\u00d3RIA CANTO<\/strong><\/a><br><strong>T\u00edtulo da Disserta\u00e7\u00e3o: <\/strong><em>COMUNIDADES TRADICIONAIS EM PARINTINS-AM: Din\u00e2micas organizacionais em Nossa Senhora de Nazar\u00e9, regi\u00e3o do Z\u00e9 A\u00e7u<\/em><br>Orientador: Jocilene Gomes Da Cruz<br>Data da defesa: 10\/07\/2020<br>Reposit\u00f3rio Institucional: <a href=\"https:\/\/ri.uea.edu.br\/handle\/riuea\/1776\" target=\"_blank\" rel=\"noreferrer noopener\">https:\/\/ri.uea.edu.br\/handle\/riuea\/1776<\/a><\/p><\/div>\n\n\n\n<p><a href=\"http:\/\/posgraduacao.uea.edu.br\/cienciashumanas\/wp-content\/uploads\/2025\/05\/DAVID-WILSON-PIRES-DAGNAISSER.pdf\"><strong>DAVID WILSON PIRES DAGNAISSER<\/strong><\/a><br><strong>T\u00edtulo da Disserta\u00e7\u00e3o: <\/strong><em>O PROCESSO DE LEGITIMA\u00c7\u00c3O E HIERARQUIZA\u00c7\u00c3O DAS FESTAS POPULARES DE PARINTINS \u2013 AM<\/em><br>Orientador: Edilza Laray De Jesus<br>Data da defesa: 29\/05\/2020<br>Reposit\u00f3rio Institucional: <a href=\"https:\/\/ri.uea.edu.br\/handle\/riuea\/1774\" target=\"_blank\" rel=\"noreferrer noopener\">https:\/\/ri.uea.edu.br\/handle\/riuea\/1774<\/a><\/p>\n\n\n\n<p><a href=\"http:\/\/posgraduacao.uea.edu.br\/cienciashumanas\/wp-content\/uploads\/2025\/05\/DEISE-NILCIANE-FERREIRA-DE-SOUZA.pdf\"><strong>DEISE NILCIANE FERREIRA DE SOUZA<\/strong><\/a><br><strong>T\u00edtulo da Disserta\u00e7\u00e3o: <\/strong><em>O DEVIR DAS \u00c1GUAS: os modos de vida dos moradores do Lago do Catal\u00e3o em Iranduba \u2013 AM<\/em><br>Orientador: Edilza Laray De Jesus<br>Data da defesa: 30\/06\/2020<br>Reposit\u00f3rio Institucional: <a href=\"https:\/\/ri.uea.edu.br\/handle\/riuea\/1778\" target=\"_blank\" rel=\"noreferrer noopener\">https:\/\/ri.uea.edu.br\/handle\/riuea\/1778<\/a><\/p>\n\n\n\n<p><strong>FAB\u00cdOLA FEITOSA DA SILVA<\/strong><br><strong>T\u00edtulo da Disserta\u00e7\u00e3o: <\/strong><em>EDUCA\u00c7\u00c3O ESCOLAR IND\u00cdGENA EM TEF\u00c9: UMA ETNOGRAFIA DA ESCOLA DOS KAMBEBA DA ALDEIA BETEL<\/em><br>Orientador: Cristiane Da Silveira<br>Data da defesa: 31\/07\/2020<br>Aguardando publica\u00e7\u00e3o no Reposit\u00f3rio Institucional<\/p>\n\n\n\n<p><a href=\"http:\/\/posgraduacao.uea.edu.br\/cienciashumanas\/wp-content\/uploads\/2025\/05\/JOHEDYR-ADJYAN-CARTAXO-DE-FREITAS.pdf\"><strong>JOH\u00caDYR ADJYAN CARTAXO DE FREITAS<\/strong><\/a><br><strong>T\u00edtulo da Disserta\u00e7\u00e3o: <\/strong><em>TEMPLOS NO TEMPLO \u2013 Elementos da P\u00f3s-modernidade no discurso religioso<\/em><br>Orientador: Neiva Maria Machado Soares<br>Data da defesa: 01\/05\/2020<br>Reposit\u00f3rio Institucional: <a href=\"https:\/\/ri.uea.edu.br\/handle\/riuea\/1746\" target=\"_blank\" rel=\"noreferrer noopener\">https:\/\/ri.uea.edu.br\/handle\/riuea\/1746<\/a><\/p>\n\n\n\n<p><a href=\"http:\/\/posgraduacao.uea.edu.br\/cienciashumanas\/wp-content\/uploads\/2025\/05\/JOAO-PAULO-DE-ARAUJO-QUEIROZ.pdf\"><strong>JO\u00c3O PAULO DE ARA\u00daJO QUEIROZ<\/strong><\/a><br><strong>T\u00edtulo da Disserta\u00e7\u00e3o: <\/strong><em>DIREITO, PODER E CONTROLE SOCIAL ENTRE OS POVOS TICUNA: um estudo sobre Seguran\u00e7a Comunit\u00e1ria Umaria\u00e7\u00fa (SEGCUM) na tr\u00edplice fronteira Brasil, Col\u00f4mbia e Peru<\/em><br>Orientador: Pedro Henrique Coelho Rapozo<br>Data da defesa: 29\/05\/2020<br>Reposit\u00f3rio Institucional: <a href=\"https:\/\/ri.uea.edu.br\/handle\/riuea\/1782\" target=\"_blank\" rel=\"noreferrer noopener\">https:\/\/ri.uea.edu.br\/handle\/riuea\/1782<\/a><\/p>\n\n\n\n<p><strong>J\u00c9SSICA DA COSTA TAPAJ\u00d3S SARAIVA<\/strong><br><strong>T\u00edtulo da Disserta\u00e7\u00e3o: <\/strong><em>POL\u00cdTICAS P\u00daBLICAS EDUCACIONAIS PARA MIGRANTES E REFUGIADOS NA CIDADE DE MANAUS (2018-2019)<\/em><br>Orientador: Lucia Marina Puga Ferreira<br>Data da defesa: 26\/06\/2020<br>Aguardando publica\u00e7\u00e3o no Reposit\u00f3rio Institucional<br><\/p>\n\n\n\n<p><a href=\"http:\/\/posgraduacao.uea.edu.br\/cienciashumanas\/wp-content\/uploads\/2025\/05\/KLISSY-KELY-GUIMARAES.pdf\"><strong>KLISSY KELY GUIMAR\u00c3ES<\/strong><\/a><br><strong>T\u00edtulo da Disserta\u00e7\u00e3o: <\/strong><em>Reflex\u00e3o sobre o trabalho, viv\u00eancias e pr\u00e1ticas musicais de mulheres compositoras em Manaus a partir de 2000<\/em><br>Orientador: Alfredo Wagner Berno De Almeida<br>Data da defesa: 04\/03\/2020<br>Reposit\u00f3rio Institucional: <a href=\"https:\/\/ri.uea.edu.br\/handle\/riuea\/1819\" target=\"_blank\" rel=\"noreferrer noopener\">https:\/\/ri.uea.edu.br\/handle\/riuea\/1819<\/a><\/p>\n\n\n\n<p><a href=\"http:\/\/posgraduacao.uea.edu.br\/cienciashumanas\/wp-content\/uploads\/2025\/05\/MARIA-CELESTINA-BARBOSA-CORREA.pdf\"><strong>MARIA CELESTINA BARBOSA CORR\u00caA<\/strong><\/a><br><strong>T\u00edtulo da Disserta\u00e7\u00e3o: <\/strong><em>IMIGRANTES HAITIANAS NA CIDADE DE MANAUS: Mundos do trabalho informal, redes e sociabilidades (2010-2019)<\/em><br>Orientador: Lucia Marina Puga Ferreira<br>Data da defesa: 06\/05\/2020<br>Reposit\u00f3rio Institucional: <a href=\"https:\/\/ri.uea.edu.br\/handle\/riuea\/1771\" target=\"_blank\" rel=\"noreferrer noopener\">https:\/\/ri.uea.edu.br\/handle\/riuea\/1771<\/a><\/p>\n\n\n\n<p><a href=\"http:\/\/posgraduacao.uea.edu.br\/cienciashumanas\/wp-content\/uploads\/2025\/05\/NARAIZA-CALDAS-LIRA.pdf\"><strong>NARA\u00cdZA CALDAS LIRA<\/strong><\/a><br><strong>T\u00edtulo da Disserta\u00e7\u00e3o: <\/strong><em>O LUGAR DE SER CRIAN\u00c7A: Percep\u00e7\u00f5es da Inf\u00e2ncia a partir das Narrativas de Pais no Munic\u00edpio de Tef\u00e9 \u2013 AM<\/em><br>Orientador: Roberto Sanches Mubarac Sobrinho<br><strong>Data da defesa: <\/strong>31\/08\/2020<br>Reposit\u00f3rio Institucional: <a href=\"https:\/\/ri.uea.edu.br\/handle\/riuea\/1807\" target=\"_blank\" rel=\"noreferrer noopener\">https:\/\/ri.uea.edu.br\/handle\/riuea\/1807<\/a><\/p>\n\n\n\n<p><a href=\"http:\/\/posgraduacao.uea.edu.br\/cienciashumanas\/wp-content\/uploads\/2025\/05\/PATRICIA-TORME-DE-OLIVEIRA.pdf\"><strong>PATR\u00cdCIA TORME DE OLIVEIRA<\/strong><\/a><br><strong>T\u00edtulo da Disserta\u00e7\u00e3o: <\/strong><em>A DAN\u00c7A DA LIBERTA\u00c7\u00c3O: Um estudo sobre a Dan\u00e7a Africana de Tef\u00e9 (AM)<\/em><br>Orientador: Guilherme Gitahy De Figueiredo<br><strong>Data da defesa: <\/strong>30\/06\/2020<br>Reposit\u00f3rio Institucional: <a href=\"https:\/\/ri.uea.edu.br\/handle\/riuea\/1777\" target=\"_blank\" rel=\"noreferrer noopener\">https:\/\/ri.uea.edu.br\/handle\/riuea\/1777<\/a><\/p>\n\n\n\n<p><a href=\"http:\/\/posgraduacao.uea.edu.br\/cienciashumanas\/wp-content\/uploads\/2025\/05\/PAULO-CESAR-MARQUES-HOLANDA.pdf\"><strong>PAULO C\u00c9SAR MARQUES HOLANDA<\/strong><\/a><br><strong>T\u00edtulo da Disserta\u00e7\u00e3o: <\/strong><em>(RE)EXIST\u00caNCIAS NO ALTO RIO NEGRO: A arte cer\u00e2mica Baniwa e suas rela\u00e7\u00f5es sociopol\u00edticas<\/em><br>Orientador: Alfredo Wagner Berno De Almeida<br><strong>Data da defesa: <\/strong>04\/06\/2020<br>Reposit\u00f3rio Institucional: <a href=\"https:\/\/ri.uea.edu.br\/handle\/riuea\/1818\" target=\"_blank\" rel=\"noreferrer noopener\">https:\/\/ri.uea.edu.br\/handle\/riuea\/1818<\/a><\/p>\n\n\n\n<p><a href=\"http:\/\/posgraduacao.uea.edu.br\/cienciashumanas\/wp-content\/uploads\/2025\/05\/Renato-Nunes-Rodrigues.pdf\"><strong>RENATO NUNES RODRIGUES<\/strong><\/a><br><strong>T\u00edtulo da Disserta\u00e7\u00e3o: <\/strong><em>AUDI\u00caNCIA P\u00daBLICA EM MANAUS: Instrumento democr\u00e1tico ou rito burocr\u00e1tico<\/em><br>Orientador: GIMIMA BEATRIZ MELO DA SILVA<br><strong>Data da defesa: <\/strong>27\/03\/2020<br>Reposit\u00f3rio Institucional: <a href=\"https:\/\/ri.uea.edu.br\/handle\/riuea\/1814\" target=\"_blank\" rel=\"noreferrer noopener\">https:\/\/ri.uea.edu.br\/handle\/riuea\/1814<\/a><\/p>\n\n\n\n<p><a href=\"http:\/\/posgraduacao.uea.edu.br\/cienciashumanas\/wp-content\/uploads\/2025\/05\/ROSA-MARIA-FERREIRA-DOS-SANTOS.pdf\"><strong>ROSA MARIA FERREIRA DOS SANTOS<\/strong><\/a><br><strong>T\u00edtulo da Disserta\u00e7\u00e3o: <\/strong><em>Identidades, saberes e territorialidades no mundo do trabalho das pescadoras de camar\u00e3o da Ilha do Tarar\u00e1 \u2013 TEF\u00c9 (AM)<\/em><br>Orientador: Pedro Henrique Coelho Rapozo<br><strong>Data da defesa: <\/strong>19\/05\/2020<br>Reposit\u00f3rio Institucional: <a href=\"https:\/\/ri.uea.edu.br\/handle\/riuea\/1801\" target=\"_blank\" rel=\"noreferrer noopener\">https:\/\/ri.uea.edu.br\/handle\/riuea\/1801<\/a><\/p>\n\n\n\n<p><a href=\"http:\/\/posgraduacao.uea.edu.br\/cienciashumanas\/wp-content\/uploads\/2025\/05\/ROSANNA-LIMA-DE-MENDONCA.pdf\"><strong>ROSANNA LIMA DE MENDON\u00c7A<\/strong><\/a><br><strong>T\u00edtulo da Disserta\u00e7\u00e3o: <\/strong><em>PATRIM\u00d4NIO INDUSTRIAL E MEM\u00d3RIA: A CERVEJARIA MIRANDA CORR\u00caA<\/em><br>Orientador: Rafael Ale Rocha<br><strong>Data da defesa: <\/strong>28\/05\/2020<br>Reposit\u00f3rio Institucional: <a href=\"https:\/\/ri.uea.edu.br\/handle\/riuea\/1809\" target=\"_blank\" rel=\"noreferrer noopener\">https:\/\/ri.uea.edu.br\/handle\/riuea\/1809<\/a><\/p>\n\n\n\n<p><a href=\"http:\/\/posgraduacao.uea.edu.br\/cienciashumanas\/wp-content\/uploads\/2025\/05\/Samuel-Lucena-de-Medeiros.pdf\"><strong>SAMUEL LUCENA DE MEDEIROS<\/strong><\/a><br><strong>T\u00edtulo da Disserta\u00e7\u00e3o: <\/strong><em>COMPRANDO SA\u00daDE: O consumo de rem\u00e9dios e seu contexto na Manaus Antiga (1892-1939)<\/em><br>Orientador: Tatiana De Lima Pedrosa Santos<br><strong>Data da defesa: <\/strong>21\/05\/2020<br>Reposit\u00f3rio Institucional: <a href=\"https:\/\/ri.uea.edu.br\/handle\/riuea\/1780\" target=\"_blank\" rel=\"noreferrer noopener\">https:\/\/ri.uea.edu.br\/handle\/riuea\/1780<\/a><\/p>\n\n\n\n<p><a href=\"http:\/\/posgraduacao.uea.edu.br\/cienciashumanas\/wp-content\/uploads\/2025\/05\/TALITA-MENEZES-DE-SOUZA.pdf\"><strong>TALITA MENEZES DE SOUZA<\/strong><\/a><br><strong>T\u00edtulo da Disserta\u00e7\u00e3o: <\/strong><em>MINAS DO RAP E BREAKDANCE EM MANAUS: da zona de conforto para a zona de confronto<\/em><br>Orientador: Rafael Ale Rocha<br><strong>Data da defesa: <\/strong>20\/05\/2020<br>Reposit\u00f3rio Institucional: <a href=\"https:\/\/ri.uea.edu.br\/handle\/riuea\/1744\" target=\"_blank\" rel=\"noreferrer noopener\">https:\/\/ri.uea.edu.br\/handle\/riuea\/1744<\/a><\/p>\n<\/div><\/div><\/div>\n<\/details>\n\n\n\n<details class=\"wp-block-stackable-accordion stk-block-accordion stk-inner-blocks stk-block-content stk--single-open stk-block stk-1341385 stk-block-background is-style-plus\" data-block-id=\"1341385\"><style>.stk-1341385 {background-color:#FFFFFF !important;box-shadow:0 5px 30px -10px #123f524d !important;padding-top:0px !important;padding-right:0px !important;padding-bottom:0px !important;padding-left:0px !important;}.stk-1341385:before{background-color:#FFFFFF !important;}<\/style>\n<summary class=\"wp-block-stackable-column stk-block-column stk-column stk-block stk-57cf935 stk--container-small stk-block-accordion__heading\" data-v=\"4\" data-block-id=\"57cf935\"><style>.stk-57cf935 {padding-top:8px !important;padding-right:32px !important;padding-bottom:8px !important;padding-left:32px !important;}<\/style><div class=\"stk-column-wrapper stk-block-column__content stk-container stk-57cf935-container stk--no-background stk--no-padding\"><div class=\"stk-block-content stk-inner-blocks stk-57cf935-inner-blocks\">\n<div class=\"wp-block-stackable-icon-label stk-block-icon-label stk-block stk-ce7610c\" data-block-id=\"ce7610c\"><div class=\"stk-row stk-inner-blocks stk-block-content\">\n<div class=\"wp-block-stackable-icon stk-block-icon stk-block stk-5981452\" data-block-id=\"5981452\"><span class=\"stk--svg-wrapper stk--has-icon2\"><div class=\"stk--inner-svg\"><svg style=\"height:0;width:0\"><defs><linearGradient id=\"linear-gradient-5981452\" x1=\"0\" x2=\"100%\" y1=\"0\" y2=\"0\"><stop offset=\"0%\" style=\"stop-opacity:1;stop-color:var(--linear-gradient-5981452-color-1)\"><\/stop><stop offset=\"100%\" style=\"stop-opacity:1;stop-color:var(--linear-gradient-5981452-color-2)\"><\/stop><\/linearGradient><\/defs><\/svg><svg data-prefix=\"fas\" data-icon=\"plus\" class=\"svg-inline--fa fa-plus fa-w-14\" xmlns=\"http:\/\/www.w3.org\/2000\/svg\" viewBox=\"0 0 448 512\" aria-hidden=\"true\" width=\"32\" height=\"32\"><path fill=\"currentColor\" d=\"M416 208H272V64c0-17.67-14.33-32-32-32h-32c-17.67 0-32 14.33-32 32v144H32c-17.67 0-32 14.33-32 32v32c0 17.67 14.33 32 32 32h144v144c0 17.67 14.33 32 32 32h32c17.67 0 32-14.33 32-32V304h144c17.67 0 32-14.33 32-32v-32c0-17.67-14.33-32-32-32z\"><\/path><\/svg><\/div><div class=\"stk--inner-svg stk--icon-2\" style=\"display:none\"><svg style=\"height:0;width:0\"><defs><linearGradient id=\"linear-gradient-5981452\" x1=\"0\" x2=\"100%\" y1=\"0\" y2=\"0\"><stop offset=\"0%\" style=\"stop-opacity:1;stop-color:var(--linear-gradient-5981452-color-1)\"><\/stop><stop offset=\"100%\" style=\"stop-opacity:1;stop-color:var(--linear-gradient-5981452-color-2)\"><\/stop><\/linearGradient><\/defs><\/svg><svg data-prefix=\"fas\" data-icon=\"minus\" class=\"svg-inline--fa fa-minus fa-w-14\" xmlns=\"http:\/\/www.w3.org\/2000\/svg\" viewBox=\"0 0 448 512\" aria-hidden=\"true\" width=\"32\" height=\"32\"><path fill=\"currentColor\" d=\"M416 208H32c-17.67 0-32 14.33-32 32v32c0 17.67 14.33 32 32 32h384c17.67 0 32-14.33 32-32v-32c0-17.67-14.33-32-32-32z\"><\/path><\/svg><\/div><\/span><\/div>\n\n\n\n<div class=\"wp-block-stackable-heading stk-block-heading stk-block-heading--v2 stk-block stk-b6609d7\" id=\"turma-2017\" data-block-id=\"b6609d7\"><h4 class=\"stk-block-heading__text\">Turma 2017<\/h4><\/div>\n<\/div><\/div>\n<\/div><\/div><\/summary>\n\n\n\n<div class=\"wp-block-stackable-column stk-block-column stk-column stk-block stk-3014422 stk-block-accordion__content\" data-v=\"4\" data-block-id=\"3014422\"><style>.stk-3014422-container{padding-top:0px !important;padding-bottom:8px !important;}<\/style><div class=\"stk-column-wrapper stk-block-column__content stk-container stk-3014422-container stk--no-background stk--no-padding\"><div class=\"stk-block-content stk-inner-blocks stk-3014422-inner-blocks\">\n<div class=\"wp-block-stackable-text stk-block-text stk-block stk-63ec84d\" data-block-id=\"63ec84d\"><p class=\"stk-block-text__text\"><a href=\"http:\/\/posgraduacao.uea.edu.br\/cienciashumanas\/wp-content\/uploads\/2025\/05\/ABRAHIM-SENA-BAZE-JUNIOR.pdf\"><strong>ABRAHIM SENA BAZE JUNIOR<\/strong><\/a><br><strong>T\u00edtulo da Disserta\u00e7\u00e3o: <\/strong><em>A CIDADE DE OTONI MESQUITA: Uma leitura da tela \u201cA PROCISS\u00c3O<\/em><br>Orientador: Otavio Rios Portela<br><strong>Data da defesa: <\/strong>05\/10\/2019<br>Reposit\u00f3rio Institucional: <a href=\"https:\/\/ri.uea.edu.br\/handle\/riuea\/1787\" target=\"_blank\" rel=\"noreferrer noopener\">https:\/\/ri.uea.edu.br\/handle\/riuea\/1787<\/a><\/p><\/div>\n\n\n\n<p><a href=\"http:\/\/posgraduacao.uea.edu.br\/cienciashumanas\/wp-content\/uploads\/2025\/05\/CAMILLA-DA-SILVA-CORREA.pdf\"><strong>CAMILLA DA SILVA CORR\u00caA<\/strong><\/a><br><strong>T\u00edtulo da Disserta\u00e7\u00e3o: <\/strong><em>RESSON\u00c2NCIAS DO FANT\u00c1STICO: Um estudo interartes de \u201cO Jardim das Del\u00edcias Terrenas\u201d<\/em><br>Orientador: Otavio Rios Portela<br><strong>Data da defesa: <\/strong>09\/05\/2019<br>Reposit\u00f3rio Institucional: <a href=\"https:\/\/ri.uea.edu.br\/handle\/riuea\/1808\" target=\"_blank\" rel=\"noreferrer noopener\">https:\/\/ri.uea.edu.br\/handle\/riuea\/1808<\/a><\/p>\n\n\n\n<p><a href=\"http:\/\/posgraduacao.uea.edu.br\/cienciashumanas\/wp-content\/uploads\/2025\/05\/Eliane-Gois-da-Silva.pdf\"><strong>ELIANE G\u00d3IS DA SILVA<\/strong><\/a><br><strong>T\u00edtulo da Disserta\u00e7\u00e3o: <\/strong><em>A TELA ENCANTADA: filmes de visagens e a reinven\u00e7\u00e3o das narrativas orais no cinema popular de Tef\u00e9<\/em><br>Orientador: Veronica Prudente Costa<br><strong>Data da defesa: <\/strong>27\/03\/2019<br>Reposit\u00f3rio Institucional: <a href=\"https:\/\/ri.uea.edu.br\/handle\/riuea\/1752\" target=\"_blank\" rel=\"noreferrer noopener\">https:\/\/ri.uea.edu.br\/handle\/riuea\/1752<\/a><\/p>\n\n\n\n<p><a href=\"http:\/\/posgraduacao.uea.edu.br\/cienciashumanas\/wp-content\/uploads\/2025\/05\/ELIAS-BANDEIRA-GOMES.pdf\"><strong>ELIAS BANDEIRA GOMES<\/strong><\/a><br><strong>T\u00edtulo da Disserta\u00e7\u00e3o: <\/strong><em>O SERVI\u00c7O DE ACOLHIMENTO DE CRIAN\u00c7AS JUNTO AO ABRIGO \u201cCASA MAM\u00c3E MARGARIDA\u201d: processo de (des)constru\u00e7\u00e3o de identidades impostas<\/em><br>Orientador: Roberto Sanches Mubarac Sobrinho<br><strong>Data da defesa: <\/strong>07\/10\/2019<br>Reposit\u00f3rio Institucional: <a href=\"https:\/\/ri.uea.edu.br\/handle\/riuea\/1743\" target=\"_blank\" rel=\"noreferrer noopener\">https:\/\/ri.uea.edu.br\/handle\/riuea\/1743<\/a><\/p>\n\n\n\n<p><a href=\"http:\/\/posgraduacao.uea.edu.br\/cienciashumanas\/wp-content\/uploads\/2025\/05\/GLEIDES-MEDINS-DE-MENEZES.pdf\"><strong>GLEIDES MEDINS DE MENEZES<\/strong><\/a><br><strong>T\u00edtulo da Disserta\u00e7\u00e3o: <\/strong><em>Produzindo a Vida: O etnoconhecimento da agricultura familiar na comunidade Nossa Senhora Aparecida da Costa do Ju\u00e7ara, munic\u00edpio de Coari-AM<\/em><br>Orientador: Pedro Henrique Coelho Rapozo<br><strong>Data da defesa: <\/strong>19\/06\/2019<br>Reposit\u00f3rio Institucional: <a href=\"https:\/\/ri.uea.edu.br\/handle\/riuea\/1797\" target=\"_blank\" rel=\"noreferrer noopener\">https:\/\/ri.uea.edu.br\/handle\/riuea\/1797<\/a><\/p>\n\n\n\n<p><a href=\"http:\/\/posgraduacao.uea.edu.br\/cienciashumanas\/wp-content\/uploads\/2025\/05\/JEANNE-ARAUJO-E-SILVA.pdf\"><strong>JEANNE ARA\u00daJO E SILVA<\/strong><\/a><br><strong>T\u00edtulo da Disserta\u00e7\u00e3o: <\/strong><em>CRIAN\u00c7AS TRANSG\u00caNERO: uma an\u00e1lise da produ\u00e7\u00e3o cient\u00edfica brasileira dos \u00faltimos cinco anos<\/em><br><em>Orientador: ROBERTO SANCHES MUBARAC SOBRINHO<\/em><br><em>Data da Defesa: <\/em>19\/08\/2019<br>Reposit\u00f3rio Institucional: <a href=\"https:\/\/ri.uea.edu.br\/handle\/riuea\/1775\" target=\"_blank\" rel=\"noreferrer noopener\">https:\/\/ri.uea.edu.br\/handle\/riuea\/1775<\/a><\/p>\n\n\n\n<p><a href=\"http:\/\/posgraduacao.uea.edu.br\/cienciashumanas\/wp-content\/uploads\/2025\/05\/LUANA-CRISTINA-DOS-SANTOS-DIAS.pdf\"><strong>LUANA CRISTINA DOS SANTOS DIAS<\/strong><\/a><br><strong>T\u00edtulo da Disserta\u00e7\u00e3o: <\/strong><em>TERRIT\u00d3RIOS DO TURISMO EM TERRIT\u00d3RIOS PROTEGIDOS: Processos de territorializa\u00e7\u00e3o e turismo na Reserva de Desenvolvimento Sustent\u00e1vel Puranga Conquista-AM<\/em><br>Orientador: Jocilene Gomes Da Cruz<br><strong>Data da defesa: <\/strong>29\/03\/2019<br>Reposit\u00f3rio Institucional: <a href=\"https:\/\/ri.uea.edu.br\/handle\/riuea\/1745\" target=\"_blank\" rel=\"noreferrer noopener\">https:\/\/ri.uea.edu.br\/handle\/riuea\/1745<\/a><\/p>\n\n\n\n<p><a href=\"http:\/\/posgraduacao.uea.edu.br\/cienciashumanas\/wp-content\/uploads\/2025\/05\/Luiz-Francisco-Loureiro.pdf\"><strong>LUIZ FRANCISCO LOUREIRO<\/strong><\/a><br><strong>T\u00edtulo da Disserta\u00e7\u00e3o: <\/strong><em>Dias de santos no lago Aman\u00e3: estudo hist\u00f3rico-antropol\u00f3gico de festejos do catolicismo ribeirinho amaz\u00f4nico<\/em><br>Orientador: Cristiane Da Silveira<br><strong>Data da defesa: <\/strong>10\/04\/2019<br>Reposit\u00f3rio Institucional: <a href=\"https:\/\/ri.uea.edu.br\/handle\/riuea\/1754\" target=\"_blank\" rel=\"noreferrer noopener\">https:\/\/ri.uea.edu.br\/handle\/riuea\/1754<\/a><\/p>\n\n\n\n<p><a href=\"http:\/\/posgraduacao.uea.edu.br\/cienciashumanas\/wp-content\/uploads\/2025\/05\/MARCIO-BRAZ-DOS-SANTOS-SANTANA.pdf\"><strong>M\u00c1RCIO BRAZ DOS SANTOS SANTANA<\/strong><\/a><br><strong>T\u00edtulo da Disserta\u00e7\u00e3o: <\/strong><em>\u201cDE VOLTA AO PICARESCO\u201d: Literatura e pol\u00edtica em a resist\u00edvel ascens\u00e3o do boto tucuxi de M\u00e1rcio Souza<\/em><br>Orientador: Rafael Ale Rocha<br><strong>Data da defesa: <\/strong>29\/05\/2019<br>Reposit\u00f3rio Institucional: <a href=\"https:\/\/ri.uea.edu.br\/handle\/riuea\/1749\" target=\"_blank\" rel=\"noreferrer noopener\">https:\/\/ri.uea.edu.br\/handle\/riuea\/1749<\/a><\/p>\n\n\n\n<p><a href=\"https:\/\/posgraduacao.uea.edu.br\/cienciashumanas\/index.php\/dissertacoes\/sim\"><strong>RAIMUNDO MEDEIROS DE SOUSA<\/strong><\/a><br><strong>T\u00edtulo da Disserta\u00e7\u00e3o: <\/strong><em>EMANCIPA\u00c7\u00c3O INTELECTUAL E COMUNICA\u00c7\u00c3O: As aventuras de tr\u00eas jovens amazonenses<\/em><br>Orientador: Guilherme Gitahy De Figueiredo<br><strong>Data Da defesa: 2019<\/strong><br>Reposit\u00f3rio Institucional: <a href=\"https:\/\/ri.uea.edu.br\/handle\/riuea\/1796\" target=\"_blank\" rel=\"noreferrer noopener\">https:\/\/ri.uea.edu.br\/handle\/riuea\/1796<\/a><\/p>\n\n\n\n<p><a href=\"http:\/\/posgraduacao.uea.edu.br\/cienciashumanas\/wp-content\/uploads\/2025\/05\/RAIZINARA-DE-OLIVEIRA-ZURRA.pdf\"><strong>RAIZINARA DE OLIVEIRA ZURRA<\/strong><\/a><br><strong>T\u00edtulo da Disserta\u00e7\u00e3o: <\/strong><em>CONHECIMENTOS TRADICIONAIS: Um estudo sobre as hist\u00f3rias e narrativas orais das pr\u00e1ticas extrativistas da coleta da castanha na Comunidade Santo Isidoro\/Tef\u00e9-AM<\/em><br>Orientador: Jocilene Gomes Da Cruz<br><strong>Data da defesa: <\/strong>27\/08\/2019<br>Reposit\u00f3rio Institucional: <a href=\"https:\/\/ri.uea.edu.br\/handle\/riuea\/1765\" target=\"_blank\" rel=\"noreferrer noopener\">https:\/\/ri.uea.edu.br\/handle\/riuea\/1765<\/a><\/p>\n\n\n\n<p><a href=\"http:\/\/posgraduacao.uea.edu.br\/cienciashumanas\/wp-content\/uploads\/2025\/05\/Thaila-Bastos-da-Fonseca.pdf\"><strong>THAILA BASTOS DA FONSECA<\/strong><\/a><br><strong>T\u00edtulo da Disserta\u00e7\u00e3o: <\/strong><em>NARRATIVAS AMAZ\u00d4NICAS: Representa\u00e7\u00f5es do Mito do Boto nas Narrativas dos Moradores Antigos da Comunidade da Miss\u00e3o Tef\u00e9-Amazonas<\/em><br>Orientador: Veronica Prudente Costa<br><strong>Data da defesa: <\/strong>23\/03\/2019<br>Reposit\u00f3rio Institucional: <a href=\"https:\/\/ri.uea.edu.br\/handle\/riuea\/1779\" target=\"_blank\" rel=\"noreferrer noopener\">https:\/\/ri.uea.edu.br\/handle\/riuea\/1779<\/a><\/p>\n\n\n\n<p><a href=\"http:\/\/posgraduacao.uea.edu.br\/cienciashumanas\/wp-content\/uploads\/2025\/05\/Venus-Maely-Garcia-de-Oliveira.pdf\"><strong>V\u00caNUS MA\u00c9LY GARCIA DE OLIVEIRA<\/strong><\/a><br><strong>T\u00edtulo da Disserta\u00e7\u00e3o: <\/strong><em>Aprendendo l\u00edngua estrangeira a partir das contribui\u00e7\u00f5es dos jogos teatrais<\/em><br>Orientador: Eneila Almeida Dos Santos<br><strong>Data da defesa: <\/strong>16\/05\/2019<br>Reposit\u00f3rio Institucional: <a href=\"https:\/\/ri.uea.edu.br\/handle\/riuea\/1742\" target=\"_blank\" rel=\"noreferrer noopener\">https:\/\/ri.uea.edu.br\/handle\/riuea\/1742<\/a><\/p>\n<\/div><\/div><\/div>\n<\/details>\n\n\n\n<details class=\"wp-block-stackable-accordion stk-block-accordion stk-inner-blocks stk-block-content stk--single-open stk-block stk-ba081be stk-block-background is-style-plus\" data-block-id=\"ba081be\"><style>.stk-ba081be {background-color:#FFFFFF !important;box-shadow:0 5px 30px -10px #123f524d !important;padding-top:0px !important;padding-right:0px !important;padding-bottom:0px !important;padding-left:0px !important;}.stk-ba081be:before{background-color:#FFFFFF !important;}<\/style>\n<summary class=\"wp-block-stackable-column stk-block-column stk-column stk-block stk-df353d4 stk--container-small stk-block-accordion__heading\" data-v=\"4\" data-block-id=\"df353d4\"><style>.stk-df353d4 {padding-top:8px !important;padding-right:32px !important;padding-bottom:8px !important;padding-left:32px !important;}<\/style><div class=\"stk-column-wrapper stk-block-column__content stk-container stk-df353d4-container stk--no-background stk--no-padding\"><div class=\"stk-block-content stk-inner-blocks stk-df353d4-inner-blocks\">\n<div class=\"wp-block-stackable-icon-label stk-block-icon-label stk-block stk-6e4df32\" data-block-id=\"6e4df32\"><div class=\"stk-row stk-inner-blocks stk-block-content\">\n<div class=\"wp-block-stackable-icon stk-block-icon stk-block stk-6326865\" data-block-id=\"6326865\"><span class=\"stk--svg-wrapper stk--has-icon2\"><div class=\"stk--inner-svg\"><svg style=\"height:0;width:0\"><defs><linearGradient id=\"linear-gradient-6326865\" x1=\"0\" x2=\"100%\" y1=\"0\" y2=\"0\"><stop offset=\"0%\" style=\"stop-opacity:1;stop-color:var(--linear-gradient-6326865-color-1)\"><\/stop><stop offset=\"100%\" style=\"stop-opacity:1;stop-color:var(--linear-gradient-6326865-color-2)\"><\/stop><\/linearGradient><\/defs><\/svg><svg data-prefix=\"fas\" data-icon=\"plus\" class=\"svg-inline--fa fa-plus fa-w-14\" xmlns=\"http:\/\/www.w3.org\/2000\/svg\" viewBox=\"0 0 448 512\" aria-hidden=\"true\" width=\"32\" height=\"32\"><path fill=\"currentColor\" d=\"M416 208H272V64c0-17.67-14.33-32-32-32h-32c-17.67 0-32 14.33-32 32v144H32c-17.67 0-32 14.33-32 32v32c0 17.67 14.33 32 32 32h144v144c0 17.67 14.33 32 32 32h32c17.67 0 32-14.33 32-32V304h144c17.67 0 32-14.33 32-32v-32c0-17.67-14.33-32-32-32z\"><\/path><\/svg><\/div><div class=\"stk--inner-svg stk--icon-2\" style=\"display:none\"><svg style=\"height:0;width:0\"><defs><linearGradient id=\"linear-gradient-6326865\" x1=\"0\" x2=\"100%\" y1=\"0\" y2=\"0\"><stop offset=\"0%\" style=\"stop-opacity:1;stop-color:var(--linear-gradient-6326865-color-1)\"><\/stop><stop offset=\"100%\" style=\"stop-opacity:1;stop-color:var(--linear-gradient-6326865-color-2)\"><\/stop><\/linearGradient><\/defs><\/svg><svg data-prefix=\"fas\" data-icon=\"minus\" class=\"svg-inline--fa fa-minus fa-w-14\" xmlns=\"http:\/\/www.w3.org\/2000\/svg\" viewBox=\"0 0 448 512\" aria-hidden=\"true\" width=\"32\" height=\"32\"><path fill=\"currentColor\" d=\"M416 208H32c-17.67 0-32 14.33-32 32v32c0 17.67 14.33 32 32 32h384c17.67 0 32-14.33 32-32v-32c0-17.67-14.33-32-32-32z\"><\/path><\/svg><\/div><\/span><\/div>\n\n\n\n<div class=\"wp-block-stackable-heading stk-block-heading stk-block-heading--v2 stk-block stk-4dde202\" id=\"turma-2016\" data-block-id=\"4dde202\"><h4 class=\"stk-block-heading__text\">Turma 2016<\/h4><\/div>\n<\/div><\/div>\n<\/div><\/div><\/summary>\n\n\n\n<div class=\"wp-block-stackable-column stk-block-column stk-column stk-block stk-a3dc506 stk-block-accordion__content\" data-v=\"4\" data-block-id=\"a3dc506\"><style>.stk-a3dc506-container{padding-top:0px !important;padding-bottom:8px !important;}<\/style><div class=\"stk-column-wrapper stk-block-column__content stk-container stk-a3dc506-container stk--no-background stk--no-padding\"><div class=\"stk-block-content stk-inner-blocks stk-a3dc506-inner-blocks\">\n<div class=\"wp-block-stackable-text stk-block-text stk-block stk-718ea0f\" data-block-id=\"718ea0f\"><p class=\"stk-block-text__text\"><a href=\"http:\/\/posgraduacao.uea.edu.br\/cienciashumanas\/wp-content\/uploads\/2025\/05\/ALEXANDRE-RODRIGUES-GOMES.pdf\"><strong>ALEXANDRE RODRIGUES GOMES<\/strong><\/a><br><strong>T\u00edtulo da Disserta\u00e7\u00e3o: <\/strong><em>Cartografia do Expressionismo na Literatura de L\u00edngua Portuguesa<\/em><br>Orientador: Otavio Rios Portela<br>Data da Defesa: 24\/08\/2018<br>Reposit\u00f3rio Institucional: <a href=\"https:\/\/ri.uea.edu.br\/handle\/riuea\/1755\" target=\"_blank\" rel=\"noreferrer noopener\">https:\/\/ri.uea.edu.br\/handle\/riuea\/1755<\/a><\/p><\/div>\n\n\n\n<p><a href=\"http:\/\/posgraduacao.uea.edu.br\/cienciashumanas\/wp-content\/uploads\/2025\/05\/ANA-CLAUDIA-TORRES-GONCALVES.pdf\"><strong>ANA CL\u00c1UDIA TORRES GON\u00c7ALVES<\/strong><\/a><br><strong>T\u00edtulo da Disserta\u00e7\u00e3o: <\/strong><em>Os conhecimentos tradicionais nas pr\u00e1ticas de manejo de pirarucu (Arapaima gigas) no m\u00e9dio Solim\u00f5es, Amazonas<\/em><br>Orientador: Nelissa Peralta<br>Data da Defesa: 27\/08\/2018<br>Reposit\u00f3rio Institucional: <a href=\"https:\/\/ri.uea.edu.br\/handle\/riuea\/1786\" target=\"_blank\" rel=\"noreferrer noopener\">https:\/\/ri.uea.edu.br\/handle\/riuea\/1786<\/a><\/p>\n\n\n\n<p><a href=\"http:\/\/posgraduacao.uea.edu.br\/cienciashumanas\/wp-content\/uploads\/2025\/05\/CARMEN-LYSIA-QUINTINO-NOGUEIRA.pdf\"><strong>CARMEN LYSIA QUINTINO NOGUEIRA<\/strong><\/a><br><strong>T\u00edtulo da Disserta\u00e7\u00e3o: <\/strong><em>Humor e ironia: um estudo sobre os movimentos originados no Bar do Armando<\/em><br>Orientador: Geraldo Jorge Tupinamba Do Valle<br>Data Da Defesa: 02\/10\/2018<br>Reposit\u00f3rio Institucional: <a href=\"https:\/\/ri.uea.edu.br\/handle\/riuea\/1799\" target=\"_blank\" rel=\"noreferrer noopener\">https:\/\/ri.uea.edu.br\/handle\/riuea\/1799<\/a><\/p>\n\n\n\n<p><a href=\"http:\/\/posgraduacao.uea.edu.br\/cienciashumanas\/wp-content\/uploads\/2025\/05\/CRISTIANY-TORRES-DE-CARVALHO-AMARO.pdf\"><strong>CRISTIANY TORRES DE CARVALHO AMARO<\/strong><\/a><br><strong>T\u00edtulo da Disserta\u00e7\u00e3o: <\/strong><em>A floresta nacional de Tef\u00e9 e a universidade: lugares de constru\u00e7\u00e3o de intelectualidades<\/em><br>Orientador: Guilherme Gitahy De Figueiredo<br>Data Da Defesa: 24\/08\/2018<br>Reposit\u00f3rio Institucional: <a href=\"https:\/\/ri.uea.edu.br\/handle\/riuea\/1791\" target=\"_blank\" rel=\"noreferrer noopener\">https:\/\/ri.uea.edu.br\/handle\/riuea\/1791<\/a><\/p>\n\n\n\n<p><a href=\"http:\/\/posgraduacao.uea.edu.br\/cienciashumanas\/wp-content\/uploads\/2025\/05\/DARLE-SILVA-TEIXEIRA.pdf\"><strong>DARLE SILVA TEIXEIRA<\/strong><\/a><br><strong>T\u00edtulo da Disserta\u00e7\u00e3o: <\/strong><em>O Beirad\u00e3o est\u00e1 em festa: A obra musical de Teixeira de Manaus nos anos 80 e sua influ\u00eancia junto \u00e0s festas de beirad\u00e3o<\/em>&nbsp;<br>Orientador: Bernardo Thiago Paiva Mesquita<br>Data Da Defesa: 20\/08\/2018<br>Reposit\u00f3rio Institucional: <a href=\"https:\/\/ri.uea.edu.br\/handle\/riuea\/1803\" target=\"_blank\" rel=\"noreferrer noopener\">https:\/\/ri.uea.edu.br\/handle\/riuea\/1803<\/a><\/p>\n\n\n\n<p><a href=\"http:\/\/posgraduacao.uea.edu.br\/cienciashumanas\/wp-content\/uploads\/2025\/05\/DAYANNE-CRISTINE-PIRES-DAGNAISSER.pdf\"><strong>DAYANNE CRISTINE PIRES DAGNAISSER<\/strong><\/a><br><strong>T\u00edtulo da Disserta\u00e7\u00e3o: <\/strong><em>PARA AL\u00c9M DO ESPET\u00c1CULO: Folclore e Patrim\u00f4nio nos Bois-Bumb\u00e1s de Parintins-AM<\/em><br>Orientador: L\u00facia Marina Puga Ferreira<br>Data Da Defesa: 30\/08\/2018<br>Reposit\u00f3rio Institucional: <a href=\"https:\/\/ri.uea.edu.br\/handle\/riuea\/1805\" target=\"_blank\" rel=\"noreferrer noopener\">https:\/\/ri.uea.edu.br\/handle\/riuea\/1805<\/a><strong><a href=\"http:\/\/posgraduacao.uea.edu.br\/cienciashumanas\/wp-content\/uploads\/2025\/05\/DENIR-SILVA-DE-SOUZA.pdf\"><\/a><\/strong><\/p>\n\n\n\n<p><strong><a href=\"http:\/\/posgraduacao.uea.edu.br\/cienciashumanas\/wp-content\/uploads\/2025\/05\/DENIR-SILVA-DE-SOUZA.pdf\">DENIR SILVA DE SOUZA<\/a><\/strong><br><strong>T\u00edtulo da Disserta\u00e7\u00e3o: <\/strong><em>Representa\u00e7\u00f5es do Papel da Mulher no Seringal nas Narrativas Terra Ca\u00edda e \u201cMaibi\u201d<\/em><br>Orientador: Veronica Prudente Costa<br>Data Da Defesa: 16\/08\/2018<br>Reposit\u00f3rio Institucional: <a href=\"https:\/\/ri.uea.edu.br\/handle\/riuea\/1769\" target=\"_blank\" rel=\"noreferrer noopener\">https:\/\/ri.uea.edu.br\/handle\/riuea\/1769<\/a><\/p>\n\n\n\n<p><a href=\"http:\/\/posgraduacao.uea.edu.br\/cienciashumanas\/wp-content\/uploads\/2025\/05\/DENISE-TERESINHA-MACHADO-SOARES-DE-SOUZA.pdf\"><strong>DENISE TERESINHA MACHADO SOARES DE SOUZA<\/strong><\/a><br><strong>T\u00edtulo da Disserta\u00e7\u00e3o: <\/strong><em>A Constru\u00e7\u00e3o de Representa\u00e7\u00f5es Discursivas em Publicidades Tur\u00edsticas sobre o Estado do Amazonas<\/em><br>Orientador: Neiva Maria Machado Soares<br>Data Da Defesa: 01\/10\/2018<br>Reposit\u00f3rio Institucional: <a href=\"https:\/\/ri.uea.edu.br\/handle\/riuea\/1748\">https:\/\/ri.uea.edu.br\/handle\/riuea\/1748<\/a><\/p>\n\n\n\n<p><a href=\"http:\/\/posgraduacao.uea.edu.br\/cienciashumanas\/wp-content\/uploads\/2025\/05\/ELIOMARA-RAMOS-MARTINS.pdf\"><strong>ELIOMARA RAMOS MARTINS<\/strong><\/a><br><strong>T\u00edtulo da Disserta\u00e7\u00e3o: <\/strong><em>Nossa sala de aula ser\u00e1 o M\u00e9dio Solim\u00f5es\u201d: A aprendizagem no contexto do Centro Vocacional Tecnol\u00f3gico \u2013 Tecnologias Sociais da Amaz\u00f4nia<\/em><br>Orientador: Nelissa Peralta Bezerra<br>Data Da Defesa: 29\/08\/2018<br>Reposit\u00f3rio Institucional: <a href=\"https:\/\/ri.uea.edu.br\/handle\/riuea\/1768\">https:\/\/ri.uea.edu.br\/handle\/riuea\/1768<\/a><\/p>\n\n\n\n<p><a href=\"http:\/\/posgraduacao.uea.edu.br\/cienciashumanas\/wp-content\/uploads\/2025\/05\/FABRICIA-TAVARES-RIBEIRO.pdf\"><strong>FABR\u00cdCIA TAVARES RIBEIRO<\/strong><\/a><br><strong>T\u00edtulo da Disserta\u00e7\u00e3o: <\/strong><em>Direito das crian\u00e7as \u00e0 educa\u00e7\u00e3o em creches na cidade de Manaus<\/em><br>Orientador: Roberto Sanches Mubarac Sobrinho<br>Data Da Defesa: 11\/04\/2019<br>Reposit\u00f3rio Institucional: <a href=\"https:\/\/ri.uea.edu.br\/handle\/riuea\/1758\" target=\"_blank\" rel=\"noreferrer noopener\">https:\/\/ri.uea.edu.br\/handle\/riuea\/1758<\/a><\/p>\n\n\n\n<p><a href=\"http:\/\/posgraduacao.uea.edu.br\/cienciashumanas\/wp-content\/uploads\/2025\/05\/FELIPE-RAMOS-DE-LIMA.pdf\"><strong>FELIPE RAMOS DE LIMA<\/strong><\/a><br><strong>T\u00edtulo da Disserta\u00e7\u00e3o: <\/strong><em>Vozes da Descoloniza\u00e7\u00e3o: Narrativas de ex-alunos do Centro de Estudos Superiores de Tef\u00e9 da Universidade do Estado do Amazonas (CEST-UEA)<\/em><br>Orientador: Guilherme Gitahy De Figueiredo<br>Data da Defesa: 15\/08\/2018<br>Reposit\u00f3rio Institucional: <a href=\"https:\/\/ri.uea.edu.br\/handle\/riuea\/1762\" target=\"_blank\" rel=\"noreferrer noopener\">https:\/\/ri.uea.edu.br\/handle\/riuea\/1762<\/a><\/p>\n\n\n\n<p><a href=\"http:\/\/posgraduacao.uea.edu.br\/cienciashumanas\/wp-content\/uploads\/2025\/05\/FILIPE-FROTA-DE-FRANCA.pdf\"><strong>FILIPE FROTA DE FRAN\u00c7A<\/strong><\/a><br><strong>T\u00edtulo da Disserta\u00e7\u00e3o: <\/strong><em>As Pol\u00edticas de a\u00e7\u00f5es afirmativas e as trajet\u00f3rias de alunos ind\u00edgenas no Centro de Estudos Superiores de Tef\u00e9 da Universidade do Estado do Amazonas (2005-2018)<\/em><br>Orientador: Cristiane Da Silveira<br>Data da Defesa: 15\/08\/2018<br>Reposit\u00f3rio Institucional: <a href=\"https:\/\/ri.uea.edu.br\/handle\/riuea\/1767\" target=\"_blank\" rel=\"noreferrer noopener\">https:\/\/ri.uea.edu.br\/handle\/riuea\/1767<\/a><\/p>\n\n\n\n<p><a href=\"http:\/\/posgraduacao.uea.edu.br\/cienciashumanas\/wp-content\/uploads\/2025\/05\/Glaunara-Mendonca-de-Oliveira.pdf\"><strong>GLAUNARA MENDON\u00c7A DE OLIVEIRA<\/strong><\/a><br><strong>T\u00edtulo da Disserta\u00e7\u00e3o: <\/strong><em>MUROS QUE N\u00c3O SEPARAM \u2013 A ARTE DE RUA EM MANAUS: A identidade ind\u00edgena e sua representa\u00e7\u00e3o em murais grafitados<\/em><br>Orientador: Neiva Maria Machado Soares<br>Data Da Defesa: 30\/10\/2018<br>Reposit\u00f3rio Institucional: <a href=\"https:\/\/ri.uea.edu.br\/handle\/riuea\/1759\" target=\"_blank\" rel=\"noreferrer noopener\">https:\/\/ri.uea.edu.br\/handle\/riuea\/1759<\/a><\/p>\n\n\n\n<p><a href=\"http:\/\/posgraduacao.uea.edu.br\/cienciashumanas\/wp-content\/uploads\/2025\/05\/MADIRSON-FRANCISCO-SOUZA.pdf\"><strong>MADIRSON FRANCISCO SOUZA<\/strong><\/a><br><strong>T\u00edtulo da Disserta\u00e7\u00e3o: <\/strong><em>O CORPO CONTEMPOR\u00c2NEO DOS TIKUNA: Pol\u00edtica, Identidade e Territ\u00f3rio<\/em><br>Orientador: Pedro Henrique Coelho Rapozo<br>Data Da Defesa: 03\/09\/2018<br>Reposit\u00f3rio Institucional: <a href=\"https:\/\/ri.uea.edu.br\/handle\/riuea\/1761\" target=\"_blank\" rel=\"noreferrer noopener\">https:\/\/ri.uea.edu.br\/handle\/riuea\/1761<\/a><\/p>\n\n\n\n<p><a href=\"http:\/\/posgraduacao.uea.edu.br\/cienciashumanas\/wp-content\/uploads\/2025\/05\/MARCOS-ALAN-COSTA-FARIAS.pdf\"><strong>MARCOS ALAN COSTA FARIAS<\/strong><\/a><br><strong>T\u00edtulo da Disserta\u00e7\u00e3o: <\/strong><em>\u201cGRUPO CULTURAL ENCANTO DO QUILOMBO: uma etnografia da pr\u00e1tica musical\u201d<\/em><br>Orientador: Bernardo Thiago Paiva Mesquita<br>Data Da Defesa: 02\/08\/2018<br>Reposit\u00f3rio Institucional: <a href=\"https:\/\/ri.uea.edu.br\/handle\/riuea\/1764\" target=\"_blank\" rel=\"noreferrer noopener\">https:\/\/ri.uea.edu.br\/handle\/riuea\/1764<\/a><\/p>\n\n\n\n<p><a href=\"http:\/\/posgraduacao.uea.edu.br\/cienciashumanas\/wp-content\/uploads\/2025\/05\/Mariah-Rafaela-Cordeiro-Gonzaga-da-Silva.pdf\"><strong>MARIAH RAFAELA CORDEIRO GONZAGA DA SILVA<\/strong><\/a><br><strong>T\u00edtulo da Disserta\u00e7\u00e3o: <\/strong><em>CORPOS ANTROPOF\u00c1GICOS: Superm\u00e1quina e interseccionalidades em cartoescrita de fluxos indisciplinares<\/em><br>Orientador: L\u00facia Marina Puga Ferreira<br>Data Da Defesa: 17\/08\/2018<br>Reposit\u00f3rio Institucional: <a href=\"https:\/\/ri.uea.edu.br\/handle\/riuea\/1766\" target=\"_blank\" rel=\"noreferrer noopener\">https:\/\/ri.uea.edu.br\/handle\/riuea\/1766<\/a><\/p>\n\n\n\n<p><a href=\"https:\/\/posgraduacao.uea.edu.br\/cienciashumanas\/index.php\/dissertacoes\/MURANA%20ARENILLAS%20OLIVEIRA\"><strong>MURANA ARENILLAS OLIVEIRA<\/strong><\/a><br><strong>T\u00edtulo da Disserta\u00e7\u00e3o: <\/strong><em>ENTRE O ESPELHO E O REFLEXO: cultura material, patrim\u00f4nio e mem\u00f3ria atrav\u00e9s da leitura da cole\u00e7\u00e3o do Sr. Barr\u00f4 pertencente ao Museu de Arqueologia e Hist\u00f3ria de Mau\u00e9s-AM<\/em><br>Orientador: Tatiana De Lima Pedrosa Santos<br>Data Da Defesa: 01\/10\/2018<br>Reposit\u00f3rio Institucional: <a href=\"https:\/\/ri.uea.edu.br\/handle\/riuea\/1756\" target=\"_blank\" rel=\"noreferrer noopener\">https:\/\/ri.uea.edu.br\/handle\/riuea\/1756<\/a><\/p>\n\n\n\n<p><a href=\"http:\/\/posgraduacao.uea.edu.br\/cienciashumanas\/wp-content\/uploads\/2025\/05\/Peterson-Medeiros-Colares.pdf\"><strong>PETERSON MEDEIROS COLARES<\/strong><\/a><strong><br>T\u00edtulo da Disserta\u00e7\u00e3o: <\/strong>Mem\u00f3ria Biocultural e sua articula\u00e7\u00e3o com os saberes escolares na Aldeia NovaEsperan\u00e7a, Manaus-AM<br>Orientador: Edilza Laray De Jesus<br>Data Da Defesa: 04\/09\/2018<br>Reposit\u00f3rio Institucional: <a href=\"https:\/\/ri.uea.edu.br\/handle\/riuea\/1757\" target=\"_blank\" rel=\"noreferrer noopener\">https:\/\/ri.uea.edu.br\/handle\/riuea\/1757<\/a><\/p>\n\n\n\n<p><a href=\"http:\/\/posgraduacao.uea.edu.br\/cienciashumanas\/wp-content\/uploads\/2025\/05\/ROSSINI-PEREIRA-MADURO.pdf\"><strong>ROSSINI PEREIRA MADURO<\/strong><\/a><br><strong>T\u00edtulo da Disserta\u00e7\u00e3o: <\/strong><em>O processo de afirma\u00e7\u00e3o da identidade \u00e9tnica dos Borari de Alter do Ch\u00e3o-PA<\/em><br>Orientador: Jocilene Gomes Da Cruz<br>Data Da Defesa: 03\/09\/2018<br>Reposit\u00f3rio Institucional: <a href=\"https:\/\/ri.uea.edu.br\/handle\/riuea\/1830\" target=\"_blank\" rel=\"noreferrer noopener\">https:\/\/ri.uea.edu.br\/handle\/riuea\/1830<\/a><strong><a href=\"http:\/\/posgraduacao.uea.edu.br\/cienciashumanas\/wp-content\/uploads\/2025\/05\/Tiziane-Assuncao-Virgilio.pdf\"><\/a><\/strong><\/p>\n\n\n\n<p><strong><a href=\"http:\/\/posgraduacao.uea.edu.br\/cienciashumanas\/wp-content\/uploads\/2025\/05\/Tiziane-Assuncao-Virgilio.pdf\">TIZIANE ASSUN\u00c7\u00c3O VIRG\u00cdLIO<\/a><\/strong><br><strong>T\u00edtulo da Disserta\u00e7\u00e3o: <\/strong><em>FESTIVAL BREVES CENAS DE TEATRO: um evento contempor\u00e2neo em Manaus<\/em><br>Orientador: Eneila Almeida Dos Santos<br>Data Da Defesa: 25\/06\/2018<br>Reposit\u00f3rio Institucional: <a href=\"https:\/\/ri.uea.edu.br\/handle\/riuea\/1753\" target=\"_blank\" rel=\"noreferrer noopener\">https:\/\/ri.uea.edu.br\/handle\/riuea\/1753<\/a><\/p>\n\n\n\n<p><a href=\"http:\/\/posgraduacao.uea.edu.br\/cienciashumanas\/wp-content\/uploads\/2025\/05\/VINICIUS-ALVES-DA-ROSA.pdf\"><strong>VIN\u00cdCIUS ALVES DA ROSA<\/strong><\/a><br><strong>T\u00edtulo da Disserta\u00e7\u00e3o: <\/strong><em>A Comunidade do Barranco de S\u00e3o Benedito em Manaus: Processos para o reconhecimento do territ\u00f3rio Quilombola<\/em><br>Orientador: Alfredo Wagner Berno De Almeida<br>Data Da Defesa: 31\/08\/2018<br>Reposit\u00f3rio Institucional: <a href=\"https:\/\/ri.uea.edu.br\/handle\/riuea\/1760\" target=\"_blank\" rel=\"noreferrer noopener\">https:\/\/ri.uea.edu.br\/handle\/riuea\/1760<\/a><\/p>\n\n\n\n<p><a href=\"http:\/\/posgraduacao.uea.edu.br\/cienciashumanas\/wp-content\/uploads\/2025\/05\/Viviane-Alves-da-Silva-Dutra.pdf\"><strong>VIVIANE ALVES DA SILVA DUTRA<\/strong><\/a><br><strong>T\u00edtulo da Disserta\u00e7\u00e3o: <\/strong><em>PROSAMIM \u2013 BID: uma experi\u00eancia de reassentamento de pessoas<\/em><br>Orientador: Gimima Beatriz Melo Da Silva<br>Data Da Defesa: 27\/08\/2018<br>Reposit\u00f3rio Institucional: <a href=\"https:\/\/ri.uea.edu.br\/handle\/riuea\/1747\" target=\"_blank\" rel=\"noreferrer noopener\">https:\/\/ri.uea.edu.br\/handle\/riuea\/1747<\/a><\/p>\n<\/div><\/div><\/div>\n<\/details>\n\n\n\n<div class=\"wp-block-columns is-layout-flex wp-container-core-columns-is-layout-28f84493 wp-block-columns-is-layout-flex\">\n<div class=\"wp-block-column is-layout-flow wp-block-column-is-layout-flow\"><\/div>\n<\/div>\n\n\n\n<div class=\"wp-block-stackable-spacer stk-block-spacer stk--no-padding stk-block stk-b2c1613\" data-block-id=\"b2c1613\"><style>.stk-b2c1613 {height:0px !important;}@media screen and (max-width:999px){.stk-b2c1613 {height:70px !important;}}<\/style><\/div>\n\n\n\n<div class=\"wp-block-group is-nowrap is-layout-flex wp-container-core-group-is-layout-6c531013 wp-block-group-is-layout-flex\">\n<div class=\"wp-block-stackable-spacer stk-block-spacer stk--no-padding stk-block stk-bf33017\" data-block-id=\"bf33017\"><style>.stk-bf33017 {height:130px !important;}@media screen and (max-width:999px){.stk-bf33017 {height:70px !important;}}<\/style><\/div>\n<\/div>\n\n\n\n<div class=\"wp-block-stackable-columns alignfull stk-block-columns stk-block stk-80ce3af stk-block-background stk--has-background-overlay\" data-block-id=\"80ce3af\"><style>.stk-80ce3af {background-color:linear-gradient(180deg, #ffffff 50%, var(--theme-palette-color-4, #102136) 50%) !important;margin-bottom:0px !important;}.stk-80ce3af:before{background-image:linear-gradient(180deg, #ffffff 50%, var(--theme-palette-color-4, #102136) 50%) !important;}<\/style><div class=\"stk-row stk-inner-blocks stk-block-content stk-content-align stk-80ce3af-column\">\n<div class=\"wp-block-stackable-column stk-block-column stk-column stk-block stk-6ddbaf2 stk-block-background stk--has-background-overlay\" data-v=\"4\" data-block-id=\"6ddbaf2\"><style>.stk-6ddbaf2-container{margin-top:0px !important;margin-right:0px !important;margin-bottom:0px !important;margin-left:0px !important;}.stk-6ddbaf2 {background-image:url(http:\/\/posgraduacao.uea.edu.br\/cienciashumanas\/wp-content\/uploads\/2025\/02\/20240612_1116360-scaled.jpg) !important;border-top-left-radius:10px !important;border-top-right-radius:10px !important;border-bottom-right-radius:10px !important;border-bottom-left-radius:10px !important;overflow:hidden !important;padding-top:100px !important;padding-right:150px !important;padding-bottom:100px !important;padding-left:150px !important;}@media screen and (max-width:999px){.stk-6ddbaf2 {padding-top:80px !important;padding-right:150px !important;padding-bottom:80px !important;padding-left:150px !important;}}@media screen and (max-width:689px){.stk-6ddbaf2 {padding-top:60px !important;padding-right:50px !important;padding-bottom:60px !important;padding-left:50px !important;}}<\/style><div class=\"stk-column-wrapper stk-block-column__content stk-container stk-6ddbaf2-container stk--no-background stk--no-padding\"><div class=\"has-text-align-center stk-block-content stk-inner-blocks stk-6ddbaf2-inner-blocks\">\n<div class=\"wp-block-stackable-heading stk-block-heading stk-block-heading--v2 stk-block stk-8054442\" id=\"programa-de-pos-graduacao-interdisciplinar-em-ciencias-humanas\" data-block-id=\"8054442\"><style>.stk-8054442 {margin-bottom:10px !important;}.stk-8054442 .stk-block-heading__text{color:var(--theme-palette-color-8, #ffffff) !important;font-weight:800 !important;}@media screen and (max-width:689px){.stk-8054442 .stk-block-heading__text{font-size:25px !important;}}<\/style><h2 class=\"stk-block-heading__text has-text-color stk-block-heading--use-theme-margins\">Programa de P\u00f3s-gradua\u00e7\u00e3o Interdisciplinar em Ci\u00eancias Humanas<\/h2><\/div>\n\n\n\n<div class=\"wp-block-stackable-text stk-block-text stk-block stk-7e574b6\" data-block-id=\"7e574b6\"><style>.stk-7e574b6 {margin-bottom:40px !important;}.stk-7e574b6 .stk-block-text__text{color:var(--theme-palette-color-8, #ffffff) !important;}<\/style><p class=\"stk-block-text__text has-text-color\">Vinculado \u00e0 UNIDADE ACAD\u00caMICA do Programa<\/p><\/div>\n\n\n\n<div class=\"wp-block-stackable-button-group stk-block-button-group stk-block stk-cc4a772\" data-block-id=\"cc4a772\"><div class=\"stk-row stk-inner-blocks stk-block-content stk-button-group\">\n<div class=\"wp-block-stackable-button stk-block-button stk-block stk-f63b751\" data-block-id=\"f63b751\"><style>.stk-f63b751 .stk-button{padding-top:12px !important;padding-right:30px !important;padding-bottom:12px !important;padding-left:30px !important;}<\/style><a class=\"stk-link stk-button stk--hover-effect-darken\" href=\"https:\/\/posgraduacao.uea.edu.br\/cienciashumanas\/index.php\/contato\/\"><span class=\"stk-button__inner-text\">Fale Conosco<\/span><\/a><\/div>\n<\/div><\/div>\n<\/div><\/div><\/div>\n<\/div><\/div>\n\n\n\n<p class=\"has-x-large-font-size\"><\/p>\n\n\n\n<p><\/p>\n","protected":false},"excerpt":{"rendered":"<p>DISSERTA\u00c7\u00d5ES Turma 2024 Jean Winder Vieira da GamaT\u00edtulo da Disserta\u00e7\u00e3o: Performance Circense na Amaz\u00f4nia: Corpo, Territ\u00f3rio e RitualOrientador: Dr. Alfredo Wagner Berno de AlmeidaData da Defesa: 26\/01\/2026Aguardando publica\u00e7\u00e3o no Reposit\u00f3rio Institucional Joandreo Batalha CamposT\u00edtulo da Disserta\u00e7\u00e3o: A ENCRUZILHADA DO SIL\u00caNCIO: um estudo de mem\u00f3ria, oralidade e silenciamentos com mulheres do munic\u00edpio de Faro (Par\u00e1), a [&hellip;]<\/p>\n","protected":false},"author":1,"featured_media":0,"parent":0,"menu_order":0,"comment_status":"closed","ping_status":"closed","template":"","meta":{"footnotes":""},"class_list":["post-749","page","type-page","status-publish","hentry"],"blocksy_meta":{"page_title_panel":"","has_hero_section":"disabled","fe1c64ab89945cda534f4bb2d579ae1a":"","hero_section":"type-1","hero_elements":[{"id":"custom_title","enabled":true,"heading_tag":"h1","title":"Home"},{"id":"custom_description","enabled":true,"description_visibility":{"desktop":true,"tablet":true,"mobile":false}},{"id":"custom_meta","enabled":false,"meta_elements":[{"id":"author","enabled":true,"label":"By","has_author_avatar":"yes","avatar_size":25},{"id":"post_date","enabled":true,"label":"On","date_format_source":"default","date_format":"M j, Y"},{"id":"updated_date","enabled":false,"label":"On","date_format_source":"default","date_format":"M j, Y"},{"id":"categories","enabled":false,"label":"In","style":"simple"},{"id":"comments","enabled":true}],"page_meta_elements":{"joined":true,"articles_count":true,"comments":true}},{"id":"breadcrumbs","enabled":false}],"433b02732bec8d55ec282f00a9a700eb":"","hero_alignment1":"CT_CSS_SKIP_RULE","hero_margin":40,"hero_alignment2":"center","hero_vertical_alignment":"center","fdbb34d69d6afe2394c07d96c9ea0b60":"","hero_structure":"narrow","cb306aece5e91b9a44875e4a81075440":"","page_title_bg_type":"featured_image","custom_hero_background":{"attachment_id":null},"page_title_image_size":"full","parallax":{"desktop":false,"tablet":false,"mobile":false},"034bc954f3c533bc75ffdf62670c8395":"","hero_height":"250px","pageTitleFont":{"family":"Default","variation":"Default","size":"30px","line-height":"CT_CSS_SKIP_RULE","letter-spacing":"CT_CSS_SKIP_RULE","text-transform":"CT_CSS_SKIP_RULE","text-decoration":"CT_CSS_SKIP_RULE"},"pageTitleFontColor":{"default":{"color":"CT_CSS_SKIP_RULEDEFAULT"}},"pageMetaFont":{"family":"Default","variation":"n6","size":"12px","line-height":"1.3","letter-spacing":"CT_CSS_SKIP_RULE","text-transform":"uppercase","text-decoration":"CT_CSS_SKIP_RULE"},"pageMetaFontColor":{"default":{"color":"CT_CSS_SKIP_RULEDEFAULT"},"hover":{"color":"CT_CSS_SKIP_RULEDEFAULT"}},"page_meta_button_type_font_colors":{"default":{"color":"CT_CSS_SKIP_RULEDEFAULT"},"hover":{"color":"CT_CSS_SKIP_RULEDEFAULT"}},"page_meta_button_type_background_colors":{"default":{"color":"CT_CSS_SKIP_RULEDEFAULT"},"hover":{"color":"CT_CSS_SKIP_RULEDEFAULT"}},"pageExcerptFont":{"family":"Default","variation":"Default","size":"CT_CSS_SKIP_RULE","line-height":"CT_CSS_SKIP_RULE","letter-spacing":"CT_CSS_SKIP_RULE","text-transform":"CT_CSS_SKIP_RULE","text-decoration":"CT_CSS_SKIP_RULE"},"pageExcerptColor":{"default":{"color":"CT_CSS_SKIP_RULEDEFAULT"}},"breadcrumbsFont":{"family":"Default","variation":"Default","size":"CT_CSS_SKIP_RULE","line-height":"CT_CSS_SKIP_RULE","letter-spacing":"CT_CSS_SKIP_RULE","text-transform":"CT_CSS_SKIP_RULE","text-decoration":"CT_CSS_SKIP_RULE"},"breadcrumbsFontColor":{"default":{"color":"CT_CSS_SKIP_RULEDEFAULT"},"initial":{"color":"CT_CSS_SKIP_RULEDEFAULT"},"hover":{"color":"CT_CSS_SKIP_RULEDEFAULT"}},"pageTitleOverlay":{"background_type":"color","background_pattern":"type-1","background_image":{"attachment_id":null,"x":0,"y":0},"gradient":"linear-gradient(135deg,rgba(6,147,227,1) 0%,rgb(155,81,224) 100%)","background_repeat":"repeat","background_size":"auto","background_attachment":"scroll","patternColor":{"default":{"color":"#e5e7ea"}},"overlayColor":{"default":{"color":"CT_CSS_SKIP_RULE"}},"backgroundColor":{"default":{"color":"CT_CSS_SKIP_RULE"}}},"pageTitleBackground":{"background_type":"color","background_pattern":"type-1","background_image":{"attachment_id":null,"x":0,"y":0},"gradient":"linear-gradient(135deg,rgba(6,147,227,1) 0%,rgb(155,81,224) 100%)","background_repeat":"repeat","background_size":"auto","background_attachment":"scroll","patternColor":{"default":{"color":"#e5e7ea"}},"overlayColor":{"default":{"color":"CT_CSS_SKIP_RULE"}},"backgroundColor":{"default":{"color":"var(--theme-palette-color-6)"}}},"pageTitlePadding":{"top":"50px","bottom":"50px","left":"auto","right":"auto","linked":true},"12e455f30de1d15aed0effbbb6f951bf":"","page_structure_type":"default","f474d2f3ad69b4e64f52dac0a3aa2bb2":"","content_style_source":"inherit","content_style":"wide","vertical_spacing_source":"custom","content_area_spacing":"none","background":{"background_type":"color","background_pattern":"type-1","background_image":{"attachment_id":null,"x":0,"y":0},"gradient":"linear-gradient(135deg,rgba(6,147,227,1) 0%,rgb(155,81,224) 100%)","background_repeat":"repeat","background_size":"auto","background_attachment":"scroll","patternColor":{"default":{"color":"#e5e7ea"}},"overlayColor":{"default":{"color":"CT_CSS_SKIP_RULE"}},"backgroundColor":{"default":{"color":"CT_CSS_SKIP_RULE"}}},"content_background":{"background_type":"color","background_pattern":"type-1","background_image":{"attachment_id":null,"x":0,"y":0},"gradient":"linear-gradient(135deg,rgba(6,147,227,1) 0%,rgb(155,81,224) 100%)","background_repeat":"repeat","background_size":"auto","background_attachment":"scroll","patternColor":{"default":{"color":"#e5e7ea"}},"overlayColor":{"default":{"color":"CT_CSS_SKIP_RULE"}},"backgroundColor":{"default":{"color":"var(--theme-palette-color-8)"}}},"content_boxed_shadow":{"inherit":false,"blur":18,"spread":-6,"v_offset":12,"h_offset":0,"inset":false,"enable":true,"color":{"color":"rgba(34, 56, 101, 0.04)"}},"content_boxed_border":{"width":1,"style":"none","color":{"color":"rgba(44,62,80,0.2)"}},"content_boxed_radius":{"top":"3px","bottom":"3px","left":"3px","right":"3px","linked":true},"boxed_content_spacing":{"desktop":{"top":"40px","bottom":"40px","left":"40px","right":"40px","linked":true},"tablet":{"top":"35px","bottom":"35px","left":"35px","right":"35px","linked":true},"mobile":{"top":"20px","bottom":"20px","left":"20px","right":"20px","linked":true}},"fca9f1d1c7aa58a4b21dd78357f6373e":"","disable_featured_image":"no","disable_share_box":"no","disable_header":"no","disable_footer":"no","styles_descriptor":{"styles":{"desktop":"","tablet":"","mobile":""},"google_fonts":[],"version":6}},"_links":{"self":[{"href":"http:\/\/posgraduacao.uea.edu.br\/cienciashumanas\/index.php\/wp-json\/wp\/v2\/pages\/749","targetHints":{"allow":["GET"]}}],"collection":[{"href":"http:\/\/posgraduacao.uea.edu.br\/cienciashumanas\/index.php\/wp-json\/wp\/v2\/pages"}],"about":[{"href":"http:\/\/posgraduacao.uea.edu.br\/cienciashumanas\/index.php\/wp-json\/wp\/v2\/types\/page"}],"author":[{"embeddable":true,"href":"http:\/\/posgraduacao.uea.edu.br\/cienciashumanas\/index.php\/wp-json\/wp\/v2\/users\/1"}],"replies":[{"embeddable":true,"href":"http:\/\/posgraduacao.uea.edu.br\/cienciashumanas\/index.php\/wp-json\/wp\/v2\/comments?post=749"}],"version-history":[{"count":101,"href":"http:\/\/posgraduacao.uea.edu.br\/cienciashumanas\/index.php\/wp-json\/wp\/v2\/pages\/749\/revisions"}],"predecessor-version":[{"id":4932,"href":"http:\/\/posgraduacao.uea.edu.br\/cienciashumanas\/index.php\/wp-json\/wp\/v2\/pages\/749\/revisions\/4932"}],"wp:attachment":[{"href":"http:\/\/posgraduacao.uea.edu.br\/cienciashumanas\/index.php\/wp-json\/wp\/v2\/media?parent=749"}],"curies":[{"name":"wp","href":"https:\/\/api.w.org\/{rel}","templated":true}]}}