{"id":713,"date":"2025-01-13T00:08:19","date_gmt":"2025-01-13T03:08:19","guid":{"rendered":"https:\/\/posgraduacao.uea.edu.br\/direitoambiental\/?page_id=713"},"modified":"2025-05-20T17:37:46","modified_gmt":"2025-05-20T20:37:46","slug":"apresentacao","status":"publish","type":"page","link":"http:\/\/posgraduacao.uea.edu.br\/direitoambiental\/index.php\/apresentacao\/","title":{"rendered":"Apresenta\u00e7\u00e3o"},"content":{"rendered":"\n<div class=\"wp-block-stackable-columns alignfull stk-block-columns stk-block stk-51b2b12 stk-block-background stk--has-background-overlay\" data-block-id=\"51b2b12\"><style>.stk-51b2b12 .stk--block-align-51b2b12{align-items:center !important;}.stk-51b2b12 {background-color:linear-gradient(to top, #09203f 0%, #537895 100%) !important;background-image:url(https:\/\/posgraduacao.uea.edu.br\/direitoambiental\/wp-content\/uploads\/2025\/01\/01-scaled.jpg) !important;background-position:bottom center !important;background-repeat:no-repeat !important;background-size:cover !important;padding-top:300px !important;padding-bottom:200px !important;margin-bottom:0px !important;}.stk-51b2b12:before{opacity:0.6 !important;mix-blend-mode:normal !important;background-image:linear-gradient(to top, #09203f 0%, #537895 100%) !important;}.stk-51b2b12-column{--stk-column-gap:35px !important;row-gap:35px !important;}@media screen and (max-width:999px){.stk-51b2b12 {padding-top:250px !important;padding-bottom:150px !important;}}@media screen and (max-width:689px){.stk-51b2b12 {padding-top:150px !important;padding-bottom:100px !important;}}<\/style><div class=\"stk-row stk-inner-blocks stk--block-align-51b2b12 stk-block-content stk-content-align stk-51b2b12-column\">\n<div class=\"wp-block-stackable-column stk-block-column stk-column stk-block stk-3a43e6b\" data-v=\"4\" data-block-id=\"3a43e6b\"><style>.stk-3a43e6b-container{margin-top:0px !important;margin-right:0px !important;margin-bottom:0px !important;margin-left:0px !important;}<\/style><div class=\"stk-column-wrapper stk-block-column__content stk-container stk-3a43e6b-container stk--no-background stk--no-padding\"><div class=\"has-text-align-center-mobile stk-block-content stk-inner-blocks stk-3a43e6b-inner-blocks\">\n<div class=\"wp-block-stackable-heading stk-block-heading stk-block-heading--v2 stk-block stk-7225c59\" id=\"sobre-o-programa\" data-block-id=\"7225c59\"><style>.stk-7225c59 {margin-bottom:10px !important;}.stk-7225c59 .stk-block-heading__text{font-size:45px !important;color:var(--theme-palette-color-8, #ffffff) !important;line-height:1.3em !important;font-weight:800 !important;}@media screen and (max-width:999px){.stk-7225c59 .stk-block-heading__text{font-size:40px !important;}}@media screen and (max-width:689px){.stk-7225c59 .stk-block-heading__text{font-size:30px !important;}}<\/style><h2 class=\"stk-block-heading__text has-text-color has-text-align-center\">Sobre o Programa<\/h2><\/div>\n<\/div><\/div><\/div>\n<\/div><\/div>\n\n\n\n<div class=\"wp-block-stackable-spacer stk-block-spacer stk--no-padding stk-block stk-b2c1613\" data-block-id=\"b2c1613\"><style>.stk-b2c1613 {height:130px !important;}@media screen and (max-width:999px){.stk-b2c1613 {height:70px !important;}}<\/style><\/div>\n\n\n\n<div class=\"wp-block-stackable-columns stk-block-columns stk-block stk-fe13c16\" data-block-id=\"fe13c16\"><div class=\"stk-row stk-inner-blocks stk-block-content stk-content-align stk-fe13c16-column\">\n<div class=\"wp-block-stackable-column stk-block-column stk-column stk-block stk-f509658\" data-v=\"4\" data-block-id=\"f509658\"><div class=\"stk-column-wrapper stk-block-column__content stk-container stk-f509658-container stk--no-background stk--no-padding\"><div class=\"stk-block-content stk-inner-blocks stk-f509658-inner-blocks\">\n<div class=\"wp-block-stackable-heading stk-block-heading stk-block-heading--v2 stk-block stk-1e4f094\" id=\"historico\" data-block-id=\"1e4f094\"><h2 class=\"stk-block-heading__text\">Hist\u00f3rico<\/h2><\/div>\n\n\n\n<div class=\"wp-block-stackable-text stk-block-text stk-block stk-a916103\" data-block-id=\"a916103\"><p class=\"stk-block-text__text\"> <strong>PROGRAMA DE P\u00d3S-GRADUA\u00c7\u00c3O EM DIREITO AMBIENTAL<\/strong><\/p><\/div>\n\n\n\n<p>O Programa de P\u00f3s-gradua\u00e7\u00e3o em Direito Ambiental da Universidade do Estado do Amazonas &#8211; UEA, reconhecido pela&nbsp;<a target=\"_blank\" href=\"http:\/\/www1.capes.gov.br\/Scripts\/Avaliacao\/MeDoReconhecidos\/Area\/Curso.asp?cd_programa=12008010002P5\" rel=\"noreferrer noopener\">CAPES<\/a>, se constitui em um espa\u00e7o acad\u00eamico de reflex\u00f5es sobre o Direito, especialmente sobre o Direito Ambiental, propondo-se a formar profissionais para integrar quadros docentes de Institui\u00e7\u00f5es de Ensino Superior da regi\u00e3o, construindo quadros pr\u00f3prios especializados, qualificando-os para o desenvolvimento de pesquisa, inclusive com seus alunos de gradua\u00e7\u00e3o, a fim de estimular essa atividade desde o in\u00edcio do curso jur\u00eddico; capacitar profissionais para o uso e a constru\u00e7\u00e3o de instrumentos jur\u00eddicos com o fito de promover o desenvolvimento s\u00f3cio-econ\u00f4mico associado ao uso racional dos recursos naturais; produzir e difundir conhecimento adequado \u00e0s exig\u00eancias regionais dos setores p\u00fablico e privado, promovendo a integra\u00e7\u00e3o das diversas pr\u00e1ticas econ\u00f4micas (industrial, extrativista e fitoter\u00e1pica e biotecnol\u00f3gica, entre outras) para o desenvolvimento sustent\u00e1vel e, por \u00faltimo, formar quadros de excel\u00eancia no Direito Ambiental, solidamente fundado na perspectiva interdisciplinar, buscando a sinergia necess\u00e1ria da pesquisa jur\u00eddica com a das ci\u00eancias naturais, humanas e sociais.<\/p>\n\n\n\n<p>Por outro lado busca atender a enorme demanda no pa\u00eds, no estado e, especialmente, na Amaz\u00f4nia, por profissionais especializados para provimento de cargos jur\u00eddicos e t\u00e9cnicos relacionados ao meio ambiente; consolidar um n\u00facleo de profissionais qualificados e capacitados cientificamente, com o prop\u00f3sito de refletir criticamente o ensino do Direito no Estado do Amazonas, bem como na regi\u00e3o; formar profissionais com sensibilidade para tratar da complexidade social regional criando novas alternativas normativas e hermen\u00eauticas vi\u00e1veis para o uso sustent\u00e1vel dos recursos naturais; promover uma articula\u00e7\u00e3o s\u00f3lida entre ensino e pesquisa, incentivando a discuss\u00e3o e o debate de conte\u00fados tem\u00e1ticos, compreendendo o Direito como instrumento de comunica\u00e7\u00e3o e de transforma\u00e7\u00e3o social.<\/p>\n\n\n\n<p>A hist\u00f3ria do Estado do Amazonas e da Amaz\u00f4nia como um todo \u00e9 marcada por ciclos de desenvolvimento voltados quase que exclusivamente \u00e0 explora\u00e7\u00e3o dos recursos naturais, como extrativismo, pesca, borracha, minera\u00e7\u00e3o, explora\u00e7\u00e3o madeireira, energia hidrel\u00e9trica e, mais recentemente, do patrim\u00f4nio cultural e gen\u00e9tico.<\/p>\n\n\n\n<p>O Estado mant\u00e9m a maior reserva florestal e de biodiversidade do mundo, apresentando-se como o mais f\u00e9rtil dos campos \u00e0 continuidade de explora\u00e7\u00e3o desses recursos, a qual pode ser conduzida de modo racional e sustent\u00e1vel ou, desafortudamente, de modo predat\u00f3rio.<\/p>\n\n\n\n<p>Al\u00e9m de ser megadiverso em recursos gen\u00e9ticos e conhecimentos tradicionais associados, o estado do Amazonas concentra a maior diversidade cultural do pa\u00eds, devido \u00e0 presen\u00e7a de m\u00faltiplas etnias e sociedades ind\u00edgenas, caboclas e migrantes.<\/p>\n\n\n\n<p>As diversidades ambiental e social produzem uma cultura rica, correspondente a sua rica natureza. Nesse sentido, \u00e9 correto afirmar-se que a preocupa\u00e7\u00e3o com o meio ambiente n\u00e3o se pode desprender das complexas considera\u00e7\u00f5es culturais. O homem \u00e9 ser integrante da natureza. Portanto, esta deve ser preservada em sua complexidade, haja vista a degrada\u00e7\u00e3o do meio que se reflete na vida humana em suas v\u00e1rias fei\u00e7\u00f5es. A qualidade de vida do homem depende de seu equil\u00edbrio com o meio ambiente, definindo-se a prote\u00e7\u00e3o da natureza e a disciplina de sua apropria\u00e7\u00e3o econ\u00f4mica, para que seja sustent\u00e1vel, como necessidades humanas indispens\u00e1veis \u00e0 continuidade da exist\u00eancia.<\/p>\n\n\n\n<p>As discuss\u00f5es sobre a tutela jur\u00eddica do meio ambiente, na intera\u00e7\u00e3o entre regula\u00e7\u00e3o ambiental e realidade f\u00e1tica, assim como a an\u00e1lise te\u00f3rica da posi\u00e7\u00e3o do Direito Ambiental no universo jur\u00eddico, correspondem aos centros de interesse do Programa.<\/p>\n\n\n\n<p>A regi\u00e3o tem s\u00e9rios problemas oriundos dessa complexidade natural, s\u00f3cio-cultural e hist\u00f3rica, dentre os quais cabe ressaltar as seguintes quest\u00f5es: urbaniza\u00e7\u00e3o e infra-estrutura; inser\u00e7\u00e3o do p\u00f3lo industrial da ZFM \u00e0 conformidade ambiental; explora\u00e7\u00e3o mineral; implanta\u00e7\u00e3o de estrutura vi\u00e1ria e de transportes; assentamentos agr\u00edcolas; ecoturismo; aproveitamento hidrel\u00e9trico; bioprospec\u00e7\u00e3o; dimens\u00e3o internacional da bacia e da floresta amaz\u00f4nicas, e conviv\u00eancia e valoriza\u00e7\u00e3o referentes \u00e0s culturas ind\u00edgenas e tradicionais.<\/p>\n\n\n\n<p>O tratamento dessas quest\u00f5es \u00e9 imposs\u00edvel sem uma abordagem interdisciplinar. S\u00e3o elas pr\u00f3prias as raz\u00f5es para definir-se a \u00e1rea de concentra\u00e7\u00e3o em Direito Ambiental. As caracter\u00edsticas do Programa de P\u00f3s-gradua\u00e7\u00e3o em Direito Ambiental s\u00e3o consistentes com essa perspectiva, principalmente ao conjugar e flexibilizar a grade curricular especificamente jur\u00eddica com a inser\u00e7\u00e3o de disciplinas humanas, hist\u00f3ricas, econ\u00f4micas e de ci\u00eancias naturais, dando espa\u00e7o tanto ao tratamento t\u00e9cnico voltado \u00e0 resolu\u00e7\u00e3o de problemas, quanto \u00e0 reflex\u00e3o cr\u00edtica. As linhas de pesquisa adotadas, &#8220;Conserva\u00e7\u00e3o dos Recursos Naturais e Desenvolvimento Sustent\u00e1vel&#8221; e &#8220;Direito da S\u00f3cio e Biodiversidade&#8221;, conduzem ao aprofundamento de temas ainda pouco desenvolvidos no pa\u00eds, n\u00e3o obstante serem condutores das respostas \u00e0s quest\u00f5es sociais e ambientais concretas. Mostra deste empenho s\u00e3o os projetos de pesquisa j\u00e1 em andamento no programa &#8211; &#8220;Recursos Naturais e Bases Jur\u00eddicas para a Constru\u00e7\u00e3o do Desenvolvimento Sustent\u00e1vel da Amaz\u00f4nia&#8221; e &#8220;O Direito Humano ao Meio Ambiente Equilibrado Ecologicamente &#8211; Direitos Humanos na Prote\u00e7\u00e3o da Diversidade Social e Ambiental&#8221;.<\/p>\n\n\n\n<p>Nesse particular sentido, \u00e9 importante destacar o papel da biotecnologia, contemplada por uma das linhas de pesquisa. No final de 2002, foi inaugurado o Centro de Biotecnologia do Amazonas (CBA), um complexo de laborat\u00f3rios que dever\u00e1 concentrar as a\u00e7\u00f5es e os investimentos na \u00e1rea da ci\u00eancia, da tecnologia e da inova\u00e7\u00e3o. Atualmente, o CBA necessita do capital humano para oper\u00e1-lo. A \u00eanfase do Programa de P\u00f3s-gradua\u00e7\u00e3o em Direito Ambiental da UEA nas disciplinas voltadas \u00e0s quest\u00f5es jur\u00eddicas da biotecnologia, bio\u00e9tica, acesso e uso da biodiversidade, prote\u00e7\u00e3o do patrim\u00f4nio cultural e natural, direitos sobre o conhecimento tradicional e propriedade intelectual, visa subsidiar juridicamente este importante p\u00f3lo econ\u00f4mico.<\/p>\n\n\n\n<p>A forma\u00e7\u00e3o de quadros especializados, suprindo as car\u00eancias, tanto do sistema de ensino superior, quanto das institui\u00e7\u00f5es publicas e privadas da regi\u00e3o, bem como a constru\u00e7\u00e3o de conhecimento espec\u00edfico, pela pesquisa dedicada ao Direito Ambiental e suas profundas rela\u00e7\u00f5es com as demais ci\u00eancias &#8211; humanas, sociais e naturais &#8211; apresentam-se como necessidades prementes para a Amaz\u00f4nia e para o Brasil, projetando-se em escala mundial.<\/p>\n\n\n\n<div class=\"wp-block-stackable-spacer stk-block-spacer stk--no-padding stk-block stk-acf363c\" data-block-id=\"acf363c\"><\/div>\n\n\n\n<div class=\"wp-block-stackable-heading stk-block-heading stk-block-heading--v2 stk-block stk-98c3ac4\" id=\"imagem\" data-block-id=\"98c3ac4\"><h2 class=\"stk-block-heading__text\">Imagem<\/h2><\/div>\n<\/div><\/div><\/div>\n<\/div><\/div>\n\n\n\n<div class=\"wp-block-stackable-image stk-block-image stk-block stk-f5009ab\" data-block-id=\"f5009ab\"><figure><span class=\"stk-img-wrapper stk-image--shape-stretch\"><img loading=\"lazy\" decoding=\"async\" class=\"stk-img wp-image-996\" src=\"http:\/\/posgraduacao.uea.edu.br\/direitoambiental\/wp-content\/uploads\/2025\/05\/POS-GRADUACO-UEA-DIREITO-AMBIENTAL.jpg\" width=\"1600\" height=\"1200\" srcset=\"http:\/\/posgraduacao.uea.edu.br\/direitoambiental\/wp-content\/uploads\/2025\/05\/POS-GRADUACO-UEA-DIREITO-AMBIENTAL.jpg 1600w, http:\/\/posgraduacao.uea.edu.br\/direitoambiental\/wp-content\/uploads\/2025\/05\/POS-GRADUACO-UEA-DIREITO-AMBIENTAL-300x225.jpg 300w, http:\/\/posgraduacao.uea.edu.br\/direitoambiental\/wp-content\/uploads\/2025\/05\/POS-GRADUACO-UEA-DIREITO-AMBIENTAL-1024x768.jpg 1024w, http:\/\/posgraduacao.uea.edu.br\/direitoambiental\/wp-content\/uploads\/2025\/05\/POS-GRADUACO-UEA-DIREITO-AMBIENTAL-768x576.jpg 768w, http:\/\/posgraduacao.uea.edu.br\/direitoambiental\/wp-content\/uploads\/2025\/05\/POS-GRADUACO-UEA-DIREITO-AMBIENTAL-1536x1152.jpg 1536w\" sizes=\"auto, (max-width: 1600px) 100vw, 1600px\" \/><\/span><\/figure><\/div>\n\n\n\n<div class=\"wp-block-stackable-spacer stk-block-spacer stk--no-padding stk-block stk-dcca428\" data-block-id=\"dcca428\"><\/div>\n\n\n\n<div class=\"wp-block-stackable-heading stk-block-heading stk-block-heading--v2 stk-block stk-1373491\" id=\"video\" data-block-id=\"1373491\"><h2 class=\"stk-block-heading__text\">V\u00eddeo<\/h2><\/div>\n\n\n\n<figure class=\"wp-block-embed is-type-video is-provider-youtube wp-block-embed-youtube wp-embed-aspect-16-9 wp-has-aspect-ratio\"><div class=\"wp-block-embed__wrapper\">\n<iframe loading=\"lazy\" title=\"Podcast Divulga PPGSP - Epis\u00f3dio 6\" width=\"1290\" height=\"726\" src=\"https:\/\/www.youtube.com\/embed\/ra5zOwY57rQ?feature=oembed\" frameborder=\"0\" allow=\"accelerometer; autoplay; clipboard-write; encrypted-media; gyroscope; picture-in-picture; web-share\" referrerpolicy=\"strict-origin-when-cross-origin\" allowfullscreen><\/iframe>\n<\/div><\/figure>\n\n\n\n<div class=\"wp-block-stackable-spacer stk-block-spacer stk--no-padding stk-block stk-9ae5abc\" data-block-id=\"9ae5abc\"><\/div>\n\n\n\n<div class=\"wp-block-stackable-heading stk-block-heading stk-block-heading--v2 stk-block stk-d7896a3\" id=\"relatorio-2025\" data-block-id=\"d7896a3\"><h2 class=\"stk-block-heading__text\">Relat\u00f3rio 2025<\/h2><\/div>\n\n\n\n<div class=\"wp-block-stackable-text stk-block-text stk-block stk-c5063ea\" data-block-id=\"c5063ea\"><p class=\"stk-block-text__text\">Baixe o Relat\u00f3rio de 2026<\/p><\/div>\n\n\n\n<div class=\"wp-block-stackable-button-group stk-block-button-group stk-block stk-5600fec\" data-block-id=\"5600fec\"><div class=\"stk-row stk-inner-blocks stk-block-content stk-button-group\">\n<div class=\"wp-block-stackable-button stk-block-button stk-block stk-e8e42c2\" data-block-id=\"e8e42c2\"><a class=\"stk-link stk-button stk--hover-effect-darken\" href=\"https:\/\/posgraduacao.uea.edu.br\/direitoambiental\/wp-content\/uploads\/2025\/01\/Contatos-PPGs-UEA-2024-25.06.2024.xlsx\" target=\"_blank\" rel=\"noreferrer noopener\"><span class=\"stk-button__inner-text\">Baixe aqui o Relat\u00f3rio 2025<\/span><\/a><\/div>\n<\/div><\/div>\n\n\n\n<div class=\"wp-block-stackable-spacer stk-block-spacer stk--no-padding stk-block stk-f9a0427\" data-block-id=\"f9a0427\"><\/div>\n\n\n\n<figure class=\"wp-block-table\"><table class=\"has-fixed-layout\"><tbody><tr><td>2<\/td><td>2<\/td><td>2<\/td><td>2<\/td><td>2<\/td><td>2<\/td><\/tr><tr><td>1<\/td><td>1<\/td><td>1<\/td><td>1<\/td><td>1<\/td><td>1<\/td><\/tr><tr><td>1<\/td><td><\/td><td>1<\/td><td><\/td><td><\/td><td><\/td><\/tr><tr><td><\/td><td><\/td><td><\/td><td><\/td><td><\/td><td><\/td><\/tr><tr><td><\/td><td><\/td><td><\/td><td><\/td><td><\/td><td><\/td><\/tr><tr><td><\/td><td><\/td><td><\/td><td><\/td><td><\/td><td><\/td><\/tr><\/tbody><\/table><\/figure>\n\n\n\n<div class=\"wp-block-stackable-spacer stk-block-spacer stk--no-padding stk-block stk-bf33017\" data-block-id=\"bf33017\"><style>.stk-bf33017 {height:130px !important;}@media screen and (max-width:999px){.stk-bf33017 {height:70px !important;}}<\/style><\/div>\n\n\n\n<div class=\"wp-block-stackable-columns alignfull stk-block-columns stk-block stk-80ce3af stk-block-background stk--has-background-overlay\" data-block-id=\"80ce3af\"><style>.stk-80ce3af {background-color:linear-gradient(180deg, #ffffff 50%, var(--theme-palette-color-4, #102136) 50%) !important;margin-bottom:0px !important;}.stk-80ce3af:before{background-image:linear-gradient(180deg, #ffffff 50%, var(--theme-palette-color-4, #102136) 50%) !important;}<\/style><div class=\"stk-row stk-inner-blocks stk-block-content stk-content-align stk-80ce3af-column\">\n<div class=\"wp-block-stackable-column stk-block-column stk-column stk-block stk-6ddbaf2 stk-block-background stk--has-background-overlay\" data-v=\"4\" data-block-id=\"6ddbaf2\"><style>.stk-6ddbaf2-container{margin-top:0px !important;margin-right:0px !important;margin-bottom:0px !important;margin-left:0px !important;}.stk-6ddbaf2 {background-image:url(https:\/\/posgraduacao.uea.edu.br\/direitoambiental\/wp-content\/uploads\/2020\/08\/campaign-creators-qCi_MzVODoU-unsplash.jpg) !important;border-radius:10px !important;overflow:hidden !important;padding-top:100px !important;padding-right:150px !important;padding-bottom:100px !important;padding-left:150px !important;}@media screen and (max-width:999px){.stk-6ddbaf2 {padding-top:80px !important;padding-right:150px !important;padding-bottom:80px !important;padding-left:150px !important;}}@media screen and (max-width:689px){.stk-6ddbaf2 {padding-top:60px !important;padding-right:50px !important;padding-bottom:60px !important;padding-left:50px !important;}}<\/style><div class=\"stk-column-wrapper stk-block-column__content stk-container stk-6ddbaf2-container stk--no-background stk--no-padding\"><div class=\"has-text-align-center stk-block-content stk-inner-blocks stk-6ddbaf2-inner-blocks\">\n<div class=\"wp-block-stackable-heading stk-block-heading stk-block-heading--v2 stk-block stk-8054442\" id=\"programa-de-pos-graduacao-em-direito-ambiental\" data-block-id=\"8054442\"><style>.stk-8054442 {margin-bottom:10px !important;}.stk-8054442 .stk-block-heading__text{color:var(--theme-palette-color-8, #ffffff) !important;font-weight:800 !important;}@media screen and (max-width:689px){.stk-8054442 .stk-block-heading__text{font-size:25px !important;}}<\/style><h2 class=\"stk-block-heading__text has-text-color stk-block-heading--use-theme-margins\">Programa de P\u00f3s-gradua\u00e7\u00e3o em Direito Ambiental<\/h2><\/div>\n\n\n\n<div class=\"wp-block-stackable-text stk-block-text stk-block stk-7e574b6\" data-block-id=\"7e574b6\"><style>.stk-7e574b6 {margin-bottom:40px !important;}.stk-7e574b6 .stk-block-text__text{color:var(--theme-palette-color-8, #ffffff) !important;}<\/style><p class=\"stk-block-text__text has-text-color\">Vinculado \u00e0 UNIDADE ACAD\u00caMICA do Programa<\/p><\/div>\n\n\n\n<div class=\"wp-block-stackable-button-group stk-block-button-group stk-block stk-cc4a772\" data-block-id=\"cc4a772\"><div class=\"stk-row stk-inner-blocks stk-block-content stk-button-group\">\n<div class=\"wp-block-stackable-button stk-block-button stk-block stk-f63b751\" data-block-id=\"f63b751\"><style>.stk-f63b751 .stk-button{padding-top:12px !important;padding-right:30px !important;padding-bottom:12px !important;padding-left:30px !important;}<\/style><a class=\"stk-link stk-button stk--hover-effect-darken\" href=\"https:\/\/posgraduacao.uea.edu.br\/direitoambiental\/index.php\/contato\/\"><span class=\"stk-button__inner-text\">Fale Conosco<\/span><\/a><\/div>\n<\/div><\/div>\n<\/div><\/div><\/div>\n<\/div><\/div>\n\n\n\n<p><\/p>\n","protected":false},"excerpt":{"rendered":"<p>Sobre o Programa Hist\u00f3rico PROGRAMA DE P\u00d3S-GRADUA\u00c7\u00c3O EM DIREITO AMBIENTAL O Programa de P\u00f3s-gradua\u00e7\u00e3o em Direito Ambiental da Universidade do Estado do Amazonas &#8211; UEA, reconhecido pela&nbsp;CAPES, se constitui em um espa\u00e7o acad\u00eamico de reflex\u00f5es sobre o Direito, especialmente sobre o Direito Ambiental, propondo-se a formar profissionais para integrar quadros docentes de Institui\u00e7\u00f5es de Ensino [&hellip;]<\/p>\n","protected":false},"author":1,"featured_media":0,"parent":0,"menu_order":0,"comment_status":"closed","ping_status":"closed","template":"","meta":{"footnotes":""},"class_list":["post-713","page","type-page","status-publish","hentry"],"blocksy_meta":{"page_title_panel":"","has_hero_section":"disabled","fe1c64ab89945cda534f4bb2d579ae1a":"","hero_section":"type-1","hero_elements":[{"id":"custom_title","enabled":true,"heading_tag":"h1","title":"Home"},{"id":"custom_description","enabled":true,"description_visibility":{"desktop":true,"tablet":true,"mobile":false}},{"id":"custom_meta","enabled":false,"meta_elements":[{"id":"author","enabled":true,"label":"By","has_author_avatar":"yes","avatar_size":25},{"id":"post_date","enabled":true,"label":"On","date_format_source":"default","date_format":"M j, Y"},{"id":"updated_date","enabled":false,"label":"On","date_format_source":"default","date_format":"M j, Y"},{"id":"categories","enabled":false,"label":"In","style":"simple"},{"id":"comments","enabled":true}],"page_meta_elements":{"joined":true,"articles_count":true,"comments":true}},{"id":"breadcrumbs","enabled":false}],"433b02732bec8d55ec282f00a9a700eb":"","hero_alignment1":"CT_CSS_SKIP_RULE","hero_margin":40,"hero_alignment2":"center","hero_vertical_alignment":"center","fdbb34d69d6afe2394c07d96c9ea0b60":"","hero_structure":"narrow","cb306aece5e91b9a44875e4a81075440":"","page_title_bg_type":"featured_image","custom_hero_background":{"attachment_id":null},"page_title_image_size":"full","parallax":{"desktop":false,"tablet":false,"mobile":false},"034bc954f3c533bc75ffdf62670c8395":"","hero_height":"250px","pageTitleFont":{"family":"Default","variation":"Default","size":"30px","line-height":"CT_CSS_SKIP_RULE","letter-spacing":"CT_CSS_SKIP_RULE","text-transform":"CT_CSS_SKIP_RULE","text-decoration":"CT_CSS_SKIP_RULE"},"pageTitleFontColor":{"default":{"color":"CT_CSS_SKIP_RULEDEFAULT"}},"pageMetaFont":{"family":"Default","variation":"n6","size":"12px","line-height":"1.3","letter-spacing":"CT_CSS_SKIP_RULE","text-transform":"uppercase","text-decoration":"CT_CSS_SKIP_RULE"},"pageMetaFontColor":{"default":{"color":"CT_CSS_SKIP_RULEDEFAULT"},"hover":{"color":"CT_CSS_SKIP_RULEDEFAULT"}},"page_meta_button_type_font_colors":{"default":{"color":"CT_CSS_SKIP_RULEDEFAULT"},"hover":{"color":"CT_CSS_SKIP_RULEDEFAULT"}},"page_meta_button_type_background_colors":{"default":{"color":"CT_CSS_SKIP_RULEDEFAULT"},"hover":{"color":"CT_CSS_SKIP_RULEDEFAULT"}},"pageExcerptFont":{"family":"Default","variation":"Default","size":"CT_CSS_SKIP_RULE","line-height":"CT_CSS_SKIP_RULE","letter-spacing":"CT_CSS_SKIP_RULE","text-transform":"CT_CSS_SKIP_RULE","text-decoration":"CT_CSS_SKIP_RULE"},"pageExcerptColor":{"default":{"color":"CT_CSS_SKIP_RULEDEFAULT"}},"breadcrumbsFont":{"family":"Default","variation":"Default","size":"CT_CSS_SKIP_RULE","line-height":"CT_CSS_SKIP_RULE","letter-spacing":"CT_CSS_SKIP_RULE","text-transform":"CT_CSS_SKIP_RULE","text-decoration":"CT_CSS_SKIP_RULE"},"breadcrumbsFontColor":{"default":{"color":"CT_CSS_SKIP_RULEDEFAULT"},"initial":{"color":"CT_CSS_SKIP_RULEDEFAULT"},"hover":{"color":"CT_CSS_SKIP_RULEDEFAULT"}},"pageTitleOverlay":{"background_type":"color","background_pattern":"type-1","background_image":{"attachment_id":null,"x":0,"y":0},"gradient":"linear-gradient(135deg,rgba(6,147,227,1) 0%,rgb(155,81,224) 100%)","background_repeat":"repeat","background_size":"auto","background_attachment":"scroll","patternColor":{"default":{"color":"#e5e7ea"}},"overlayColor":{"default":{"color":"CT_CSS_SKIP_RULE"}},"backgroundColor":{"default":{"color":"CT_CSS_SKIP_RULE"}}},"pageTitleBackground":{"background_type":"color","background_pattern":"type-1","background_image":{"attachment_id":null,"x":0,"y":0},"gradient":"linear-gradient(135deg,rgba(6,147,227,1) 0%,rgb(155,81,224) 100%)","background_repeat":"repeat","background_size":"auto","background_attachment":"scroll","patternColor":{"default":{"color":"#e5e7ea"}},"overlayColor":{"default":{"color":"CT_CSS_SKIP_RULE"}},"backgroundColor":{"default":{"color":"var(--theme-palette-color-6)"}}},"pageTitlePadding":{"top":"50px","bottom":"50px","left":"auto","right":"auto","linked":true},"12e455f30de1d15aed0effbbb6f951bf":"","page_structure_type":"default","f474d2f3ad69b4e64f52dac0a3aa2bb2":"","content_style_source":"inherit","content_style":"wide","vertical_spacing_source":"custom","content_area_spacing":"none","background":{"background_type":"color","background_pattern":"type-1","background_image":{"attachment_id":null,"x":0,"y":0},"gradient":"linear-gradient(135deg,rgba(6,147,227,1) 0%,rgb(155,81,224) 100%)","background_repeat":"repeat","background_size":"auto","background_attachment":"scroll","patternColor":{"default":{"color":"#e5e7ea"}},"overlayColor":{"default":{"color":"CT_CSS_SKIP_RULE"}},"backgroundColor":{"default":{"color":"CT_CSS_SKIP_RULE"}}},"content_background":{"background_type":"color","background_pattern":"type-1","background_image":{"attachment_id":null,"x":0,"y":0},"gradient":"linear-gradient(135deg,rgba(6,147,227,1) 0%,rgb(155,81,224) 100%)","background_repeat":"repeat","background_size":"auto","background_attachment":"scroll","patternColor":{"default":{"color":"#e5e7ea"}},"overlayColor":{"default":{"color":"CT_CSS_SKIP_RULE"}},"backgroundColor":{"default":{"color":"var(--theme-palette-color-8)"}}},"content_boxed_shadow":{"inherit":false,"blur":18,"spread":-6,"v_offset":12,"h_offset":0,"inset":false,"enable":true,"color":{"color":"rgba(34, 56, 101, 0.04)"}},"content_boxed_border":{"width":1,"style":"none","color":{"color":"rgba(44,62,80,0.2)"}},"content_boxed_radius":{"top":"3px","bottom":"3px","left":"3px","right":"3px","linked":true},"boxed_content_spacing":{"desktop":{"top":"40px","bottom":"40px","left":"40px","right":"40px","linked":true},"tablet":{"top":"35px","bottom":"35px","left":"35px","right":"35px","linked":true},"mobile":{"top":"20px","bottom":"20px","left":"20px","right":"20px","linked":true}},"fca9f1d1c7aa58a4b21dd78357f6373e":"","disable_featured_image":"no","disable_share_box":"no","disable_header":"no","disable_footer":"no","styles_descriptor":{"styles":{"desktop":"","tablet":"","mobile":""},"google_fonts":[],"version":6}},"_links":{"self":[{"href":"http:\/\/posgraduacao.uea.edu.br\/direitoambiental\/index.php\/wp-json\/wp\/v2\/pages\/713","targetHints":{"allow":["GET"]}}],"collection":[{"href":"http:\/\/posgraduacao.uea.edu.br\/direitoambiental\/index.php\/wp-json\/wp\/v2\/pages"}],"about":[{"href":"http:\/\/posgraduacao.uea.edu.br\/direitoambiental\/index.php\/wp-json\/wp\/v2\/types\/page"}],"author":[{"embeddable":true,"href":"http:\/\/posgraduacao.uea.edu.br\/direitoambiental\/index.php\/wp-json\/wp\/v2\/users\/1"}],"replies":[{"embeddable":true,"href":"http:\/\/posgraduacao.uea.edu.br\/direitoambiental\/index.php\/wp-json\/wp\/v2\/comments?post=713"}],"version-history":[{"count":28,"href":"http:\/\/posgraduacao.uea.edu.br\/direitoambiental\/index.php\/wp-json\/wp\/v2\/pages\/713\/revisions"}],"predecessor-version":[{"id":997,"href":"http:\/\/posgraduacao.uea.edu.br\/direitoambiental\/index.php\/wp-json\/wp\/v2\/pages\/713\/revisions\/997"}],"wp:attachment":[{"href":"http:\/\/posgraduacao.uea.edu.br\/direitoambiental\/index.php\/wp-json\/wp\/v2\/media?parent=713"}],"curies":[{"name":"wp","href":"https:\/\/api.w.org\/{rel}","templated":true}]}}