{"id":762,"date":"2024-11-22T10:58:48","date_gmt":"2024-11-22T14:58:48","guid":{"rendered":"https:\/\/posgraduacao.uea.edu.br\/hematologia\/?page_id=762"},"modified":"2026-04-06T12:45:00","modified_gmt":"2026-04-06T16:45:00","slug":"dissertacoes","status":"publish","type":"page","link":"http:\/\/posgraduacao.uea.edu.br\/hematologia\/index.php\/dissertacoes\/","title":{"rendered":"Disserta\u00e7\u00f5es"},"content":{"rendered":"\n<div class=\"wp-block-stackable-columns alignfull stk-block-columns stk-block stk-51b2b12 stk-block-background stk--has-background-overlay\" data-block-id=\"51b2b12\"><style>.stk-51b2b12 .stk--block-align-51b2b12{align-items:center !important;}.stk-51b2b12 {background-image:url(https:\/\/posgraduacao.uea.edu.br\/segurancapublica\/wp-content\/uploads\/2020\/08\/ryota-nagasaka-w_5TUm7Xa00-unsplash2.jpg) !important;background-position:bottom center !important;background-repeat:no-repeat !important;background-size:cover !important;padding-top:300px !important;padding-bottom:200px !important;margin-bottom:0px !important;}.stk-51b2b12-column{--stk-column-gap:35px !important;row-gap:35px !important;}@media screen and (max-width:999px){.stk-51b2b12 {padding-top:250px !important;padding-bottom:150px !important;}}@media screen and (max-width:689px){.stk-51b2b12 {padding-top:150px !important;padding-bottom:100px !important;}}<\/style><div class=\"stk-row stk-inner-blocks stk--block-align-51b2b12 stk-block-content stk-content-align stk-51b2b12-column\">\n<div class=\"wp-block-stackable-column stk-block-column stk-column stk-block stk-3a43e6b\" data-v=\"4\" data-block-id=\"3a43e6b\"><style>.stk-3a43e6b-container{margin-top:0px !important;margin-right:0px !important;margin-bottom:0px !important;margin-left:0px !important;}<\/style><div class=\"stk-column-wrapper stk-block-column__content stk-container stk-3a43e6b-container stk--no-background stk--no-padding\"><div class=\"has-text-align-center-mobile stk-block-content stk-inner-blocks stk-3a43e6b-inner-blocks\">\n<div class=\"wp-block-stackable-heading stk-block-heading stk-block-heading--v2 stk-block stk-7225c59\" id=\"dissertacoes\" data-block-id=\"7225c59\"><style>.stk-7225c59 {margin-bottom:10px !important;}.stk-7225c59 .stk-block-heading__text{font-size:45px !important;color:var(--theme-palette-color-8, #ffffff) !important;line-height:1.3em !important;font-weight:800 !important;}@media screen and (max-width:999px){.stk-7225c59 .stk-block-heading__text{font-size:40px !important;}}@media screen and (max-width:689px){.stk-7225c59 .stk-block-heading__text{font-size:30px !important;}}<\/style><h2 class=\"stk-block-heading__text has-text-color has-text-align-center\">Disserta\u00e7\u00f5es<\/h2><\/div>\n<\/div><\/div><\/div>\n<\/div><\/div>\n\n\n\n<h4 class=\"wp-block-heading has-text-align-center\">Turma 12\/2023<\/h4>\n\n\n\n<h6 class=\"wp-block-heading\"><a href=\"https:\/\/pos.uea.edu.br\/data\/area\/dissertacao\/download\/66-1.pdf\" target=\"_blank\" rel=\"noreferrer noopener\"><\/a><a href=\"https:\/\/drive.google.com\/file\/d\/1WaRmNECKwJiziWJv0W54zg1VlRkigOrj\/view?usp=drive_link\" target=\"_blank\" rel=\"noreferrer noopener\">Chesman da Silva Alves<\/a><\/h6>\n\n\n\n<p>Disserta\u00e7\u00e3o: Acur\u00e1cia das Escalas MEWS, EPA e BPEWS-BR na identifica\u00e7\u00e3o precoce de risco de deteriora\u00e7\u00e3o cl\u00ednica em pacientes onco-hematol\u00f3gicos adultos e pedi\u00e1tricos no contexto Amaz\u00f4nico.<\/p>\n\n\n\n<h6 class=\"wp-block-heading\"><a href=\"https:\/\/pos.uea.edu.br\/data\/area\/dissertacao\/download\/66-1.pdf\" target=\"_blank\" rel=\"noreferrer noopener\"><\/a><a href=\"https:\/\/drive.google.com\/file\/d\/1NIi7NgFXj_eEC1rhh8CyZHfU_DS_6chg\/view?usp=drive_link\" target=\"_blank\" rel=\"noreferrer noopener\">Glenda Menezes Nogueira<\/a><\/h6>\n\n\n\n<p>Disserta\u00e7\u00e3o: Frequ\u00eancia das variantes de nucleot\u00eddeo \u00fanico (SNVs) no gene TP53 em pacientes com leucemia linfobl\u00e1stica aguda.<\/p>\n\n\n\n<h6 class=\"wp-block-heading\"><a href=\"https:\/\/pos.uea.edu.br\/data\/area\/dissertacao\/download\/66-1.pdf\" target=\"_blank\" rel=\"noreferrer noopener\"><\/a><a href=\"https:\/\/drive.google.com\/file\/d\/1GiLEBAkT7N-hASd5zjhvHMp1TdPykLoG\/view?usp=drive_link\" target=\"_blank\" rel=\"noreferrer noopener\">Gracineide Pereira da Silva<\/a><\/h6>\n\n\n\n<p>Disserta\u00e7\u00e3o: Estado nutricional de pacientes com anemia falciforme atendidos na Funda\u00e7\u00e3o de Hematologia e Hemoterapia do Estado do Amazonas &#8211; FHEMOAM.<\/p>\n\n\n\n<h6 class=\"wp-block-heading\"><a href=\"https:\/\/pos.uea.edu.br\/data\/area\/dissertacao\/download\/66-1.pdf\" target=\"_blank\" rel=\"noreferrer noopener\"><\/a><a href=\"https:\/\/drive.google.com\/file\/d\/1zE3yPqw7xd72gotg3_YskGb5AGF5Nd2b\/view?usp=drive_link\" data-type=\"link\" data-id=\"https:\/\/pos.uea.edu.br\/data\/area\/dissertacao\/download\/70-2.pdf\" target=\"_blank\" rel=\"noreferrer noopener\">Kallem Kamilla Ribas Gomes<\/a><\/h6>\n\n\n\n<p>Disserta\u00e7\u00e3o: An\u00e1lise do perfil de variantes do Gene BCR::ABL1 em pacientes com leucemia miel\u00f3ide cr\u00f4nica atendidos na Funda\u00e7\u00e3o Hospitalar de Hematologia e Hemoterapia do Amazonas.<\/p>\n\n\n\n<h6 class=\"wp-block-heading\"><a href=\"https:\/\/pos.uea.edu.br\/data\/area\/dissertacao\/download\/66-1.pdf\" target=\"_blank\" rel=\"noreferrer noopener\"><\/a><a href=\"https:\/\/drive.google.com\/file\/d\/1tCrViFcDHva15XQOVuj28zBK-wfG4JqD\/view?usp=drive_link\" data-type=\"link\" data-id=\"https:\/\/pos.uea.edu.br\/data\/area\/dissertacao\/download\/70-2.pdf\" target=\"_blank\" rel=\"noreferrer noopener\">Maria Gabriella Santos de Vasconcelos<\/a><\/h6>\n\n\n\n<p>Perfil Cl\u00ednico de variantes do Gene TP53 em pacientes com Leucemia Miel\u00f3ide Cr\u00f4nica atendidos na Funda\u00e7\u00e3o Hospitalar de Hematologia e Hemoterapia do Amazonas.<\/p>\n\n\n\n<h6 class=\"wp-block-heading\"><a href=\"https:\/\/pos.uea.edu.br\/data\/area\/dissertacao\/download\/66-1.pdf\" target=\"_blank\" rel=\"noreferrer noopener\"><\/a><a href=\"https:\/\/drive.google.com\/file\/d\/1BBMTnUHaQEW_g3u8JXKpI_4TF8b4yklg\/view?usp=drive_link\" data-type=\"link\" data-id=\"https:\/\/drive.google.com\/file\/d\/1BBMTnUHaQEW_g3u8JXKpI_4TF8b4yklg\/view?usp=drive_link\" target=\"_blank\" rel=\"noreferrer noopener\">Talita Cruz dos Santos<\/a><\/h6>\n\n\n\n<p>Disserta\u00e7\u00e3o: Identifica\u00e7\u00e3o de variantes no gene NPM1 em pacientes com leucemia miel\u00f3ide aguda atendidos na Funda\u00e7\u00e3o Hospitalar de Hematologia e Hemoterapia do Amazonas.<\/p>\n\n\n\n<h6 class=\"wp-block-heading\"><a href=\"https:\/\/pos.uea.edu.br\/data\/area\/dissertacao\/download\/66-1.pdf\" target=\"_blank\" rel=\"noreferrer noopener\"><\/a><a href=\"https:\/\/drive.google.com\/file\/d\/1Bu1Axr9U5PJ7TC9CFpsKMJGLoid-jc7L\/view?usp=drive_link\" target=\"_blank\" rel=\"noreferrer noopener\">Wanessa Horreda Laranjeira<\/a><\/h6>\n\n\n\n<p>Disserta\u00e7\u00e3o: Avalia\u00e7\u00e3o do Perfil de mediadores imunol\u00f3gicos sol\u00faveis em pacientes com policitemia vera atendidos na Funda\u00e7\u00e3o Hospitalar de Hematologia e Hemoterapia do Amazonas.<\/p>\n\n\n\n<h4 class=\"wp-block-heading has-text-align-center\">Turma 11\/2022<\/h4>\n\n\n\n<h6 class=\"wp-block-heading\"><a href=\"https:\/\/pos.uea.edu.br\/data\/area\/dissertacao\/download\/66-1.pdf\" target=\"_blank\" rel=\"noreferrer noopener\"><\/a><a href=\"https:\/\/drive.google.com\/file\/d\/1uktGElgs1N44VbJw1HyX5mIIJWB1rEIV\/view?usp=drive_link\" target=\"_blank\" rel=\"noreferrer noopener\"><strong>Claudio Lucas dos Santos Cat\u00e3o<\/strong><\/a><\/h6>\n\n\n\n<p>Disserta\u00e7\u00e3o: Impacto da detec\u00e7\u00e3o de blastos leuc\u00eamicos durante o protocolo de tratamento dos pacientes pedi\u00e1tricos com leucemia linfobl\u00e1stica aguda de c\u00e9lulas B: Implica\u00e7\u00f5es cl\u00ednicas e laboratoriais.<\/p>\n\n\n\n<h6 class=\"wp-block-heading\"><a href=\"https:\/\/drive.google.com\/file\/d\/1ymGFpwM8-SEBad71X-l4tqr9VrKSzFse\/view?usp=drive_link\" target=\"_blank\" rel=\"noreferrer noopener\">Dheysse Ara\u00fajo de Lima<\/a><\/h6>\n\n\n\n<p>Disserta\u00e7\u00e3o: Avalia\u00e7\u00e3o nutricional subjetiva global de pacientes rec\u00e9m-diagnosticados com leucemia linfoide aguda internados na Funda\u00e7\u00e3o Hospitalar de Hematologia e Hemoterapia do Amazonas.<\/p>\n\n\n\n<h6 class=\"wp-block-heading\"><a href=\"https:\/\/pos.uea.edu.br\/data\/area\/dissertacao\/download\/66-2.pdf\" target=\"_blank\" rel=\"noreferrer noopener\"><\/a><a href=\"https:\/\/drive.google.com\/file\/d\/1A4tElvcQslEmbYalzPeUxWDMhpPAejEY\/view?usp=drive_link\" target=\"_blank\" rel=\"noreferrer noopener\">Juliana Nascimento Vitoriano da Silva<\/a><\/h6>\n\n\n\n<p>Disserta\u00e7\u00e3o: Caracteriza\u00e7\u00e3o molecular da G6PD em doadores de sangue da Funda\u00e7\u00e3o Hemoam.<\/p>\n\n\n\n<h6 class=\"wp-block-heading\"><a href=\"https:\/\/pos.uea.edu.br\/data\/area\/dissertacao\/download\/66-6.pdf\" target=\"_blank\" rel=\"noreferrer noopener\"><\/a><a href=\"https:\/\/drive.google.com\/file\/d\/1n5JkIlAWSPU-8CPUKetfq0MlymydTl_A\/view?usp=drive_link\" target=\"_blank\" rel=\"noreferrer noopener\">Lana Sulamita Silva dos Santos Vecchia<\/a><\/h6>\n\n\n\n<p>Disserta\u00e7\u00e3o: Hemovigil\u00e2ncia das rea\u00e7\u00f5es adversas imediatas e tardias \u00e0 doa\u00e7\u00e3o de sangue no Hemocentro do estado do Amazonas.<\/p>\n\n\n\n<h6 class=\"wp-block-heading\"><a href=\"https:\/\/drive.google.com\/file\/d\/1swzFr_W_lTV3xHDVjkxTvPGWTNxiqSMk\/view?usp=drive_link\" target=\"_blank\" rel=\"noreferrer noopener\">Larissa da Silva Nunes<\/a><\/h6>\n\n\n\n<p>Disserta\u00e7\u00e3o: An\u00e1lise do perfil hematol\u00f3gico e a influ\u00eancia de variantes gen\u00e9ticas das citocinas IL-6, TNF e IL-10 em profissionais da sa\u00fade da Funda\u00e7\u00e3o Hemoam, vacinados com a terceira dose contra a COVID-19.<\/p>\n\n\n\n<h6 class=\"wp-block-heading\"><a href=\"https:\/\/drive.google.com\/file\/d\/1G5o3_c7laDkeKrDNLPPPVi6lk8lA9Epg\/view?usp=drive_link\" target=\"_blank\" rel=\"noreferrer noopener\">Let\u00edcia Nayra Bastos Fernandes<\/a><\/h6>\n\n\n\n<p>Disserta\u00e7\u00e3o: An\u00e1lise do funcionamento cognitivo de pacientes com leucemia mieloide aguda atendidos na Funda\u00e7\u00e3o Hospitalar de Hematologia e Hemoterapia do Amazonas.<\/p>\n\n\n\n<h6 class=\"wp-block-heading\"><a href=\"https:\/\/drive.google.com\/file\/d\/1wglCq-o6qW7uNW6IJWy19VkC7_1HQCGi\/view?usp=sharing\" target=\"_blank\" rel=\"noreferrer noopener\">Marl\u00facia Oliveira dos Santos<\/a><\/h6>\n\n\n\n<p>Disserta\u00e7\u00e3o: Avalia\u00e7\u00e3o de variantes do FLT3 em pacientes com leucemia mieloide aguda atendidos na Funda\u00e7\u00e3o Hospitalar de Hematologia e Hemoterapia do Amazonas.<\/p>\n\n\n\n<h6 class=\"wp-block-heading\"><a href=\"https:\/\/drive.google.com\/file\/d\/1_BFpZYkQ6zxJj7iAxLA6AvVjUunY4UM_\/view?usp=drive_link\" target=\"_blank\" rel=\"noreferrer noopener\">M\u00f4nica Moura de Souza<\/a><\/h6>\n\n\n\n<p>Disserta\u00e7\u00e3o: Investiga\u00e7\u00e3o da hemoglobinopatia estrutural S em doadores de sague da Funda\u00e7\u00e3o Hospitalar de Hematologia e Hemoterapia do Amazonas.<\/p>\n\n\n\n<h6 class=\"wp-block-heading\"><a href=\"https:\/\/drive.google.com\/file\/d\/1DETQiEY2vZ1BNGL0voqGJAEFzbD0TXbM\/view?usp=drive_link\" target=\"_blank\" rel=\"noreferrer noopener\">Nathalie Rezende Batalha Gomes<\/a><\/h6>\n\n\n\n<p>Disserta\u00e7\u00e3o: Investiga\u00e7\u00e3o das rea\u00e7\u00f5es transfusionais imediatas em pacientes politransfundidos no Hemocentro do Estado do Amazonas.<\/p>\n\n\n\n<h6 class=\"wp-block-heading\"><a href=\"https:\/\/drive.google.com\/file\/d\/1igLEpq6DC_v5D2mCyYV9cuU_oaX_uh3p\/view?usp=drive_link\" target=\"_blank\" rel=\"noreferrer noopener\">Paulo Henrique Rodrigues De Souza<\/a><\/h6>\n\n\n\n<p>Disserta\u00e7\u00e3o: Preval\u00eancia da infec\u00e7\u00e3o pelo eritrov\u00edrus B19V em pacientes portadores de doen\u00e7as hematol\u00f3gicas.<\/p>\n\n\n\n<h4 class=\"wp-block-heading has-text-align-center\">Turma 10\/2021<\/h4>\n\n\n\n<h6 class=\"wp-block-heading\"><a href=\"https:\/\/drive.google.com\/file\/d\/1Rc-oPcl4wtP8SMSQN3Wqvzc9H3c2I5Hd\/view?usp=drive_link\" target=\"_blank\" rel=\"noreferrer noopener\">Alice de Freitas Gomes<\/a><\/h6>\n\n\n\n<p>Disserta\u00e7\u00e3o: Compostos nanoparticulados: Avalia\u00e7\u00e3o do potencial antileuc\u00eamico e imunomodulador.<\/p>\n\n\n\n<h6 class=\"wp-block-heading\"><a href=\"https:\/\/drive.google.com\/file\/d\/1LyEIVkM2QeAln1lBYJXjfNse6r9BjLpN\/view?usp=drive_link\" target=\"_blank\" rel=\"noreferrer noopener\">Daniele de S\u00e1 Pereira<\/a><\/h6>\n\n\n\n<p>Disserta\u00e7\u00e3o: Caracteriza\u00e7\u00e3o da express\u00e3o de genes antiapopt\u00f3ticos e de resist\u00eancia a m\u00faltiplas drogas na resposta a terapia de indu\u00e7\u00e3o em pacientes com leucemia linfobl\u00e1stica aguda.<\/p>\n\n\n\n<h6 class=\"wp-block-heading\"><a href=\"https:\/\/drive.google.com\/file\/d\/136znyvttFzp20BnmtIHNy7JLlh5yJg2p\/view?usp=drive_link\" target=\"_blank\" rel=\"noreferrer noopener\">Deborah Cant\u00e9 de Aquino<\/a><\/h6>\n\n\n\n<p>Disserta\u00e7\u00e3o: Estudo molecular do \u00e9xon 10 do gene MPL em pacientes com trombocitemia essencial e mielofibrose.<\/p>\n\n\n\n<h6 class=\"wp-block-heading\"><a href=\"https:\/\/drive.google.com\/file\/d\/1GLzy7c9hzABXZD0Pc2h6gdd4JKtGZHde\/view?usp=drive_link\" target=\"_blank\" rel=\"noreferrer noopener\">Emanuela Vit\u00f3ria Barbosa Alves<\/a><\/h6>\n\n\n\n<p>Disserta\u00e7\u00e3o: Caracteriza\u00e7\u00e3o do perfil de microves\u00edculas circulantes em pacientes com trombocitemia essencial.<\/p>\n\n\n\n<h6 class=\"wp-block-heading\"><a href=\"https:\/\/drive.google.com\/file\/d\/1p2iMeKvrDU313zsZGvT2tjSGLrOMOsSu\/view?usp=drive_link\" target=\"_blank\" rel=\"noreferrer noopener\">Felipe Araujo dos Santos<\/a><\/h6>\n\n\n\n<p>Disserta\u00e7\u00e3o: Incid\u00eancia de HTLV-1\/2 em candidatos \u00e0 doa\u00e7\u00e3o de sangue do Amazonas: Um estudo observacional comparando diferentes m\u00e9todos de diagn\u00f3stico.<\/p>\n\n\n\n<h6 class=\"wp-block-heading\"><a href=\"https:\/\/drive.google.com\/file\/d\/1dpXMjtL308B9XwmwfvKWeQtt_9jVMe7w\/view?usp=drive_link\" target=\"_blank\" rel=\"noreferrer noopener\">Geyse Adriana da Silva Soares<\/a><\/h6>\n\n\n\n<p>Disserta\u00e7\u00e3o: Caracteriza\u00e7\u00e3o do perfil de microves\u00edculas circulantes na infec\u00e7\u00e3o por SARS-COV-2 em pacientes e indiv\u00edduos convalescentes.<\/p>\n\n\n\n<h6 class=\"wp-block-heading\"><a href=\"https:\/\/drive.google.com\/file\/d\/1X-I-S1ZwwMW4Dzyuo5LUOi5G0ZxnnrJP\/view?usp=drive_link\" target=\"_blank\" rel=\"noreferrer noopener\">Iandara Ma\u00edra Lopes de Souza<\/a><\/h6>\n\n\n\n<p>Disserta\u00e7\u00e3o: Caracteriza\u00e7\u00e3o de microves\u00edculas circulantes e seu potencial uso como biomarcador no diagn\u00f3stico e tratamento de pacientes com leucemia mieloide cr\u00f4nica.<\/p>\n\n\n\n<h6 class=\"wp-block-heading\"><a href=\"https:\/\/drive.google.com\/file\/d\/1rOryFpTtqHRTmGVonyGTEV5BOWMMSoKn\/view?usp=drive_link\" target=\"_blank\" rel=\"noreferrer noopener\">Jhemerson Fernandes Paes<\/a><\/h6>\n\n\n\n<p>Disserta\u00e7\u00e3o: Estudo do hapl\u00f3tipo 46\/1 e promotor do gene JAK 2 em pacientes com neoplasias mieloproliferativas BCR::ABL1 negativas atendidos na Funda\u00e7\u00e3o Hospitalar de Hematologia e Hemoterapia do Amazonas.<\/p>\n\n\n\n<h6 class=\"wp-block-heading\"><a href=\"https:\/\/drive.google.com\/file\/d\/1memZnuJFp5HQsawTvv4nyUfYXRpCo0Ty\/view?usp=drive_link\" data-type=\"link\" data-id=\"https:\/\/drive.google.com\/file\/d\/1memZnuJFp5HQsawTvv4nyUfYXRpCo0Ty\/view?usp=drive_link\" target=\"_blank\" rel=\"noreferrer noopener\">Leonardo Calheiros de Oliveira<\/a><\/h6>\n\n\n\n<p>Disserta\u00e7\u00e3o: Caracteriza\u00e7\u00e3o do polimorfismo do gene MBL2 em pacientes com leucemia linf\u00f3ide aguda.<\/p>\n\n\n\n<h6 class=\"wp-block-heading\"><a href=\"https:\/\/drive.google.com\/file\/d\/11ENRIAgYpxLeq6UW7QljtsHOcXVSXZsp\/view?usp=drive_link\" target=\"_blank\" rel=\"noreferrer noopener\">Lidiane de Sousa Pinheiro<\/a><\/h6>\n\n\n\n<p>Disserta\u00e7\u00e3o: Dist\u00farbios miofuncionais orofaciais em pacientes diagnosticados com a anemia falciforme na F.HEMOAM &#8211; Amazonas.<\/p>\n\n\n\n<h6 class=\"wp-block-heading\"><a href=\"https:\/\/drive.google.com\/file\/d\/1UHfHjYCePrGLfwCsEZRL1U-pGTvt6QbD\/view?usp=drive_link\" data-type=\"link\" data-id=\"https:\/\/drive.google.com\/file\/d\/1UHfHjYCePrGLfwCsEZRL1U-pGTvt6QbD\/view?usp=drive_link\" target=\"_blank\" rel=\"noreferrer noopener\">Lorena Alves Santos<\/a><\/h6>\n\n\n\n<p>Disserta\u00e7\u00e3o: Caracteriza\u00e7\u00e3o do perfil imuno &#8211; hematol\u00f3gico das rea\u00e7\u00f5es transfusionais tardias em pacientes com doen\u00e7a falciforme politransfundidos no Hemocentro do Amazonas.<\/p>\n\n\n\n<h6 class=\"wp-block-heading\"><a href=\"https:\/\/drive.google.com\/file\/d\/1i9Jis3ELIPEJeFFzeAf9jHjcToUyhocp\/view?usp=drive_link\" target=\"_blank\" rel=\"noreferrer noopener\">Miliane Ara\u00fajo de Sousa<\/a><\/h6>\n\n\n\n<p>Disserta\u00e7\u00e3o: Carateriza\u00e7\u00e3o do perfil de microves\u00edculas circulantes em pacientes com policitemia vera.<\/p>\n\n\n\n<h6 class=\"wp-block-heading\"><a href=\"https:\/\/drive.google.com\/file\/d\/1rL_aJmZP4P-beXnOtBdvQM_d6RJxkrVW\/view?usp=drive_link\" target=\"_blank\" rel=\"noreferrer noopener\">Naamy Keely da Silva Sim\u00e3o<\/a><\/h6>\n\n\n\n<p>Disserta\u00e7\u00e3o: Avalia\u00e7\u00e3o da funcionalidade e implica\u00e7\u00f5es na qualidade de vida de pessoas com hemof\u00edlia do estado do Amazonas.<\/p>\n\n\n\n<h6 class=\"wp-block-heading\"><a href=\"https:\/\/drive.google.com\/file\/d\/1EaKwGZpP4h-wFsuZ0mTniQEqp6E_1I1R\/view?usp=drive_link\" target=\"_blank\" rel=\"noreferrer noopener\">Rebecca Martine Sarah JN-Louis<\/a><\/h6>\n\n\n\n<p>Disserta\u00e7\u00e3o: Desempenho das vari\u00e1veis cl\u00ednicas e impacto da suplementa\u00e7\u00e3o de ferro na identifica\u00e7\u00e3o\/preven\u00e7\u00e3o da defici\u00eancia de ferro em doadoras de sangue total da Funda\u00e7\u00e3o Hemoam.<\/p>\n\n\n\n<h6 class=\"wp-block-heading\"><a href=\"https:\/\/drive.google.com\/file\/d\/1lf7Qi2habqs17wUky2lD_daKUyhGeAqX\/view?usp=drive_link\" target=\"_blank\" rel=\"noreferrer noopener\">Ros\u00e2ngela Santos de Abreu<\/a><\/h6>\n\n\n\n<p>Disserta\u00e7\u00e3o: Perfil demogr\u00e1fico e de resposta molecular dos pacientes com leucemia mieloide cr\u00f4nica em tratamento com inibidores de tirosinoquinase na Funda\u00e7\u00e3o HEMOAM.<\/p>\n\n\n\n<h6 class=\"wp-block-heading\"><a href=\"https:\/\/drive.google.com\/file\/d\/1OLAEA4o-YUFKk2SLDHo1lTVepybKk9n7\/view?usp=drive_link\" target=\"_blank\" rel=\"noreferrer noopener\">Ruth Valine Etienne<\/a><\/h6>\n\n\n\n<p>Disserta\u00e7\u00e3o: S\u00edndrome tor\u00e1cica aguda em pacientes com doen\u00e7a falciforme: Caracteriza\u00e7\u00e3o demogr\u00e1fica e identifica\u00e7\u00e3o de fatores predisponentes.<\/p>\n\n\n\n<h6 class=\"wp-block-heading\"><a href=\"https:\/\/drive.google.com\/file\/d\/1rB9f-RoEFXQpN_B-Kb1hTi4wAyB7fNUh\/view?usp=drive_link\" target=\"_blank\" rel=\"noreferrer noopener\">Tiane Sena de Castro<\/a><\/h6>\n\n\n\n<p>Disserta\u00e7\u00e3o: Caracter\u00edsticas cl\u00ednicas e epidemiol\u00f3gicas dos doadores de sangue infectados pelo SARS-COV-2 do Hemocentro do Amazonas.<\/p>\n\n\n\n<h6 class=\"wp-block-heading\"><a href=\"https:\/\/drive.google.com\/file\/d\/1t7AnuXXhcNjU4eTspflfO0asU8RAtqeO\/view?usp=drive_link\" target=\"_blank\" rel=\"noreferrer noopener\">Wivian da Concei\u00e7\u00e3o Costa da Silva<\/a><\/h6>\n\n\n\n<p>Disserta\u00e7\u00e3o: Influ\u00eancia de variantes gen\u00e9ticas associadas ao gene do receptor TREM-1 no perfil de citocinas e outros mediadores sol\u00faveis em indiv\u00edduos convalescentes e de fase aguda da COVID-19.<\/p>\n\n\n\n<h6 class=\"wp-block-heading\"><a href=\"https:\/\/drive.google.com\/file\/d\/1m9ST2k2X6J6bWySa9tQ8M-qt5OijvsXA\/view?usp=drive_link\" target=\"_blank\" rel=\"noreferrer noopener\">\u00c9rycka Alves de Mesquita<\/a><\/h6>\n\n\n\n<p>Disserta\u00e7\u00e3o: Identifica\u00e7\u00e3o de variantes no \u00e9xon 09 do gene calreticulina (CALR) em pacientes com trombocitemia essencial e mielofibrose.<\/p>\n\n\n\n<h4 class=\"wp-block-heading has-text-align-center\">Turma 09\/2020<\/h4>\n\n\n\n<h6 class=\"wp-block-heading\"><a href=\"https:\/\/drive.google.com\/file\/d\/17qXoXrnIdViFWzpM61OVj8qBPUI1gVzg\/view?usp=drive_link\" data-type=\"link\" data-id=\"https:\/\/drive.google.com\/file\/d\/17qXoXrnIdViFWzpM61OVj8qBPUI1gVzg\/view?usp=drive_link\" target=\"_blank\" rel=\"noreferrer noopener\">Ana Carolina Shuan Laco<\/a><\/h6>\n\n\n\n<p>Disserta\u00e7\u00e3o: Avalia\u00e7\u00e3o da express\u00e3o de CCL5 intracelular em linf\u00f3citos T CD8 de mem\u00f3ria e sua rela\u00e7\u00e3o com biomarcadores cl\u00ednicos de mal\u00e1ria vivax em crian\u00e7as atendidas na funda\u00e7\u00e3o de medicina tropical Dr. Heitor Vieira Dourado.<\/p>\n\n\n\n<h6 class=\"wp-block-heading\"><a href=\"https:\/\/drive.google.com\/file\/d\/1EeISBSCPz1alIm9XbqCNwaP5N60TpJD6\/view?usp=drive_link\" target=\"_blank\" rel=\"noreferrer noopener\">Augusto Arcemiro Bittencourt<\/a><\/h6>\n\n\n\n<p>Disserta\u00e7\u00e3o: Condi\u00e7\u00e3o de sa\u00fade bucal e qualidade de vida de pacientes com Leucemia Mieloide Cr\u00f4nica em um Centro de Refer\u00eancia em Hematologia no Amazonas.<\/p>\n\n\n\n<h6 class=\"wp-block-heading\"><a href=\"https:\/\/drive.google.com\/file\/d\/1y77ayj-yJTRzWB7cgxpX9ZA_5iCv-4Sa\/view?usp=drive_link\" target=\"_blank\" rel=\"noreferrer noopener\">Dania Isamary Gutierrez Torres<\/a><\/h6>\n\n\n\n<p>Disserta\u00e7\u00e3o: Caracteriza\u00e7\u00e3o molecular de variantes no gene JAK2 em pacientes com neoplasias mieloproliferativas cr\u00f4nicas BCR\/ABL1 negativo.<\/p>\n\n\n\n<h6 class=\"wp-block-heading\"><a href=\"https:\/\/drive.google.com\/file\/d\/1AcTYXPOxccTxpgBNEeC6tOKPftIgCu_-\/view?usp=drive_link\" target=\"_blank\" rel=\"noreferrer noopener\">Gl\u00e1ucia Lima de Souza<\/a><\/h6>\n\n\n\n<p>Disserta\u00e7\u00e3o: Frequ\u00eancia das transloca\u00e7\u00f5es cromoss\u00f4micas para o estudo da doen\u00e7a residual mensur\u00e1vel (DRM) em pacientes diagnosticados com leucemia linfoide e mieloide aguda de novo atendidos na Funda\u00e7\u00e3o HEMOAM.<\/p>\n\n\n\n<h6 class=\"wp-block-heading\"><a href=\"https:\/\/drive.google.com\/file\/d\/132NPDoEEHXsdSUm89d1yyUa9SCKu_NRG\/view?usp=drive_link\" target=\"_blank\" rel=\"noreferrer noopener\">Marielle Machado Macedo<\/a><\/h6>\n\n\n\n<p>Disserta\u00e7\u00e3o: Resposta terap\u00eautica da primaquina em mal\u00e1ria vivax: Influ\u00eancia de variantes gen\u00e9ticas de G6PD, CYP2C19, CYP2D6 e CYP3A4.<\/p>\n\n\n\n<h6 class=\"wp-block-heading\"><a href=\"https:\/\/drive.google.com\/file\/d\/1on8oL72xyYBfB4lj5cczybie-dozktBo\/view?usp=drive_link\" data-type=\"link\" data-id=\"https:\/\/drive.google.com\/file\/d\/1on8oL72xyYBfB4lj5cczybie-dozktBo\/view?usp=drive_link\" target=\"_blank\" rel=\"noreferrer noopener\">Melissa Beatriz Bittencourt de Jesus<\/a><\/h6>\n\n\n\n<p>Disserta\u00e7\u00e3o: Avalia\u00e7\u00e3o do desenvolvimento cognitivo em pacientes pedi\u00e1tricos com leucemia linfoide aguda.<\/p>\n\n\n\n<h6 class=\"wp-block-heading\"><a href=\"https:\/\/drive.google.com\/file\/d\/17Ftz3-btkdPY8CSZ1IsXmGltn0C-w1Q1\/view?usp=drive_link\" target=\"_blank\" rel=\"noreferrer noopener\">Pedro Henrique Campina<\/a><\/h6>\n\n\n\n<p>Disserta\u00e7\u00e3o: Transtornos mentais em pacientes rec\u00e9m diagnosticados com leucemia miel\u00f3ide aguda no Amazonas.<\/p>\n\n\n\n<h4 class=\"wp-block-heading has-text-align-center\">Turma 08\/2019<\/h4>\n\n\n\n<h6 class=\"wp-block-heading\"><a href=\"https:\/\/drive.google.com\/file\/d\/12Xa_azfqIdPXy7GzZ9hAfRd9j1Tf_eyT\/view?usp=drive_link\" target=\"_blank\" rel=\"noreferrer noopener\">Alexander Leonardo Silva Junior<\/a><\/h6>\n\n\n\n<p>Disserta\u00e7\u00e3o: Avalia\u00e7\u00e3o do Perfil de Biomarcadores Imunol\u00f3gicos no Perfil Cl\u00ednico de Pacientes com Anemia Falciforme.<\/p>\n\n\n\n<h6 class=\"wp-block-heading\"><a href=\"https:\/\/pos.uea.edu.br\/data\/area\/dissertacao\/download\/49-8.pdf\" target=\"_blank\" rel=\"noreferrer noopener\">Graciel<\/a><a href=\"https:\/\/drive.google.com\/file\/d\/1FVfys1lO3GQ0jWePTbZoHIdgPpojeLS5\/view?usp=drive_link\" target=\"_blank\" rel=\"noreferrer noopener\">a<\/a><a href=\"https:\/\/pos.uea.edu.br\/data\/area\/dissertacao\/download\/49-8.pdf\" target=\"_blank\" rel=\"noreferrer noopener\"> Marleny Rivera Chavez<\/a><\/h6>\n\n\n\n<p>Disserta\u00e7\u00e3o: An\u00e1lise dos Fatores Associados \u00e0 Inaptid\u00e3o de Doadores de Sangue no Estado do Amazonas.<\/p>\n\n\n\n<h6 class=\"wp-block-heading\"><a href=\"https:\/\/drive.google.com\/file\/d\/1m9opfGsn1S78aDmg6qAO_gaUonYe4YKf\/view?usp=drive_link\" target=\"_blank\" rel=\"noreferrer noopener\">Grijalba Rodrigues de Sousa Filho<\/a><\/h6>\n\n\n\n<p>Disserta\u00e7\u00e3o: Preval\u00eancia de disfun\u00e7\u00f5es oromiofaciais em pacientes com diagn\u00f3stico de leucemia aguda no hemocentro do Amazonas.<\/p>\n\n\n\n<h6 class=\"wp-block-heading\"><a href=\"https:\/\/drive.google.com\/file\/d\/1V6k5lYV4kLYQQlQHMAdrEiImv3ue4GKK\/view?usp=drive_link\" target=\"_blank\" rel=\"noreferrer noopener\">Guilherme Motta Antunes Ferreira<\/a><\/h6>\n\n\n\n<p>Disserta\u00e7\u00e3o: Preval\u00eancia dos Polimorfismos da Prote\u00edna NUD15 e TPMT na Amaz\u00f4nia Brasileira<\/p>\n\n\n\n<h6 class=\"wp-block-heading\"><a href=\"https:\/\/drive.google.com\/file\/d\/15flwN7WtDFy69umSUpSQuO3kaeupYT5Z\/view?usp=drive_link\" target=\"_blank\" rel=\"noreferrer noopener\">Ivy Nohemy Bland\u00f3n Tinoco<\/a><\/h6>\n\n\n\n<p>Disserta\u00e7\u00e3o: Caracter\u00edsticas cl\u00ednicas e epidemiol\u00f3gicas dos pacientes com trombocitopenia imune na Funda\u00e7\u00e3o Hospitalar de Hematologia e Hemoterapia do Amazonas de 2012 a 2019.<\/p>\n\n\n\n<h6 class=\"wp-block-heading\"><a href=\"https:\/\/drive.google.com\/file\/d\/1okyy2INu18Aqg9wpkGyD-v6VpEV_quWN\/view?usp=drive_link\" target=\"_blank\" rel=\"noreferrer noopener\">Lilian Ferrari de Freitas<\/a><\/h6>\n\n\n\n<p>Disserta\u00e7\u00e3o: Infec\u00e7\u00e3o pelo V\u00edrus Epstein-Barr e Co-Infec\u00e7\u00e3o com Citomegalov\u00edrus em Pacientes com Doen\u00e7as Hematol\u00f3gicas: Preval\u00eancia e Perfil de Marcadores Hep\u00e1ticos.<\/p>\n\n\n\n<h4 class=\"wp-block-heading has-text-align-center\">Turma 07\/2018 <\/h4>\n\n\n\n<h6 class=\"wp-block-heading\"><a href=\"https:\/\/drive.google.com\/file\/d\/1L697ah67m_6rIuP2o5ZDsGdufNBinRCa\/view?usp=drive_link\" data-type=\"link\" data-id=\"https:\/\/drive.google.com\/file\/d\/1L697ah67m_6rIuP2o5ZDsGdufNBinRCa\/view?usp=drive_link\" target=\"_blank\" rel=\"noreferrer noopener\">Fab\u00edola Silva Alves<\/a><\/h6>\n\n\n\n<p>Disserta\u00e7\u00e3o: Frequ\u00eancia dos Polimorfismos nos Genes NRLP1, NLRP3, P2X7, IL1\u03b2 e IL18 em Pacientes com Leucemia Linfobl\u00e1stica Aguda e sua Influ\u00eancia no progn\u00f3stico Cl\u00ednico.<\/p>\n\n\n\n<h6 class=\"wp-block-heading\"><a href=\"https:\/\/drive.google.com\/file\/d\/1Ae7n3t15vIu1wGWiyzUguZuInVyD0g7V\/view?usp=drive_link\" target=\"_blank\" rel=\"noreferrer noopener\">Giselle Moreira Sampaio<\/a><\/h6>\n\n\n\n<p>Disserta\u00e7\u00e3o: Frequ\u00eancia Al\u00e9lica de HLA de Classe II em Portadores de Anemia Falciforme Atendidos na Funda\u00e7\u00e3o Hospitalar de Hematologia e Hemoterapia do Amazonas.<\/p>\n\n\n\n<h6 class=\"wp-block-heading\"><a href=\"https:\/\/drive.google.com\/file\/d\/12VUrEHAr2l4YcReZuEwlG3n8BXok-zVu\/view?usp=drive_link\" target=\"_blank\" rel=\"noreferrer noopener\">Juliana dos Santos Affonso<\/a><\/h6>\n\n\n\n<p>Disserta\u00e7\u00e3o: Estudo Dos Polimorfismos Nos Genes das Citocinas Fator De Necrose Tumoral \u03b1 (TNF\u03b1), Interleucina 6 (IL6) E Interleucina 10 (IL10) Em Pacientes Com Hepatite Delta.<\/p>\n\n\n\n<h6 class=\"wp-block-heading\"><strong>Keyla Santos de Sousa<\/strong><\/h6>\n\n\n\n<p>Disserta\u00e7\u00e3o: Influ\u00eancia dos Polimorfismos nos Genes das Citocinas IL1\u03b2 e IL18 no Desenvolvimento da Fibrose Hep\u00e1tica em Paciente em Tratamento para Hepatite Delta.<\/p>\n\n\n\n<h6 class=\"wp-block-heading\"><a href=\"https:\/\/drive.google.com\/file\/d\/1H6jqHV1n5VqvgyKUflmoCET7WFedOaAF\/view?usp=drive_link\" target=\"_blank\" rel=\"noreferrer noopener\">Lilyane de Amorim Xabregas<\/a><\/h6>\n\n\n\n<p>Disserta\u00e7\u00e3o: Estudo dos Polimorfismos nos Genes dos TLRs em Pacientes diagnosticados com Leucemia Linfoide Aguda (LLA).<\/p>\n\n\n\n<h6 class=\"wp-block-heading\"><a href=\"https:\/\/drive.google.com\/file\/d\/100vDrGORgzLq9H5sFvvR3kaD6kioVJto\/view?usp=drive_link\" target=\"_blank\" rel=\"noreferrer noopener\">Marcos do Nascimento Bentes<\/a><\/h6>\n\n\n\n<p>Disserta\u00e7\u00e3o: Perfil Epidemiol\u00f3gico de Pacientes com Hemofilia A e Doen\u00e7as Associadas ao Uso do Fator VIII\/Recombinante.<\/p>\n\n\n\n<h6 class=\"wp-block-heading\"><a href=\"https:\/\/drive.google.com\/file\/d\/1yEfWKog_FybmxK-Dp0h4inQ2qUt43kIF\/view?usp=drive_link\" target=\"_blank\" rel=\"noreferrer noopener\">Maria Ivaldete Siqueira de Souza<\/a><\/h6>\n\n\n\n<p>Disserta\u00e7\u00e3o: HIV-1: Infec\u00e7\u00e3o Recente e Resist\u00eancia Transmitida aos Antirretrovirais em Doadores de Sangue do Estado do Amazonas.<\/p>\n\n\n\n<h6 class=\"wp-block-heading\"><a href=\"https:\/\/drive.google.com\/file\/d\/1FjBkMIFpAblMw40d2n1rCNcJzooLYaHf\/view?usp=drive_link\" target=\"_blank\" rel=\"noreferrer noopener\">Melina Cuenca de Mello e Pias<\/a><\/h6>\n\n\n\n<p>Disserta\u00e7\u00e3o: Manifesta\u00e7\u00f5es Bucais da Leucemia Linfobl\u00e1stica em Pacientes Infantojuvenis: Estudo Cl\u00ednico Prospectivo em Centro de Refer\u00eancia Hematol\u00f3gico do Amazonas.<\/p>\n\n\n\n<h6 class=\"wp-block-heading\"><a href=\"https:\/\/drive.google.com\/file\/d\/1fayILjCC96WDW3AfFA-PYBRhmtIsyKIH\/view?usp=drive_link\" target=\"_blank\" rel=\"noreferrer noopener\">Regiane Costa de Oliveira<\/a><\/h6>\n\n\n\n<p>Disserta\u00e7\u00e3o: Avalia\u00e7\u00e3o In Vitro da Atividade Anticancer\u00edgena de Compostos Naturais e Semissint\u00e9ticos Contra Neoplasias Hematol\u00f3gicas.<\/p>\n\n\n\n<h6 class=\"wp-block-heading\"><a href=\"https:\/\/drive.google.com\/file\/d\/1UJmpMEnTAFrkhn-3qQURH7j7PFCHTue2\/view?usp=drive_link\" target=\"_blank\" rel=\"noreferrer noopener\">Thain\u00e1 Cristina Cardoso Costa<\/a><\/h6>\n\n\n\n<p>Disserta\u00e7\u00e3o: Perfil Cl\u00ednico e Laboratorial de Pacientes Positivos para BCR-ABL1 no Estado do Amazonas.<\/p>\n\n\n\n<h4 class=\"wp-block-heading has-text-align-center\">Turma 06\/2017<\/h4>\n\n\n\n<h6 class=\"wp-block-heading\"><a href=\"https:\/\/pos.uea.edu.br\/data\/area\/dissertacao\/download\/37-1.pdf\" target=\"_blank\" rel=\"noreferrer noopener\">Enzo Miranda Santos<\/a><\/h6>\n\n\n\n<p>Disserta\u00e7\u00e3o: Perfil Epidemiol\u00f3gico das infec\u00e7\u00f5es pelo HIV, HTLV 1\/2, HBV e HCV em pacientes portadores de hemofilia A e B.<\/p>\n\n\n\n<h6 class=\"wp-block-heading\"><a href=\"https:\/\/drive.google.com\/file\/d\/1E1iEKmFihcIEbwHwZBAVkp42TxA4vg2x\/view?usp=drive_link\" target=\"_blank\" rel=\"noreferrer noopener\">Keila Tha\u00eds Passos Martins Rodrigues<\/a><\/h6>\n\n\n\n<p>Disserta\u00e7\u00e3o: Caracteriza\u00e7\u00e3o Hematol\u00f3gica e Bioqu\u00edmica de Pu\u00e9rperas: Impactos no Filho Rec\u00e9m-Nascido.<\/p>\n\n\n\n<h6 class=\"wp-block-heading\"><a href=\"https:\/\/drive.google.com\/file\/d\/1rh6DPJNTDiZ_1neTT5AjHAA7fbb7G_L_\/view?usp=drive_link\" target=\"_blank\" rel=\"noreferrer noopener\">Lucyane Mendes Silva<\/a><\/h6>\n\n\n\n<p>Disserta\u00e7\u00e3o: Caracteriza\u00e7\u00e3o molecular de esp\u00e9cies f\u00fangicas isoladas de processos infecciosos de pacientes da Funda\u00e7\u00e3o Hospitalar de Hematologia e Hemoterapia do Amazonas.<\/p>\n\n\n\n<h6 class=\"wp-block-heading\"><a href=\"https:\/\/drive.google.com\/file\/d\/1Fgc1UKC2mqHScxxPQ8POHhicP9gZyhUm\/view?usp=drive_link\" target=\"_blank\" rel=\"noreferrer noopener\">Nat\u00e1lia Santos Ferreira<\/a><\/h6>\n\n\n\n<p>Disserta\u00e7\u00e3o: Associa\u00e7\u00e3o dos polimorfismos gen\u00e9ticos da desidrogenase de glicose-6-fosfato e ant\u00edgenos duffy na mal\u00e1ria vivax.<\/p>\n\n\n\n<h6 class=\"wp-block-heading\"><a href=\"https:\/\/drive.google.com\/file\/d\/1WLTuQtQOftPuxDvFR0u07Yxsnb5uFOjN\/view?usp=drive_link\" target=\"_blank\" rel=\"noreferrer noopener\">Noeme Henriques Freitas<\/a><\/h6>\n\n\n\n<p>Disserta\u00e7\u00e3o: Estudo da associa\u00e7\u00e3o entre polimorfismos na G6PD e infec\u00e7\u00f5es f\u00fangicas em portadores de leucemia miel\u00f3ide aguda acompanhados no Hemocentro do Amazonas.<\/p>\n\n\n\n<h6 class=\"wp-block-heading\"><a href=\"https:\/\/drive.google.com\/file\/d\/1888DD78BheHd5jzhkRI5RaPXS5d9XFlF\/view?usp=drive_link\" target=\"_blank\" rel=\"noreferrer noopener\">Rosa Cristina Caldas Belota<\/a><\/h6>\n\n\n\n<p>Disserta\u00e7\u00e3o: Triagem para hepatite B em doadores de sangue no estado do Amazonas.<\/p>\n\n\n\n<h4 class=\"wp-block-heading has-text-align-center\">Turma 05\/2017<\/h4>\n\n\n\n<h6 class=\"wp-block-heading\"><a href=\"https:\/\/drive.google.com\/file\/d\/1KixtoDavbpQOcKmDiTfRKt44lRqdI1N6\/view?usp=drive_link\" target=\"_blank\" rel=\"noreferrer noopener\">Cinthia Cristina Matheus e Xerez de Albuquerque<\/a><\/h6>\n\n\n\n<p>Disserta\u00e7\u00e3o: Polimorfismos nos genes do \u00f3xido n\u00edtrico endotelial sintetase, endotelina-1, fator de crescimento transformador beta e trombospondina-1 em riscos vasculares na doen\u00e7a falciforme.<\/p>\n\n\n\n<h6 class=\"wp-block-heading\"><a href=\"https:\/\/drive.google.com\/file\/d\/1rKXTCRKTOyYoHsP0yK8durWr73oB10iZ\/view?usp=drive_link\" target=\"_blank\" rel=\"noreferrer noopener\">Evil\u00e1zio Cunha Cardoso<\/a><\/h6>\n\n\n\n<p>Disserta\u00e7\u00e3o: Avalia\u00e7\u00e3o da Associa\u00e7\u00e3o entre os n\u00edveis de HEME e HMGB1 com os Marcadores da Ativa\u00e7\u00e3o da Coagula\u00e7\u00e3o em Crises Agudas na Doen\u00e7a Falciforme.<\/p>\n\n\n\n<h6 class=\"wp-block-heading\"><a href=\"https:\/\/drive.google.com\/file\/d\/1f2uY0EPHjraMXRk2IJQHKGLyyAM_ngnB\/view?usp=drive_link\" target=\"_blank\" rel=\"noreferrer noopener\">Fernanda Cozendey Anselmo<\/a><\/h6>\n\n\n\n<p>Disserta\u00e7\u00e3o: Diagn\u00f3stico Molecular da Talassemia Alfa &#8211; Dele\u00e7\u00f5es 3.7 A4.2 em Indiv\u00edduos da Regi\u00e3o Metropolitana de Manaus &#8211; Amazonas.<\/p>\n\n\n\n<h6 class=\"wp-block-heading\"><a href=\"https:\/\/drive.google.com\/file\/d\/1URabwTK8e3fCmWjq2ky06hjWfr_JXdjX\/view?usp=drive_link\" target=\"_blank\" rel=\"noreferrer noopener\">Jamesly Joseph<\/a><\/h6>\n\n\n\n<p>Disserta\u00e7\u00e3o: Acur\u00e1cia diagn\u00f3stica de um painel de sinais e sintomas cl\u00ednicos para a detec\u00e7\u00e3o da defici\u00eancia de ferro em doadoras de sangue.<\/p>\n\n\n\n<h6 class=\"wp-block-heading\"><a href=\"https:\/\/drive.google.com\/file\/d\/1potbbfSiLFWxYovnw7bMa3QM0MrC-iK5\/view?usp=drive_link\" target=\"_blank\" rel=\"noreferrer noopener\">Stephane Saint Pierre<\/a><\/h6>\n\n\n\n<p>Disserta\u00e7\u00e3o: Caracteriza\u00e7\u00e3o cl\u00ednica e epidemiol\u00f3gica dos pacientes com diagn\u00f3stico de Leucemia Mieloide Aguda no Estado do Amazonas tratado no HEMOAM.<\/p>\n\n\n\n<h4 class=\"wp-block-heading has-text-align-center\">Turma 04\/2016<\/h4>\n\n\n\n<h6 class=\"wp-block-heading\"><a href=\"https:\/\/drive.google.com\/file\/d\/1rH7HTH9SNDmO9mz_ml3xBFEbDHmQMm6u\/view?usp=drive_link\" target=\"_blank\" rel=\"noreferrer noopener\">Aline Sampaio Jamel<\/a><\/h6>\n\n\n\n<p>Disserta\u00e7\u00e3o: Caracteriza\u00e7\u00e3o Cl\u00ednica e Molecular de pacientes com Telangiectasia Hemorr\u00e1gica Heredit\u00e1ria da Regi\u00e3o de Campinas (SP) e Manaus (AM).<\/p>\n\n\n\n<h6 class=\"wp-block-heading\"><a href=\"https:\/\/drive.google.com\/file\/d\/1NxjBuTjjhLMXigJ5KOia9hAv9q45LO7Q\/view?usp=drive_link\" target=\"_blank\" rel=\"noreferrer noopener\">Jean de Melo Silva<\/a><\/h6>\n\n\n\n<p>Disserta\u00e7\u00e3o: Caracteriza\u00e7\u00e3o Sorol\u00f3gica da Infec\u00e7\u00e3o por Citomegalov\u00edrus (CMV) em Pacientes Portadores de Doen\u00e7as Hematol\u00f3gicas Atendidos na Funda\u00e7\u00e3o HEMOAM.<\/p>\n\n\n\n<h6 class=\"wp-block-heading\"><strong>Marlon Wendell Athaydes Kerr<\/strong><\/h6>\n\n\n\n<p>Disserta\u00e7\u00e3o: Perfil de mol\u00e9culas sol\u00faveis presentes no compartimento medular de pacientes pedi\u00e1tricos com Leucemia Linfoide Aguda (LLA-B).<\/p>\n\n\n\n<h4 class=\"wp-block-heading has-text-align-center\">Turma 03\/2015<\/h4>\n\n\n\n<h6 class=\"wp-block-heading\"><a href=\"https:\/\/drive.google.com\/file\/d\/14-Ip7ksg-KvyOqZWwbEpmEo-_SAjXGNU\/view?usp=drive_link\" target=\"_blank\" rel=\"noreferrer noopener\">Ellen Albuquerque de Freitas<\/a><\/h6>\n\n\n\n<p>Disserta\u00e7\u00e3o: Caracteriza\u00e7\u00e3o molecular de genes de resist\u00eancia \u00e0s \u03b2-lactamases em isolados de Chryseobacterium indologenes.<\/p>\n\n\n\n<h6 class=\"wp-block-heading\"><a href=\"https:\/\/drive.google.com\/file\/d\/1W3w4ArodC35N0biJ4Aqs-4BB0rkfAVtj\/view?usp=drive_link\" target=\"_blank\" rel=\"noreferrer noopener\">Emerson Garcia de Almeida<\/a><\/h6>\n\n\n\n<p>Disserta\u00e7\u00e3o: Caracteriza\u00e7\u00e3o dos Polimorfismos dos receptores dos Genes NLRP1 e NLRP3 e dos Genes das interleucinas IL-1\u03b2 E IL-18 e sua associa\u00e7\u00e3o com a gravidade em portadores de Anemia Falciforme.<\/p>\n\n\n\n<h6 class=\"wp-block-heading\"><strong>Hygor Halyson Figueiredo Ribeiro<\/strong><\/h6>\n\n\n\n<p>Disserta\u00e7\u00e3o: Preval\u00eancia e caracteriza\u00e7\u00e3o molecular da infec\u00e7\u00e3o pelo v\u00edrus HTLV &#8211; 1\/2 em pacientes com Doen\u00e7as Hematol\u00f3gicas atendidos na Funda\u00e7\u00e3o Hospitalar de Hematologia e Hemoterapia do Amazonas.<\/p>\n\n\n\n<h6 class=\"wp-block-heading\"><strong>Luiz Augusto Shwade<\/strong><\/h6>\n\n\n\n<p>Disserta\u00e7\u00e3o: An\u00e1lise de Sobreviv\u00eancia para descrever o retorno de Doadores de Sangue do Estado do Amazonas.<\/p>\n\n\n\n<h6 class=\"wp-block-heading\"><a href=\"https:\/\/drive.google.com\/file\/d\/1msv_DHUWLso2ICOgmQ5qRJvZefYikVq4\/view?usp=drive_link\" target=\"_blank\" rel=\"noreferrer noopener\">Marcelo Reis do Nascimento<\/a><\/h6>\n\n\n\n<p>Disserta\u00e7\u00e3o: Avalia\u00e7\u00e3o Laboratorial e Molecular de Concentrado de Hem\u00e1cias devolvidas \u00e0 Funda\u00e7\u00e3o Hospitalar de Hematologia e Hemoterapia do Amazonas.<\/p>\n\n\n\n<h6 class=\"wp-block-heading\"><a href=\"https:\/\/drive.google.com\/file\/d\/14wu60scQu1K1gH_KuD3BAHrr7ukfKI8G\/view?usp=drive_link\" target=\"_blank\" rel=\"noreferrer noopener\">Pollyana Acordi Cabete Lins<\/a><\/h6>\n\n\n\n<p>Disserta\u00e7\u00e3o: Avalia\u00e7\u00e3o das caracter\u00edsticas Laboratoriais da Aloimuniza\u00e7\u00e3o Eritrocit\u00e1ria em pacientes com doen\u00e7a Falciforme da Funda\u00e7\u00e3o Hospitalar de Hematologia e Hemoterapia do Amazonas- HEMOAM.<\/p>\n\n\n\n<h6 class=\"wp-block-heading\"><a href=\"https:\/\/drive.google.com\/file\/d\/1iv3RBdL8HldKJtFgh6J9HokYftlctvPb\/view?usp=drive_link\" target=\"_blank\" rel=\"noreferrer noopener\">Purim Cesar<\/a><\/h6>\n\n\n\n<p>Disserta\u00e7\u00e3o: Caracteriza\u00e7\u00e3o clinica e demogr\u00e1fica de pacientes com doen\u00e7a falciforme acompanhados na Funda\u00e7\u00e3o Hospitalar de Hematologia e Hemoterapia do Amazonas &#8211; HEMOAM.<\/p>\n\n\n\n<h6 class=\"wp-block-heading\"><a href=\"https:\/\/drive.google.com\/file\/d\/1S41F8JmkdMYSgsE0KL5GNyqGl_ERf-qT\/view?usp=drive_link\" target=\"_blank\" rel=\"noreferrer noopener\">Raquel de Medeiros Pinto<\/a><\/h6>\n\n\n\n<p>Disserta\u00e7\u00e3o: Clareamento parasit\u00e1rio de Plasmodium falciparum em resposta ao tratamento com artemisinina.<\/p>\n\n\n\n<h4 class=\"wp-block-heading has-text-align-center\">Turma 02\/2014<\/h4>\n\n\n\n<h6 class=\"wp-block-heading\"><a href=\"https:\/\/drive.google.com\/file\/d\/1YDEQW2d4AdyDKlE14eeq9u08J_qlPqyd\/view?usp=drive_link\" target=\"_blank\" rel=\"noreferrer noopener\">Ana Cl\u00e1udia Nunes Duarte Goeritz<\/a><\/h6>\n\n\n\n<p>Disserta\u00e7\u00e3o: Detecta\u00e7\u00e3o de Pseudomonas aeruginosa e Staphylococcus aureus na Mucosite oral em Pacientes Leuc\u00eamicos submetidos ao tratamento Antineopl\u00e1sico.<\/p>\n\n\n\n<h6 class=\"wp-block-heading\"><a href=\"https:\/\/drive.google.com\/file\/d\/1eTgXzAIx_WHyosinHBG-7EvV0zFwfKkM\/view?usp=drive_link\" data-type=\"link\" data-id=\"https:\/\/drive.google.com\/file\/d\/1eTgXzAIx_WHyosinHBG-7EvV0zFwfKkM\/view?usp=drive_link\" target=\"_blank\" rel=\"noreferrer noopener\">Andr\u00e9ia Duarte Menezes<\/a><\/h6>\n\n\n\n<p>Disserta\u00e7\u00e3o: Uso de medicamentos inibidores de Tirosina Quinase por portadores de Leucemia Mieloide Cr\u00f4nica na Funda\u00e7\u00e3o Hospitalar de Hematologia e Hemoterapia do Amazonas.<\/p>\n\n\n\n<h6 class=\"wp-block-heading\"><a href=\"https:\/\/drive.google.com\/file\/d\/1OMwX5-dZzXGJ0k5ZZwARPoKOdmWskgP9\/view?usp=drive_link\" data-type=\"link\" data-id=\"https:\/\/drive.google.com\/file\/d\/1OMwX5-dZzXGJ0k5ZZwARPoKOdmWskgP9\/view?usp=drive_link\" target=\"_blank\" rel=\"noreferrer noopener\">Elione dos Santos Ferreira<\/a><\/h6>\n\n\n\n<p>Disserta\u00e7\u00e3o: Investiga\u00e7\u00e3o dos aspectos Cl\u00ednicos na incompatibilidade materno-fetal em rec\u00e9m-nascidos na Cidade de Manaus.<\/p>\n\n\n\n<h4 class=\"wp-block-heading has-text-align-center\">Turma 01\/2013<\/h4>\n\n\n\n<h6 class=\"wp-block-heading\"><a href=\"https:\/\/drive.google.com\/file\/d\/134Jo8n5E6OTAevsBl6sSkBt3GcYFHsPR\/view?usp=drive_link\" target=\"_blank\" rel=\"noreferrer noopener\">C\u00edntia Nic\u00e1cio Portela<\/a><\/h6>\n\n\n\n<p>Disserta\u00e7\u00e3o: Polimorfismos das Glicoprote\u00ednas Plaquet\u00e1rias em doadores de sangue no Amazonas.<\/p>\n\n\n\n<h6 class=\"wp-block-heading\"><a href=\"https:\/\/drive.google.com\/file\/d\/1-a7156xo11je-TEtvpUOt_iHSzBtjJMP\/view?usp=drive_link\" data-type=\"link\" data-id=\"https:\/\/drive.google.com\/file\/d\/1-a7156xo11je-TEtvpUOt_iHSzBtjJMP\/view?usp=drive_link\" target=\"_blank\" rel=\"noreferrer noopener\">Eudes Oliveira da Silveira<\/a><\/h6>\n\n\n\n<p>Disserta\u00e7\u00e3o: Estudo de marcadores trombof\u00edlicos associados \u00e0 gravidez de alto risco.<\/p>\n\n\n\n<h6 class=\"wp-block-heading\"><a href=\"https:\/\/drive.google.com\/file\/d\/1jqx74cDPKZTJclNVN0tOwtg3qxU9-c_a\/view?usp=drive_link\" target=\"_blank\" rel=\"noreferrer noopener\">Jana\u00edna Carmo de Souza<\/a><\/h6>\n\n\n\n<p>Disserta\u00e7\u00e3o: Compara\u00e7\u00e3o dos marcadores sorol\u00f3gicos em grupo de doadores de sangue que fizeram ou n\u00e3o uso do voto de auto exclus\u00e3o na Funda\u00e7\u00e3o HEMOAM (2010 &#8211; 2013).<\/p>\n\n\n\n<h6 class=\"wp-block-heading\"><a href=\"https:\/\/drive.google.com\/file\/d\/1Idp6_Pt9hu3HegKETZQ3ssRCTLmJfXjA\/view?usp=drive_link\" data-type=\"link\" data-id=\"https:\/\/drive.google.com\/file\/d\/1Idp6_Pt9hu3HegKETZQ3ssRCTLmJfXjA\/view?usp=drive_link\" target=\"_blank\" rel=\"noreferrer noopener\">Jana\u00edna Santana Carneiro<\/a><\/h6>\n\n\n\n<p>Disserta\u00e7\u00e3o: Moduladores cl\u00ednicos em pacientes portadores da doen\u00e7a falciforme no Amazonas.<\/p>\n\n\n\n<h6 class=\"wp-block-heading\"><a href=\"https:\/\/drive.google.com\/file\/d\/1i7wTX7p0s2999T0y0M1FW2xtAgRb1iJ1\/view?usp=drive_link\" data-type=\"link\" data-id=\"https:\/\/drive.google.com\/file\/d\/1i7wTX7p0s2999T0y0M1FW2xtAgRb1iJ1\/view?usp=drive_link\" target=\"_blank\" rel=\"noreferrer noopener\">Maria do Perpetuo Socorro Sampaio Carvalho<\/a><\/h6>\n\n\n\n<p>Disserta\u00e7\u00e3o: Estudo do Perfil Imunol\u00f3gico das Crian\u00e7as com Leucemia Linfobl\u00e1stica Aguda no Amazonas.<\/p>\n\n\n\n<h6 class=\"wp-block-heading\"><a href=\"https:\/\/drive.google.com\/file\/d\/11nGYFUtxwuTeW2A3UZjKRX5TaRY1ySoU\/view?usp=drive_link\" target=\"_blank\" rel=\"noreferrer noopener\">Mirian Rodrigues Ribeiro Santiago<\/a><\/h6>\n\n\n\n<p>Disserta\u00e7\u00e3o: Frequ\u00eancia dos alelos HLA Classe I e II em pacientes com diagn\u00f3stico de Leucemia atendidos na Funda\u00e7\u00e3o de Hematologia e Hemoterapia do Amazonas.<\/p>\n\n\n\n<h6 class=\"wp-block-heading\"><a href=\"https:\/\/drive.google.com\/file\/d\/1-yZpSmbrL3V9b0J-UwiJPYPXimoyxymQ\/view?usp=drive_link\" target=\"_blank\" rel=\"noreferrer noopener\">M\u00e1rcia Danielle da Silva Ferreira<\/a><\/h6>\n\n\n\n<p>Disserta\u00e7\u00e3o: Tuberculose em Unidade de Terapia Intensiva: An\u00e1lise descritiva em um Hospital de Refer\u00eancia HIV\/AIDS na Amaz\u00f4nia Brasileira.<\/p>\n\n\n\n<h6 class=\"wp-block-heading\"><a href=\"https:\/\/drive.google.com\/file\/d\/1fsEPu8Md5hbRqSgMYgTdT0C0zVphAf6x\/view?usp=drive_link\" target=\"_blank\" rel=\"noreferrer noopener\">Raisa Clareana Silva Raulino<\/a><\/h6>\n\n\n\n<p>Disserta\u00e7\u00e3o: Hepatite B oculta em subgrupo de Doadores de sangue da Funda\u00e7\u00e3o de Hematologia e Hemoterapia do Amazonas (FHEMOAM) e em grupo de moradores do Munic\u00edpio de Eirunep\u00e9\/Am.<\/p>\n\n\n\n<h6 class=\"wp-block-heading\"><a href=\"https:\/\/drive.google.com\/file\/d\/1JNZygTHctImGT40qsfSAak-Dxzk6PVus\/view?usp=drive_link\" target=\"_blank\" rel=\"noreferrer noopener\">Rechfy Kasem Abou Ali<\/a><\/h6>\n\n\n\n<p>Disserta\u00e7\u00e3o: Estudo dos polimorfismos DUFFY em pacientes infectados com Plasmodium vivax.<\/p>\n\n\n\n<h6 class=\"wp-block-heading\"><a href=\"https:\/\/pos.uea.edu.br\/data\/area\/dissertacao\/download\/28-11.pdf\" target=\"_blank\" rel=\"noreferrer noopener\">Regina Claudia Rebou\u00e7as Mendes Alho<\/a><\/h6>\n\n\n\n<p>Disserta\u00e7\u00e3o: Mal\u00e1ria Transfusional nas Am\u00e9ricas: Revis\u00e3o Sistem\u00e1tica.<\/p>\n\n\n\n<h6 class=\"wp-block-heading\"><a href=\"https:\/\/drive.google.com\/file\/d\/1A5l9ZS_Mr-FgeFnoOq8oDxPZYBDrNVlw\/view?usp=drive_link\" target=\"_blank\" rel=\"noreferrer noopener\">Rejane Nina Martins<\/a><\/h6>\n\n\n\n<p>Disserta\u00e7\u00e3o: Aspectos Cl\u00ednicos, laboratoriais de pacientes com Sindrome Mielodispl\u00e1sica e rela\u00e7\u00e3o com marcadores progn\u00f3sticos da FHEMOAM, Amazonas.<\/p>\n\n\n\n<h6 class=\"wp-block-heading\"><a href=\"https:\/\/drive.google.com\/file\/d\/1jT9YrSuXLu5vWKTJUH7Mg0CkTUtITsgT\/view?usp=drive_link\" target=\"_blank\" rel=\"noreferrer noopener\">Renata Taiana das Neves Novo Silva<\/a><\/h6>\n\n\n\n<p>Disserta\u00e7\u00e3o: Perfil Motivacional Relacionado \u00e1 Fideliza\u00e7\u00e3o de Doadores de Sangue.<a href=\"https:\/\/drive.google.com\/file\/d\/1YV78uga_jEGE8A8RK2h0zDfjFzLGvKIO\/view?usp=drive_link\" data-type=\"link\" data-id=\"https:\/\/drive.google.com\/file\/d\/1YV78uga_jEGE8A8RK2h0zDfjFzLGvKIO\/view?usp=drive_link\">https:\/\/drive.google.com\/file\/d\/1YV78uga_jEGE8A8RK2h0zDfjFzLGvKIO\/view?usp=drive_link<\/a><\/p>\n\n\n\n<h6 class=\"wp-block-heading\"><a href=\"https:\/\/pos.uea.edu.br\/data\/area\/dissertacao\/download\/28-3.pdf\" target=\"_blank\" rel=\"noreferrer noopener\">Renata de Almeida Lemos Aguiar<\/a><\/h6>\n\n\n\n<p>Disserta\u00e7\u00e3o: Altera\u00e7\u00f5es Citogen\u00e9ticas em crian\u00e7as portadoras de Leucemia Aguda B no Amazonas.<\/p>\n\n\n\n<h6 class=\"wp-block-heading\"><a href=\"https:\/\/drive.google.com\/file\/d\/1E3DByt7Q6xAxub9GvgSj8mqfSl0jkm1s\/view?usp=drive_link\" target=\"_blank\" rel=\"noreferrer noopener\">Roberta da Silva Brito<\/a><\/h6>\n\n\n\n<p>Disserta\u00e7\u00e3o: Estudo das Hemoglobinopatias Estruturais em Rec\u00e9m-Nascidos de uma Maternidade P\u00fablica de Manaus-Amazonas.<\/p>\n\n\n\n<h6 class=\"wp-block-heading\"><a href=\"https:\/\/drive.google.com\/file\/d\/1g0TmpJi5LXqLTArryu0ykcY4K6KBCVWp\/view?usp=drive_link\" data-type=\"link\" data-id=\"https:\/\/drive.google.com\/file\/d\/1g0TmpJi5LXqLTArryu0ykcY4K6KBCVWp\/view?usp=drive_link\" target=\"_blank\" rel=\"noreferrer noopener\">Thais Ditolvo da Costa Salina<\/a><\/h6>\n\n\n\n<p>Disserta\u00e7\u00e3o: Estudo da doen\u00e7a residual m\u00ednima e sua rela\u00e7\u00e3o com crit\u00e9rios de estratifica\u00e7\u00e3o de risco de leucemia linfoide aguda na inf\u00e2ncia.<\/p>\n\n\n\n<div class=\"wp-block-stackable-spacer stk-block-spacer stk--no-padding stk-block stk-b2c1613\" data-block-id=\"b2c1613\"><style>.stk-b2c1613 {height:130px !important;}@media screen and (max-width:999px){.stk-b2c1613 {height:70px !important;}}<\/style><\/div>\n\n\n\n<div class=\"wp-block-stackable-spacer stk-block-spacer stk--no-padding stk-block stk-f751ac1\" data-block-id=\"f751ac1\"><style>.stk-f751ac1 {height:130px !important;}@media screen and (max-width:999px){.stk-f751ac1 {height:70px !important;}}<\/style><\/div>\n\n\n\n<div class=\"wp-block-stackable-spacer stk-block-spacer stk--no-padding stk-block stk-8b0b25e\" data-block-id=\"8b0b25e\"><style>.stk-8b0b25e {height:130px !important;}@media screen and (max-width:999px){.stk-8b0b25e {height:70px !important;}}<\/style><\/div>\n\n\n\n<div class=\"wp-block-stackable-spacer stk-block-spacer stk--no-padding stk-block stk-bf33017\" data-block-id=\"bf33017\"><style>.stk-bf33017 {height:130px !important;}@media screen and (max-width:999px){.stk-bf33017 {height:70px !important;}}<\/style><\/div>\n\n\n\n<div class=\"wp-block-stackable-columns alignfull stk-block-columns stk-block stk-80ce3af stk-block-background stk--has-background-overlay\" data-block-id=\"80ce3af\"><style>.stk-80ce3af {background-color:linear-gradient(180deg, #ffffff 50%, var(--theme-palette-color-4, #102136) 50%) !important;margin-bottom:0px !important;}.stk-80ce3af:before{background-image:linear-gradient(180deg, #ffffff 50%, var(--theme-palette-color-4, #102136) 50%) !important;}<\/style><div class=\"stk-row stk-inner-blocks stk-block-content stk-content-align stk-80ce3af-column\">\n<div class=\"wp-block-stackable-column stk-block-column stk-column stk-block stk-6ddbaf2 stk-block-background stk--has-background-overlay\" data-v=\"4\" data-block-id=\"6ddbaf2\"><style>.stk-6ddbaf2-container{margin-top:0px !important;margin-right:0px !important;margin-bottom:0px !important;margin-left:0px !important;}.stk-6ddbaf2 {background-image:url(https:\/\/posgraduacao.uea.edu.br\/segurancapublica\/wp-content\/uploads\/2020\/08\/campaign-creators-qCi_MzVODoU-unsplash.jpg) !important;border-radius:10px !important;overflow:hidden !important;padding-top:100px !important;padding-right:300px !important;padding-bottom:100px !important;padding-left:300px !important;}@media screen and (max-width:999px){.stk-6ddbaf2 {padding-top:80px !important;padding-right:150px !important;padding-bottom:80px !important;padding-left:150px !important;}}@media screen and (max-width:689px){.stk-6ddbaf2 {padding-top:60px !important;padding-right:50px !important;padding-bottom:60px !important;padding-left:50px !important;}}<\/style><div class=\"stk-column-wrapper stk-block-column__content stk-container stk-6ddbaf2-container stk--no-background stk--no-padding\"><div class=\"has-text-align-center stk-block-content stk-inner-blocks stk-6ddbaf2-inner-blocks\">\n<div class=\"wp-block-stackable-heading stk-block-heading stk-block-heading--v2 stk-block stk-8054442\" id=\"lets-build-something-together\" data-block-id=\"8054442\"><style>.stk-8054442 {margin-bottom:10px !important;}.stk-8054442 .stk-block-heading__text{color:var(--theme-palette-color-8, #ffffff) !important;font-weight:800 !important;}@media screen and (max-width:689px){.stk-8054442 .stk-block-heading__text{font-size:25px !important;}}<\/style><h2 class=\"stk-block-heading__text has-text-color stk-block-heading--use-theme-margins\">Let\u2019s Build Something Together<\/h2><\/div>\n\n\n\n<div class=\"wp-block-stackable-text stk-block-text stk-block stk-7e574b6\" data-block-id=\"7e574b6\"><style>.stk-7e574b6 {margin-bottom:40px !important;}.stk-7e574b6 .stk-block-text__text{color:var(--theme-palette-color-8, #ffffff) !important;}<\/style><p class=\"stk-block-text__text has-text-color\">Lorem ipsum dolor sit amet, consectetur adipiscing elit, sed do eiusmod tempor incididunt ut labore et dolore magna aliqua.<\/p><\/div>\n\n\n\n<div class=\"wp-block-stackable-button-group stk-block-button-group stk-block stk-cc4a772\" data-block-id=\"cc4a772\"><div class=\"stk-row stk-inner-blocks stk-block-content stk-button-group\">\n<div class=\"wp-block-stackable-button stk-block-button stk-block stk-f63b751\" data-block-id=\"f63b751\"><style>.stk-f63b751 .stk-button{padding-top:12px !important;padding-right:30px !important;padding-bottom:12px !important;padding-left:30px !important;}<\/style><a class=\"stk-link stk-button stk--hover-effect-darken\" href=\"#\"><span class=\"stk-button__inner-text\">Reach out now<\/span><\/a><\/div>\n<\/div><\/div>\n<\/div><\/div><\/div>\n<\/div><\/div>\n\n\n\n<p><\/p>\n","protected":false},"excerpt":{"rendered":"<p>Disserta\u00e7\u00f5es Turma 12\/2023 Chesman da Silva Alves Disserta\u00e7\u00e3o: Acur\u00e1cia das Escalas MEWS, EPA e BPEWS-BR na identifica\u00e7\u00e3o precoce de risco de deteriora\u00e7\u00e3o cl\u00ednica em pacientes onco-hematol\u00f3gicos adultos e pedi\u00e1tricos no contexto Amaz\u00f4nico. Glenda Menezes Nogueira Disserta\u00e7\u00e3o: Frequ\u00eancia das variantes de nucleot\u00eddeo \u00fanico (SNVs) no gene TP53 em pacientes com leucemia linfobl\u00e1stica aguda. Gracineide Pereira da [&hellip;]<\/p>\n","protected":false},"author":2,"featured_media":0,"parent":0,"menu_order":0,"comment_status":"closed","ping_status":"closed","template":"","meta":{"footnotes":""},"class_list":["post-762","page","type-page","status-publish","hentry"],"blocksy_meta":{"page_title_panel":"","has_hero_section":"disabled","fe1c64ab89945cda534f4bb2d579ae1a":"","hero_section":"type-1","hero_elements":[{"id":"custom_title","enabled":true,"heading_tag":"h1","title":"Home"},{"id":"custom_description","enabled":true,"description_visibility":{"desktop":true,"tablet":true,"mobile":false}},{"id":"custom_meta","enabled":false,"meta_elements":[{"id":"author","enabled":true,"label":"By","has_author_avatar":"yes","avatar_size":25},{"id":"post_date","enabled":true,"label":"On","date_format_source":"default","date_format":"M j, Y"},{"id":"updated_date","enabled":false,"label":"On","date_format_source":"default","date_format":"M j, Y"},{"id":"categories","enabled":false,"label":"In","style":"simple"},{"id":"comments","enabled":true}],"page_meta_elements":{"joined":true,"articles_count":true,"comments":true}},{"id":"breadcrumbs","enabled":false}],"433b02732bec8d55ec282f00a9a700eb":"","hero_alignment1":"CT_CSS_SKIP_RULE","hero_margin":40,"hero_alignment2":"center","hero_vertical_alignment":"center","fdbb34d69d6afe2394c07d96c9ea0b60":"","hero_structure":"narrow","cb306aece5e91b9a44875e4a81075440":"","page_title_bg_type":"featured_image","custom_hero_background":{"attachment_id":null},"page_title_image_size":"full","parallax":{"desktop":false,"tablet":false,"mobile":false},"034bc954f3c533bc75ffdf62670c8395":"","hero_height":"250px","pageTitleFont":{"family":"Default","variation":"Default","size":"30px","line-height":"CT_CSS_SKIP_RULE","letter-spacing":"CT_CSS_SKIP_RULE","text-transform":"CT_CSS_SKIP_RULE","text-decoration":"CT_CSS_SKIP_RULE"},"pageTitleFontColor":{"default":{"color":"CT_CSS_SKIP_RULEDEFAULT"}},"pageMetaFont":{"family":"Default","variation":"n6","size":"12px","line-height":"1.3","letter-spacing":"CT_CSS_SKIP_RULE","text-transform":"uppercase","text-decoration":"CT_CSS_SKIP_RULE"},"pageMetaFontColor":{"default":{"color":"CT_CSS_SKIP_RULEDEFAULT"},"hover":{"color":"CT_CSS_SKIP_RULEDEFAULT"}},"page_meta_button_type_font_colors":{"default":{"color":"CT_CSS_SKIP_RULEDEFAULT"},"hover":{"color":"CT_CSS_SKIP_RULEDEFAULT"}},"page_meta_button_type_background_colors":{"default":{"color":"CT_CSS_SKIP_RULEDEFAULT"},"hover":{"color":"CT_CSS_SKIP_RULEDEFAULT"}},"pageExcerptFont":{"family":"Default","variation":"Default","size":"CT_CSS_SKIP_RULE","line-height":"CT_CSS_SKIP_RULE","letter-spacing":"CT_CSS_SKIP_RULE","text-transform":"CT_CSS_SKIP_RULE","text-decoration":"CT_CSS_SKIP_RULE"},"pageExcerptColor":{"default":{"color":"CT_CSS_SKIP_RULEDEFAULT"}},"breadcrumbsFont":{"family":"Default","variation":"Default","size":"CT_CSS_SKIP_RULE","line-height":"CT_CSS_SKIP_RULE","letter-spacing":"CT_CSS_SKIP_RULE","text-transform":"CT_CSS_SKIP_RULE","text-decoration":"CT_CSS_SKIP_RULE"},"breadcrumbsFontColor":{"default":{"color":"CT_CSS_SKIP_RULEDEFAULT"},"initial":{"color":"CT_CSS_SKIP_RULEDEFAULT"},"hover":{"color":"CT_CSS_SKIP_RULEDEFAULT"}},"pageTitleOverlay":{"background_type":"color","background_pattern":"type-1","background_image":{"attachment_id":null,"x":0,"y":0},"gradient":"linear-gradient(135deg,rgba(6,147,227,1) 0%,rgb(155,81,224) 100%)","background_repeat":"repeat","background_size":"auto","background_attachment":"scroll","patternColor":{"default":{"color":"#e5e7ea"}},"overlayColor":{"default":{"color":"CT_CSS_SKIP_RULE"}},"backgroundColor":{"default":{"color":"CT_CSS_SKIP_RULE"}}},"pageTitleBackground":{"background_type":"color","background_pattern":"type-1","background_image":{"attachment_id":null,"x":0,"y":0},"gradient":"linear-gradient(135deg,rgba(6,147,227,1) 0%,rgb(155,81,224) 100%)","background_repeat":"repeat","background_size":"auto","background_attachment":"scroll","patternColor":{"default":{"color":"#e5e7ea"}},"overlayColor":{"default":{"color":"CT_CSS_SKIP_RULE"}},"backgroundColor":{"default":{"color":"var(--theme-palette-color-6)"}}},"pageTitlePadding":{"top":"50px","bottom":"50px","left":"auto","right":"auto","linked":true},"12e455f30de1d15aed0effbbb6f951bf":"","page_structure_type":"default","f474d2f3ad69b4e64f52dac0a3aa2bb2":"","content_style_source":"inherit","content_style":"wide","vertical_spacing_source":"custom","content_area_spacing":"none","background":{"background_type":"color","background_pattern":"type-1","background_image":{"attachment_id":null,"x":0,"y":0},"gradient":"linear-gradient(135deg,rgba(6,147,227,1) 0%,rgb(155,81,224) 100%)","background_repeat":"repeat","background_size":"auto","background_attachment":"scroll","patternColor":{"default":{"color":"#e5e7ea"}},"overlayColor":{"default":{"color":"CT_CSS_SKIP_RULE"}},"backgroundColor":{"default":{"color":"CT_CSS_SKIP_RULE"}}},"content_background":{"background_type":"color","background_pattern":"type-1","background_image":{"attachment_id":null,"x":0,"y":0},"gradient":"linear-gradient(135deg,rgba(6,147,227,1) 0%,rgb(155,81,224) 100%)","background_repeat":"repeat","background_size":"auto","background_attachment":"scroll","patternColor":{"default":{"color":"#e5e7ea"}},"overlayColor":{"default":{"color":"CT_CSS_SKIP_RULE"}},"backgroundColor":{"default":{"color":"var(--theme-palette-color-8)"}}},"content_boxed_shadow":{"inherit":false,"blur":18,"spread":-6,"v_offset":12,"h_offset":0,"inset":false,"enable":true,"color":{"color":"rgba(34, 56, 101, 0.04)"}},"content_boxed_border":{"width":1,"style":"none","color":{"color":"rgba(44,62,80,0.2)"}},"content_boxed_radius":{"top":"3px","bottom":"3px","left":"3px","right":"3px","linked":true},"boxed_content_spacing":{"desktop":{"top":"40px","bottom":"40px","left":"40px","right":"40px","linked":true},"tablet":{"top":"35px","bottom":"35px","left":"35px","right":"35px","linked":true},"mobile":{"top":"20px","bottom":"20px","left":"20px","right":"20px","linked":true}},"fca9f1d1c7aa58a4b21dd78357f6373e":"","disable_featured_image":"no","disable_share_box":"no","disable_header":"no","disable_footer":"no","styles_descriptor":{"styles":{"desktop":"","tablet":"","mobile":""},"google_fonts":[],"version":6}},"_links":{"self":[{"href":"http:\/\/posgraduacao.uea.edu.br\/hematologia\/index.php\/wp-json\/wp\/v2\/pages\/762","targetHints":{"allow":["GET"]}}],"collection":[{"href":"http:\/\/posgraduacao.uea.edu.br\/hematologia\/index.php\/wp-json\/wp\/v2\/pages"}],"about":[{"href":"http:\/\/posgraduacao.uea.edu.br\/hematologia\/index.php\/wp-json\/wp\/v2\/types\/page"}],"author":[{"embeddable":true,"href":"http:\/\/posgraduacao.uea.edu.br\/hematologia\/index.php\/wp-json\/wp\/v2\/users\/2"}],"replies":[{"embeddable":true,"href":"http:\/\/posgraduacao.uea.edu.br\/hematologia\/index.php\/wp-json\/wp\/v2\/comments?post=762"}],"version-history":[{"count":24,"href":"http:\/\/posgraduacao.uea.edu.br\/hematologia\/index.php\/wp-json\/wp\/v2\/pages\/762\/revisions"}],"predecessor-version":[{"id":2367,"href":"http:\/\/posgraduacao.uea.edu.br\/hematologia\/index.php\/wp-json\/wp\/v2\/pages\/762\/revisions\/2367"}],"wp:attachment":[{"href":"http:\/\/posgraduacao.uea.edu.br\/hematologia\/index.php\/wp-json\/wp\/v2\/media?parent=762"}],"curies":[{"name":"wp","href":"https:\/\/api.w.org\/{rel}","templated":true}]}}