{"id":741,"date":"2025-01-15T05:18:36","date_gmt":"2025-01-15T08:18:36","guid":{"rendered":"https:\/\/posgraduacao.uea.edu.br\/ppgsc\/?page_id=741"},"modified":"2025-08-21T15:59:43","modified_gmt":"2025-08-21T18:59:43","slug":"dissertacoes","status":"publish","type":"page","link":"http:\/\/posgraduacao.uea.edu.br\/ppgsc\/index.php\/dissertacoes\/","title":{"rendered":"Disserta\u00e7\u00f5es"},"content":{"rendered":"\n<div class=\"wp-block-stackable-columns alignfull stk-block-columns stk-block stk-51b2b12 stk-block-background stk--has-background-overlay\" data-block-id=\"51b2b12\"><style>.stk-51b2b12 .stk--block-align-51b2b12{align-items:center !important;}.stk-51b2b12 {background-color:linear-gradient(-225deg, #E3FDF5 0%, #FFE6FA 100%) !important;background-image:url(http:\/\/posgraduacao.uea.edu.br\/ppgsc\/wp-content\/uploads\/2025\/03\/Design-sem-nome-3.png) !important;background-position:bottom center !important;background-repeat:no-repeat !important;background-size:cover !important;padding-top:300px !important;padding-bottom:200px !important;margin-bottom:0px !important;}.stk-51b2b12:before{opacity:0.8 !important;mix-blend-mode:multiply !important;background-image:linear-gradient(-225deg, #E3FDF5 0%, #FFE6FA 100%) !important;}.stk-51b2b12-column{--stk-column-gap:35px !important;row-gap:35px !important;}@media screen and (max-width:999px){.stk-51b2b12 {padding-top:250px !important;padding-bottom:150px !important;}}@media screen and (max-width:689px){.stk-51b2b12 {padding-top:150px !important;padding-bottom:100px !important;}}<\/style><div class=\"stk-row stk-inner-blocks stk--block-align-51b2b12 stk-block-content stk-content-align stk-51b2b12-column\">\n<div class=\"wp-block-stackable-column stk-block-column stk-column stk-block stk-3a43e6b\" data-v=\"4\" data-block-id=\"3a43e6b\"><style>.stk-3a43e6b-container{margin-top:0px !important;margin-right:0px !important;margin-bottom:0px !important;margin-left:0px !important;}<\/style><div class=\"stk-column-wrapper stk-block-column__content stk-container stk-3a43e6b-container stk--no-background stk--no-padding\"><div class=\"has-text-align-center-mobile stk-block-content stk-inner-blocks stk-3a43e6b-inner-blocks\">\n<div class=\"wp-block-stackable-heading stk-block-heading stk-block-heading--v2 stk-block stk-7225c59\" id=\"dissertacoes\" data-block-id=\"7225c59\"><style>.stk-7225c59 {margin-bottom:10px !important;}.stk-7225c59 .stk-block-heading__text{font-size:45px !important;color:var(--theme-palette-color-8, #ffffff) !important;line-height:1.3em !important;font-weight:800 !important;}@media screen and (max-width:999px){.stk-7225c59 .stk-block-heading__text{font-size:40px !important;}}@media screen and (max-width:689px){.stk-7225c59 .stk-block-heading__text{font-size:30px !important;}}<\/style><h2 class=\"stk-block-heading__text has-text-color has-text-align-center\">Disserta\u00e7\u00f5es<\/h2><\/div>\n<\/div><\/div><\/div>\n<\/div><\/div>\n\n\n\n<div class=\"wp-block-stackable-spacer stk-block-spacer stk--no-padding stk-block stk-b2c1613\" data-block-id=\"b2c1613\"><style>.stk-b2c1613 {height:130px !important;}@media screen and (max-width:999px){.stk-b2c1613 {height:70px !important;}}<\/style><\/div>\n\n\n\n<div class=\"wp-block-stackable-columns stk-block-columns stk-block stk-cde3109\" data-block-id=\"cde3109\"><div class=\"stk-row stk-inner-blocks stk-block-content stk-content-align stk-cde3109-column\">\n<div class=\"wp-block-stackable-column stk-block-column stk-column stk-block stk-fad34a6\" data-v=\"4\" data-block-id=\"fad34a6\"><div class=\"stk-column-wrapper stk-block-column__content stk-container stk-fad34a6-container stk--no-background stk--no-padding\"><div class=\"stk-block-content stk-inner-blocks stk-fad34a6-inner-blocks\">\n<div class=\"wp-block-stackable-heading stk-block-heading stk-block-heading--v2 stk-block stk-20d61f4\" data-block-id=\"20d61f4\"><style>.stk-20d61f4 {margin-bottom:0px !important;}<\/style><h2 class=\"stk-block-heading__text\"><\/h2><\/div>\n\n\n\n<div class=\"wp-block-stackable-text stk-block-text stk-block stk-a56a5f9\" data-block-id=\"a56a5f9\"><p class=\"stk-block-text__text\"><\/p><\/div>\n\n\n\n<figure class=\"wp-block-image aligncenter size-full\"><img loading=\"lazy\" decoding=\"async\" width=\"700\" height=\"450\" src=\"http:\/\/posgraduacao.uea.edu.br\/ppgsc\/wp-content\/uploads\/2025\/03\/Design-sem-nome-21.png\" alt=\"\" class=\"wp-image-1056\" srcset=\"http:\/\/posgraduacao.uea.edu.br\/ppgsc\/wp-content\/uploads\/2025\/03\/Design-sem-nome-21.png 700w, http:\/\/posgraduacao.uea.edu.br\/ppgsc\/wp-content\/uploads\/2025\/03\/Design-sem-nome-21-300x193.png 300w\" sizes=\"auto, (max-width: 700px) 100vw, 700px\" \/><\/figure>\n\n\n\n<blockquote class=\"wp-block-quote is-layout-flow wp-block-quote-is-layout-flow\">\n<h4 class=\"wp-block-heading\"><strong>Programa de P\u00f3s-Gradua\u00e7\u00e3o em Sa\u00fade Coletiva<\/strong><\/h4>\n<\/blockquote>\n\n\n\n<p class=\"has-x-large-font-size\"><strong>2021<\/strong><\/p>\n\n\n\n<h4 class=\"wp-block-heading has-medium-font-size\"><a href=\"http:\/\/repositorioinstitucional.uea.edu.br\/handle\/riuea\/4612\" target=\"_blank\" rel=\"noreferrer noopener\"><span style=\"color: var(--theme-palette-color-4, #233127);\" class=\"stk-highlight\">Ara\u00fajo, Juliana Pereira de<\/span><\/a><\/h4>\n\n\n\n<p>A&nbsp;floresta como cura : mulheres, conhecimentos tradicionais e a promo\u00e7\u00e3o da sa\u00fade em comunidades da floresta nacional de Tef\u00e9<\/p>\n\n\n\n<p><strong><a href=\"http:\/\/repositorioinstitucional.uea.edu.br\/handle\/riuea\/4612\" target=\"_blank\" rel=\"noreferrer noopener\"><span style=\"color: var(--theme-palette-color-6, #f4f4f5);background-color: var(--theme-palette-color-3, #405A3D)\" class=\"stk-highlight\">BAIXAR<\/span><\/a><\/strong><\/p>\n\n\n\n<h4 class=\"wp-block-heading has-medium-font-size\"><a href=\"http:\/\/repositorioinstitucional.uea.edu.br\/handle\/riuea\/4613\" target=\"_blank\" rel=\"noreferrer noopener\"><span style=\"color: var(--theme-palette-color-4, #233127);\" class=\"stk-highlight\">Almeida, Diana Andreza Rebou\u00e7as<\/span><\/a><\/h4>\n\n\n\n<p>Cuidados em sa\u00fade no contexto da Pandemia de Covid-19 :estrat\u00e9gias e desafios a partir das narrativas das trabalhadoras e dos trabalhadores da Aten\u00e7\u00e3o B\u00e1sica \u00e0 Sa\u00fade em um munic\u00edpio do interior do Amazonas<\/p>\n\n\n\n<p><strong><a href=\"http:\/\/repositorioinstitucional.uea.edu.br\/handle\/riuea\/4613\" target=\"_blank\" rel=\"noreferrer noopener\"><span style=\"color: var(--theme-palette-color-6, #f4f4f5);background-color: var(--theme-palette-color-3, #405A3D)\" class=\"stk-highlight\">BAIXAR<\/span><\/a><\/strong><\/p>\n\n\n\n<p><\/p>\n\n\n\n<h4 class=\"wp-block-heading has-medium-font-size\"><a href=\"http:\/\/repositorioinstitucional.uea.edu.br\/handle\/riuea\/5570\" target=\"_blank\" rel=\"noreferrer noopener\"><span style=\"color: var(--theme-palette-color-4, #233127);\" class=\"stk-highlight\">Lopes, Lara Suellen Bezerra<\/span><\/a><\/h4>\n\n\n\n<p>Pandemia de Covid-19 e SUS: dimens\u00f5es das pol\u00edticas p\u00fablicas em sa\u00fade no Amazonas<\/p>\n\n\n\n<p><strong><a href=\"http:\/\/repositorioinstitucional.uea.edu.br\/handle\/riuea\/4677\" target=\"_blank\" rel=\"noreferrer noopener\"><span style=\"color: var(--theme-palette-color-6, #f4f4f5);background-color: var(--theme-palette-color-3, #405A3D)\" class=\"stk-highlight\">BAIXAR<\/span><\/a><\/strong><\/p>\n\n\n\n<h4 class=\"wp-block-heading has-medium-font-size\"><a href=\"http:\/\/repositorioinstitucional.uea.edu.br\/handle\/riuea\/5266\" target=\"_blank\" rel=\"noreferrer noopener\"><span style=\"color: var(--theme-palette-color-4, #233127);\" class=\"stk-highlight\">Duarte, Vanderlane de Souza<\/span><\/a><\/h4>\n\n\n\n<p>As equipes de sa\u00fade da fam\u00edlia e o processo de trabalho no cuidado aos pacientes com hipertens\u00e3o arterial sist\u00eamica e Diabetes Mellitus nos distritos de sa\u00fade Leste e Sul de Manaus-AM, no per\u00edodo da pandemia de COVID-19 Manaus<\/p>\n\n\n\n<p><strong><a href=\"http:\/\/repositorioinstitucional.uea.edu.br\/handle\/riuea\/5266\" target=\"_blank\" rel=\"noreferrer noopener\"><span style=\"color: var(--theme-palette-color-6, #f4f4f5);background-color: var(--theme-palette-color-3, #405A3D)\" class=\"stk-highlight\">BAIXAR<\/span><\/a><\/strong><\/p>\n\n\n\n<h4 class=\"wp-block-heading has-medium-font-size\"><a href=\"http:\/\/repositorioinstitucional.uea.edu.br\/handle\/riuea\/5348\" target=\"_blank\" rel=\"noreferrer noopener\"><span style=\"color: var(--theme-palette-color-4, #233127);\" class=\"stk-highlight\">Corr\u00eaa, Rachel Geber<\/span><\/a><\/h4>\n\n\n\n<p>Etnografia documental sobre as mortes maternas no estado do Amazonas: a precariedade e a desimport\u00e2ncia da vida<\/p>\n\n\n\n<p><strong><a href=\"http:\/\/repositorioinstitucional.uea.edu.br\/handle\/riuea\/5348\" target=\"_blank\" rel=\"noreferrer noopener\"><span style=\"color: var(--theme-palette-color-6, #f4f4f5);background-color: var(--theme-palette-color-3, #405A3D)\" class=\"stk-highlight\">BAIXAR<\/span><\/a><\/strong><\/p>\n\n\n\n<h4 class=\"wp-block-heading has-medium-font-size\"><a href=\"http:\/\/repositorioinstitucional.uea.edu.br\/handle\/riuea\/5370\" target=\"_blank\" rel=\"noreferrer noopener\"><span style=\"color: var(--theme-palette-color-4, #233127);\" class=\"stk-highlight\">Souza, Rayssa da Concei\u00e7\u00e3o Brito de<\/span><\/a><\/h4>\n\n\n\n<p>Gest\u00e3o socioambiental e educa\u00e7\u00e3o em sa\u00fade na RDS rio negro : condi\u00e7\u00f5es de vida e sa\u00fade em \u00e1reas de Unidade de Conserva\u00e7\u00e3o<\/p>\n\n\n\n<p><strong><a href=\"http:\/\/repositorioinstitucional.uea.edu.br\/handle\/riuea\/5370\" target=\"_blank\" rel=\"noreferrer noopener\"><span style=\"color: var(--theme-palette-color-6, #f4f4f5);background-color: var(--theme-palette-color-3, #405A3D)\" class=\"stk-highlight\">BAIXAR<\/span><\/a><\/strong><\/p>\n\n\n\n<h4 class=\"wp-block-heading has-medium-font-size\"><a href=\"http:\/\/repositorioinstitucional.uea.edu.br\/handle\/riuea\/5516\" target=\"_blank\" rel=\"noreferrer noopener\"><span style=\"color: var(--theme-palette-color-4, #233127);\" class=\"stk-highlight\">Ara\u00fajo, Renato da Cunha<\/span><\/a><\/h4>\n\n\n\n<p>Uso dos servi\u00e7os da aten\u00e7\u00e3o prim\u00e1ria \u00e0 sa\u00fade por indiv\u00edduos adultos em \u00e1reas rurais e urbanas do Brasil: uma an\u00e1lise dos dados da Pesquisa Nacional de Sa\u00fade&nbsp;2019<\/p>\n\n\n\n<p><strong><a href=\"http:\/\/repositorioinstitucional.uea.edu.br\/handle\/riuea\/5516\" target=\"_blank\" rel=\"noreferrer noopener\"><span style=\"color: var(--theme-palette-color-6, #f4f4f5);background-color: var(--theme-palette-color-3, #405A3D)\" class=\"stk-highlight\">BAIXAR<\/span><\/a><\/strong><\/p>\n\n\n\n<h4 class=\"wp-block-heading has-medium-font-size\"><a href=\"http:\/\/repositorioinstitucional.uea.edu.br\/handle\/riuea\/5519\" target=\"_blank\" rel=\"noreferrer noopener\"><span style=\"color: var(--theme-palette-color-4, #233127);\" class=\"stk-highlight\">Ramos, Rayza de Sousa<\/span><\/a><\/h4>\n\n\n\n<p>Viol\u00eancia&nbsp;por parceiro \u00edntimo contra mulher: ado\u00e7\u00e3o de condutas favor\u00e1veis a detec\u00e7\u00e3o de viol\u00eancia pelo profissional no espa\u00e7o do exame preventivo<\/p>\n\n\n\n<p><strong><a href=\"http:\/\/repositorioinstitucional.uea.edu.br\/handle\/riuea\/5519\" target=\"_blank\" rel=\"noreferrer noopener\"><span style=\"color: var(--theme-palette-color-6, #f4f4f5);background-color: var(--theme-palette-color-3, #405A3D)\" class=\"stk-highlight\">BAIXAR<\/span><\/a><\/strong><\/p>\n\n\n\n<p><\/p>\n\n\n\n<h4 class=\"wp-block-heading has-medium-font-size\"><a href=\"http:\/\/repositorioinstitucional.uea.edu.br\/handle\/riuea\/5529\" target=\"_blank\" rel=\"noreferrer noopener\"><span style=\"color: var(--theme-palette-color-4, #233127);\" class=\"stk-highlight\">Tamborini, S\u00e9rgio Ant\u00f4nio Saldanha Rodrigues<\/span><\/a><\/h4>\n\n\n\n<p>Circuitos&nbsp;est\u00e9ticos de pessoas trans no Ambulat\u00f3rio de Diversidade Sexual e G\u00eanero de Manaus\/AM<\/p>\n\n\n\n<p><strong><a href=\"http:\/\/repositorioinstitucional.uea.edu.br\/handle\/riuea\/5529\" target=\"_blank\" rel=\"noreferrer noopener\"><span style=\"color: var(--theme-palette-color-6, #f4f4f5);background-color: var(--theme-palette-color-3, #405A3D)\" class=\"stk-highlight\">BAIXAR<\/span><\/a><\/strong><\/p>\n\n\n\n<h4 class=\"wp-block-heading has-medium-font-size\"><a href=\"http:\/\/repositorioinstitucional.uea.edu.br\/handle\/riuea\/5535\" target=\"_blank\" rel=\"noreferrer noopener\"><span style=\"color: var(--theme-palette-color-4, #233127);\" class=\"stk-highlight\">Ferezin, Suellen Moura Rocha<\/span><\/a><\/h4>\n\n\n\n<p>Letalidade por S\u00edndrome Respirat\u00f3ria Aguda Grave por COVID 19 em ind\u00edgenas hospitalizados no estado do Amazonas, 2020 \u2013 2021<\/p>\n\n\n\n<p><strong><a href=\"http:\/\/repositorioinstitucional.uea.edu.br\/handle\/riuea\/5535\" target=\"_blank\" rel=\"noreferrer noopener\"><span style=\"color: var(--theme-palette-color-6, #f4f4f5);background-color: var(--theme-palette-color-3, #405A3D)\" class=\"stk-highlight\">BAIXAR<\/span><\/a><\/strong><\/p>\n\n\n\n<h4 class=\"wp-block-heading has-medium-font-size\"><a href=\"http:\/\/repositorioinstitucional.uea.edu.br\/handle\/riuea\/5569\" target=\"_blank\" rel=\"noreferrer noopener\"><span style=\"color: var(--theme-palette-color-4, #233127);\" class=\"stk-highlight\">L\u00f4bo, Lorena Cavalcante<\/span><\/a><\/h4>\n\n\n\n<p>Enfrentamento&nbsp;da COVID-19 na fronteira: estudo de caso em cidade de tr\u00edplice fronteira do Arco Norte do Brasil<\/p>\n\n\n\n<p><strong><a href=\"http:\/\/repositorioinstitucional.uea.edu.br\/handle\/riuea\/5569\" target=\"_blank\" rel=\"noreferrer noopener\"><span style=\"color: var(--theme-palette-color-6, #f4f4f5);background-color: var(--theme-palette-color-3, #405A3D)\" class=\"stk-highlight\">BAIXAR<\/span><\/a><\/strong><\/p>\n\n\n\n<h4 class=\"wp-block-heading has-medium-font-size\"><a href=\"https:\/\/pos.uea.edu.br\/data\/area\/dissertacao\/download\/59-10.pdf\" target=\"_blank\" rel=\"noreferrer noopener\"><span style=\"color: var(--theme-palette-color-4, #233127);\" class=\"stk-highlight\">Naiff, Priscilla Farias<\/span><\/a><\/h4>\n\n\n\n<p>As implica\u00e7\u00f5es da pandemia da COVID-19 nos servi\u00e7os odontol\u00f3gicos, na vida e pr\u00e1tica profissional dos cirurgi\u00f5es-dentistas da rede p\u00fablica municipal de Manaus \u2013 Amazonas<\/p>\n\n\n\n<p><strong><a href=\"https:\/\/pos.uea.edu.br\/data\/area\/dissertacao\/download\/59-10.pdf\" target=\"_blank\" rel=\"noreferrer noopener\"><span style=\"color: var(--theme-palette-color-6, #f4f4f5);background-color: var(--theme-palette-color-3, #405A3D)\" class=\"stk-highlight\">BAIXAR<\/span><\/a><\/strong><\/p>\n\n\n\n<p class=\"has-x-large-font-size\"><strong>2022<\/strong><\/p>\n\n\n\n<h4 class=\"wp-block-heading has-medium-font-size\"><span style=\"color: var(--theme-palette-color-4, #233127);\" class=\"stk-highlight\">Guimar\u00e3es, Andr\u00e9a Cristina<\/span><\/h4>\n\n\n\n<p>(In) Seguran\u00e7a alimentar e COVID-19 no Amazonas: o caso da comunidade ribeirinha Nossa Senhora do Livramento na reserva de desenvolvimento sustent\u00e1vel do Tup\u00e9<\/p>\n\n\n\n<p><\/p>\n\n\n\n<p><strong><span style=\"color: var(--theme-palette-color-6, #f4f4f5);background-color: var(--theme-palette-color-3, #405A3D)\" class=\"stk-highlight\"><a href=\"https:\/\/ri.uea.edu.br\/items\/8ceadd99-e712-4028-892c-7ec4053a4f29\" target=\"_blank\" rel=\"noreferrer noopener\">BAIXAR<\/a><\/span><\/strong><\/p>\n<\/div><\/div><\/div>\n<\/div><\/div>\n\n\n\n<h4 class=\"wp-block-heading has-medium-font-size\"><span style=\"color: var(--theme-palette-color-4, #233127);\" class=\"stk-highlight\">Cosme, Keven de Oliveira<\/span><\/h4>\n\n\n\n<p>Panorama das a\u00e7\u00f5es de educa\u00e7\u00e3o permanente em sa\u00fade mediadas pela Telessa\u00fade realizadas no per\u00edodo pr\u00e9-pand\u00eamico e no per\u00edodo pand\u00eamico da COVID-19<\/p>\n\n\n\n<p><strong><span style=\"color: var(--theme-palette-color-6, #f4f4f5);background-color: var(--theme-palette-color-3, #405A3D)\" class=\"stk-highlight\"><a href=\"https:\/\/ri.uea.edu.br\/items\/c20f58c2-2197-41a0-a63a-66d33409795c\" target=\"_blank\" rel=\"noreferrer noopener\">BAIXAR<\/a><\/span><\/strong><\/p>\n\n\n\n<h4 class=\"wp-block-heading has-medium-font-size\"><span style=\"color: var(--theme-palette-color-4, #233127);\" class=\"stk-highlight\">Macedo, Messias de Lima<\/span><\/h4>\n\n\n\n<p>Condi\u00e7\u00f5es de sa\u00fade de pescadores artesanais do Amazonas: avalia\u00e7\u00e3o dos dist\u00farbios musculoesquel\u00e9ticos e da qualidade de vida<\/p>\n\n\n\n<p><strong><span style=\"color: var(--theme-palette-color-6, #f4f4f5);background-color: var(--theme-palette-color-3, #405A3D)\" class=\"stk-highlight\"><a href=\"https:\/\/ri.uea.edu.br\/items\/252282fb-464b-43e2-9e18-ad8d8d17362b\" data-type=\"link\" data-id=\"https:\/\/ri.uea.edu.br\/items\/252282fb-464b-43e2-9e18-ad8d8d17362b\" target=\"_blank\" rel=\"noreferrer noopener\">BAIXAR<\/a><\/span><\/strong><\/p>\n\n\n\n<h4 class=\"wp-block-heading has-medium-font-size\"><span style=\"color: var(--theme-palette-color-4, #233127);\" class=\"stk-highlight\">Marques, D\u00e9bora<\/span><\/h4>\n\n\n\n<p>Panorama das a\u00e7\u00f5es de educa\u00e7\u00e3o permanente em sa\u00fade mediadas pela Telessa\u00fade realizadas no per\u00edodo pr\u00e9-pand\u00eamico e no per\u00edodo pand\u00eamico da COVID-19<\/p>\n\n\n\n<p><\/p>\n\n\n\n<p><strong><span style=\"color: var(--theme-palette-color-6, #f4f4f5);background-color: var(--theme-palette-color-3, #405A3D)\" class=\"stk-highlight\"><a href=\"https:\/\/ri.uea.edu.br\/items\/2e270cd8-ff57-4238-91f8-3796d32d4e87\" target=\"_blank\" rel=\"noreferrer noopener\">BAIXAR<\/a><\/span><\/strong><\/p>\n\n\n\n<h4 class=\"wp-block-heading has-medium-font-size\"><span style=\"color: var(--theme-palette-color-4, #233127);\" class=\"stk-highlight\">Freitas, Cristiany Monserra Barata da Costa<\/span><\/h4>\n\n\n\n<p>O abuso sexual como uma experi\u00eancia adversa na adolesc\u00eancia: Um inqu\u00e9rito de base escolar em Manaus, Amazonas<\/p>\n\n\n\n<p><\/p>\n\n\n\n<p><strong><span style=\"color: var(--theme-palette-color-6, #f4f4f5);background-color: var(--theme-palette-color-3, #405A3D)\" class=\"stk-highlight\"><a href=\"https:\/\/ri.uea.edu.br\/items\/1e27c04c-20f6-43d7-a3a4-36c7f018238a\" data-type=\"link\" data-id=\"https:\/\/ri.uea.edu.br\/items\/1e27c04c-20f6-43d7-a3a4-36c7f018238a\" target=\"_blank\" rel=\"noreferrer noopener\">BAIXAR<\/a><\/span><\/strong><\/p>\n\n\n\n<h4 class=\"wp-block-heading has-medium-font-size\"><span style=\"color: var(--theme-palette-color-4, #233127);\" class=\"stk-highlight\">Pereira, Vivianne<\/span><\/h4>\n\n\n\n<p>An\u00e1lise das a\u00e7\u00f5es de Vigil\u00e2ncia em Sa\u00fade na Aten\u00e7\u00e3o Prim\u00e1ria \u00e0 Sa\u00fade no enfrentamento da COVID-19 em Manaus<\/p>\n\n\n\n<p><\/p>\n\n\n\n<p><strong><span style=\"color: var(--theme-palette-color-6, #f4f4f5);background-color: var(--theme-palette-color-3, #405A3D)\" class=\"stk-highlight\"><a href=\"https:\/\/ri.uea.edu.br\/items\/071d0f4d-d5c4-4743-ab41-fe992f903f44\" data-type=\"link\" data-id=\"https:\/\/ri.uea.edu.br\/items\/071d0f4d-d5c4-4743-ab41-fe992f903f44\" target=\"_blank\" rel=\"noreferrer noopener\">BAIXAR<\/a><\/span><\/strong><\/p>\n\n\n\n<h4 class=\"wp-block-heading has-medium-font-size\"><span style=\"color: var(--theme-palette-color-4, #233127);\" class=\"stk-highlight\">Rocha, Yone<\/span><\/h4>\n\n\n\n<p>Compreendendo as perdas na cascata de cuidados \u00e0 infec\u00e7\u00e3o latente por tuberculose: um estudo de caso \u00fanico<\/p>\n\n\n\n<p><\/p>\n\n\n\n<p><strong><span style=\"color: var(--theme-palette-color-6, #f4f4f5);background-color: var(--theme-palette-color-3, #405A3D)\" class=\"stk-highlight\"><a href=\"https:\/\/ri.uea.edu.br\/items\/6716ccde-3ccf-4e6c-86b0-cb1571531f7e\" target=\"_blank\" rel=\"noreferrer noopener\">BAIXAR<\/a><\/span><\/strong><\/p>\n\n\n\n<h4 class=\"wp-block-heading has-medium-font-size\"><span style=\"color: var(--theme-palette-color-4, #233127);\" class=\"stk-highlight\">Silva, J\u00e9ssica<\/span><\/h4>\n\n\n\n<p>A sa\u00fade mental materna no SUS: uma an\u00e1lise da constru\u00e7\u00e3o de uma agenda de cuidados<\/p>\n\n\n\n<p><\/p>\n\n\n\n<p><strong><span style=\"color: var(--theme-palette-color-6, #f4f4f5);background-color: var(--theme-palette-color-3, #405A3D)\" class=\"stk-highlight\"><a href=\"https:\/\/ri.uea.edu.br\/items\/5344c450-04e2-40f0-842c-cba0ad629447\" target=\"_blank\" rel=\"noreferrer noopener\">BAIXAR<\/a><\/span><\/strong><\/p>\n\n\n\n<h4 class=\"wp-block-heading has-medium-font-size\"><span style=\"color: var(--theme-palette-color-4, #233127);\" class=\"stk-highlight\">Batista, Cl\u00e1udia<\/span><\/h4>\n\n\n\n<p>Consumo alimentar, \u00edndice de massa corporal, perfil glic\u00eamico e lip\u00eddico de gestantes atendidas pela Estrat\u00e9gia Sa\u00fade da Fam\u00edlia no munic\u00edpio de Manaus<\/p>\n\n\n\n<p><\/p>\n\n\n\n<p><strong><span style=\"color: var(--theme-palette-color-6, #f4f4f5);background-color: var(--theme-palette-color-3, #405A3D)\" class=\"stk-highlight\"><a href=\"https:\/\/ri.uea.edu.br\/items\/da5143b4-87f7-4433-a0b8-3988d8edff93\" data-type=\"link\" data-id=\"https:\/\/ri.uea.edu.br\/items\/da5143b4-87f7-4433-a0b8-3988d8edff93\" target=\"_blank\" rel=\"noreferrer noopener\">BAIXAR<\/a><\/span><\/strong><\/p>\n\n\n\n<h4 class=\"wp-block-heading has-medium-font-size\"><span style=\"color: var(--theme-palette-color-4, #233127);\" class=\"stk-highlight\">Pereira, T\u00e2nia<\/span><\/h4>\n\n\n\n<p>An\u00e1lise da Gest\u00e3o do Trabalho em Sa\u00fade Bucal no \u00e2mbito da Aten\u00e7\u00e3o Prim\u00e1ria \u00e0 Sa\u00fade nos Munic\u00edpios do Estado do Amazonas ap\u00f3s  Pandemia da COVID-19<\/p>\n\n\n\n<p><\/p>\n\n\n\n<p><strong><span style=\"color: var(--theme-palette-color-6, #f4f4f5);background-color: var(--theme-palette-color-3, #405A3D)\" class=\"stk-highlight\"><a href=\"https:\/\/ri.uea.edu.br\/items\/5a0e4d19-5be0-40e8-a2d0-5607a00231cc\" data-type=\"link\" data-id=\"https:\/\/ri.uea.edu.br\/items\/5a0e4d19-5be0-40e8-a2d0-5607a00231cc\" target=\"_blank\" rel=\"noreferrer noopener\">BAIXAR<\/a><\/span><\/strong><\/p>\n\n\n\n<h4 class=\"wp-block-heading has-medium-font-size\"><span style=\"color: var(--theme-palette-color-4, #233127);\" class=\"stk-highlight\">Silva, Marcos<\/span><\/h4>\n\n\n\n<p>Articula\u00e7\u00e3o e integra\u00e7\u00e3o da RAPS com os demais n\u00edveis de assist\u00eancia, na cidade de Tabatinga, AM.<\/p>\n\n\n\n<p><\/p>\n\n\n\n<p><strong><span style=\"color: var(--theme-palette-color-6, #f4f4f5);background-color: var(--theme-palette-color-3, #405A3D)\" class=\"stk-highlight\"><a href=\"https:\/\/ri.uea.edu.br\/items\/f9d22e8d-176a-493d-9780-d2ff01a1c4c4\" target=\"_blank\" rel=\"noreferrer noopener\">BAIXAR<\/a><\/span><\/strong><\/p>\n\n\n\n<h4 class=\"wp-block-heading has-medium-font-size\"><span style=\"color: var(--theme-palette-color-4, #233127);\" class=\"stk-highlight\">Mendes, Ana<\/span><\/h4>\n\n\n\n<p>Contextos de vulnerabilidade ao HIV: estudo qualitativo com jovens cisgen\u00earos e heterossexuais de um bairro popular em Manaus<\/p>\n\n\n\n<p><\/p>\n\n\n\n<p><strong><span style=\"color: var(--theme-palette-color-6, #f4f4f5);background-color: var(--theme-palette-color-3, #405A3D)\" class=\"stk-highlight\"><a href=\"https:\/\/ri.uea.edu.br\/items\/145aa815-cd08-4436-9814-5027a6fb5a56\" target=\"_blank\" rel=\"noreferrer noopener\">BAIXAR<\/a><\/span><\/strong><\/p>\n\n\n\n<h4 class=\"wp-block-heading has-medium-font-size\"><span style=\"color: var(--theme-palette-color-4, #233127);\" class=\"stk-highlight\">Lima, Zen\u00f3bia<\/span><\/h4>\n\n\n\n<p>Rede de Aten\u00e7\u00e3o Oncol\u00f3gica: uma an\u00e1lise na Regi\u00e3o de Sa\u00fade \u2013 Manaus, Entorno e Alto Rio Negro<\/p>\n\n\n\n<p><\/p>\n\n\n\n<p><strong><span style=\"color: var(--theme-palette-color-6, #f4f4f5);background-color: var(--theme-palette-color-3, #405A3D)\" class=\"stk-highlight\"><a href=\"https:\/\/ri.uea.edu.br\/items\/26810672-149f-47bf-838c-80cd65f9dd49\" data-type=\"link\" data-id=\"https:\/\/ri.uea.edu.br\/items\/26810672-149f-47bf-838c-80cd65f9dd49\" target=\"_blank\" rel=\"noreferrer noopener\">BAIXAR<\/a><\/span><\/strong><\/p>\n\n\n\n<h4 class=\"wp-block-heading has-medium-font-size\"><span style=\"color: var(--theme-palette-color-4, #233127);\" class=\"stk-highlight\">Santos, Concei\u00e7\u00e3o Felix dos<\/span><\/h4>\n\n\n\n<p>O Lar das Marias e a aten\u00e7\u00e3o oncol\u00f3gica no Amazonas: narrativas dos itiner\u00e1rios terap\u00eauticos de mulheres com c\u00e2ncer<\/p>\n\n\n\n<p><\/p>\n\n\n\n<p><strong><span style=\"color: var(--theme-palette-color-6, #f4f4f5);background-color: var(--theme-palette-color-3, #405A3D)\" class=\"stk-highlight\"><a href=\"https:\/\/ri.uea.edu.br\/items\/fd1883fe-e34f-45a7-9e50-66e5e8de225b\" target=\"_blank\" rel=\"noreferrer noopener\">BAIXAR<\/a><\/span><\/strong><\/p>\n\n\n\n<h4 class=\"wp-block-heading has-medium-font-size\"><span style=\"color: var(--theme-palette-color-4, #233127);\" class=\"stk-highlight\">Silva, Ant\u00f4nia<\/span><\/h4>\n\n\n\n<p>Incid\u00eancia de coer\u00e7\u00e3o sexual e reprodutiva cometida por parceiro \u00edntimo e suas implica\u00e7\u00f5es na sa\u00fade sexual e reprodutiva em mulheres usu\u00e1rias da aten\u00e7\u00e3o b\u00e1sica em Manaus<\/p>\n\n\n\n<p><\/p>\n\n\n\n<p><strong><span style=\"color: var(--theme-palette-color-6, #f4f4f5);background-color: var(--theme-palette-color-3, #405A3D)\" class=\"stk-highlight\"><a href=\"https:\/\/ri.uea.edu.br\/items\/929a4a5e-ca87-49a7-9fce-bbdfab6e039c\" data-type=\"link\" data-id=\"https:\/\/ri.uea.edu.br\/items\/929a4a5e-ca87-49a7-9fce-bbdfab6e039c\" target=\"_blank\" rel=\"noreferrer noopener\">BAIXAR<\/a><\/span><\/strong><\/p>\n\n\n\n<h4 class=\"wp-block-heading has-medium-font-size\"><span style=\"color: var(--theme-palette-color-4, #233127);\" class=\"stk-highlight\">Melo, Willams<\/span><\/h4>\n\n\n\n<p>Cuidado em sa\u00fade de mulheres trans e travestis: narrativas de trabalhadores\/as da sa\u00fade e usu\u00e1rias da Aten\u00e7\u00e3o B\u00e1sica no interior do Amazonas<\/p>\n\n\n\n<p class=\"has-x-large-font-size\"><strong>2023<\/strong><\/p>\n\n\n\n<p><strong><span style=\"color: var(--theme-palette-color-6, #f4f4f5);background-color: var(--theme-palette-color-3, #405A3D)\" class=\"stk-highlight\"><a href=\"https:\/\/ri.uea.edu.br\/items\/7210cfb5-9897-469d-87ec-7c46713038f3\" target=\"_blank\" rel=\"noreferrer noopener\">BAIXAR<\/a><\/span><\/strong><\/p>\n\n\n\n<h4 class=\"wp-block-heading has-medium-font-size\"><span style=\"color: var(--theme-palette-color-4, #233127);\" class=\"stk-highlight\">Scantbelruy, Kaellen<\/span><\/h4>\n\n\n\n<p>Fragilidade, equil\u00edbrio e desempenho funcional de pessoas idosas em diferentes cen\u00e1rios do contexto amaz\u00f4nico<\/p>\n\n\n\n<p><\/p>\n\n\n\n<p><strong><span style=\"color: var(--theme-palette-color-6, #f4f4f5);background-color: var(--theme-palette-color-3, #405A3D)\" class=\"stk-highlight\"><a href=\"https:\/\/ri.uea.edu.br\/items\/bdd11216-2fcc-4552-9751-fd97e19285e9\" data-type=\"link\" data-id=\"https:\/\/ri.uea.edu.br\/items\/bdd11216-2fcc-4552-9751-fd97e19285e9\" target=\"_blank\" rel=\"noreferrer noopener\">BAIXAR<\/a><\/span><\/strong><\/p>\n\n\n\n<h4 class=\"wp-block-heading has-medium-font-size\"><span style=\"color: var(--theme-palette-color-4, #233127);\" class=\"stk-highlight\">Almeida, Emmilyn<\/span><\/h4>\n\n\n\n<p>Impacto de atividades educativas em sa\u00fade na melhoria dos processos de leitura em adolescentes em Manaus<\/p>\n\n\n\n<p><\/p>\n\n\n\n<p><strong><span style=\"color: var(--theme-palette-color-6, #f4f4f5);background-color: var(--theme-palette-color-3, #405A3D)\" class=\"stk-highlight\"><a href=\"https:\/\/ri.uea.edu.br\/items\/47a91bbd-3465-43cb-9301-b7158ef56f99\" data-type=\"link\" data-id=\"https:\/\/ri.uea.edu.br\/items\/47a91bbd-3465-43cb-9301-b7158ef56f99\" target=\"_blank\" rel=\"noreferrer noopener\">BAIXAR<\/a><\/span><\/strong><\/p>\n\n\n\n<h4 class=\"wp-block-heading has-medium-font-size\"><span style=\"color: var(--theme-palette-color-4, #233127);\" class=\"stk-highlight\">Correa, Ioni<\/span><\/h4>\n\n\n\n<p>Perfil antropom\u00e9trico e qualidade de vida de trabalhadores de f\u00e1bricas do Polo Industrial de Manaus<\/p>\n\n\n\n<p><\/p>\n\n\n\n<p><strong><span style=\"color: var(--theme-palette-color-6, #f4f4f5);background-color: var(--theme-palette-color-3, #405A3D)\" class=\"stk-highlight\"><a href=\"https:\/\/ri.uea.edu.br\/items\/0b8e8ddd-2170-4a64-9f6f-803cbddb2320\" data-type=\"link\" data-id=\"https:\/\/ri.uea.edu.br\/items\/0b8e8ddd-2170-4a64-9f6f-803cbddb2320\" target=\"_blank\" rel=\"noreferrer noopener\">BAIXAR<\/a><\/span><\/strong><\/p>\n\n\n\n<h4 class=\"wp-block-heading has-medium-font-size\"><span style=\"color: var(--theme-palette-color-4, #233127);\" class=\"stk-highlight\">Saintil, Jovelyne<\/span><\/h4>\n\n\n\n<p>Negocia\u00e7\u00f5es sobre a preven\u00e7\u00e3o da gravidez, do HIV e de outras ISTs entre adolescentes e jovens de um bairro popular de Manaus<\/p>\n\n\n\n<p><\/p>\n\n\n\n<p><strong><span style=\"color: var(--theme-palette-color-6, #f4f4f5);background-color: var(--theme-palette-color-3, #405A3D)\" class=\"stk-highlight\"><a href=\"https:\/\/ri.uea.edu.br\/items\/ec548c14-6578-470b-bdeb-6029bb074bb8\" data-type=\"link\" data-id=\"https:\/\/ri.uea.edu.br\/items\/ec548c14-6578-470b-bdeb-6029bb074bb8\" target=\"_blank\" rel=\"noreferrer noopener\">BAIXAR<\/a><\/span><\/strong><\/p>\n\n\n\n<h4 class=\"wp-block-heading has-medium-font-size\"><span style=\"color: var(--theme-palette-color-4, #233127);\" class=\"stk-highlight\">Melo, Lilian<\/span><\/h4>\n\n\n\n<p>Acesso \u00e0 sa\u00fade de adolescentes do sexo feminino: uma an\u00e1lise mista sobre os servi\u00e7os de Aten\u00e7\u00e3o Prim\u00e1ria em Manaus<\/p>\n\n\n\n<p><\/p>\n\n\n\n<p><strong><span style=\"color: var(--theme-palette-color-6, #f4f4f5);background-color: var(--theme-palette-color-3, #405A3D)\" class=\"stk-highlight\"><a href=\"https:\/\/ri.uea.edu.br\/items\/91f68e85-c365-4a99-826e-26dd25eaa5cc\" data-type=\"link\" data-id=\"https:\/\/ri.uea.edu.br\/items\/91f68e85-c365-4a99-826e-26dd25eaa5cc\" target=\"_blank\" rel=\"noreferrer noopener\">BAIXAR<\/a><\/span><\/strong><\/p>\n\n\n\n<h4 class=\"wp-block-heading has-medium-font-size\"><\/h4>\n\n\n\n<p><\/p>\n\n\n\n<div class=\"wp-block-stackable-columns alignfull stk-block-columns stk-block stk-80ce3af stk-block-background stk--has-background-overlay\" data-block-id=\"80ce3af\"><style>.stk-80ce3af {background-color:linear-gradient(180deg, #ffffff 50%, var(--theme-palette-color-4, #102136) 50%) !important;margin-bottom:0px !important;}.stk-80ce3af:before{background-image:linear-gradient(180deg, #ffffff 50%, var(--theme-palette-color-4, #102136) 50%) !important;}<\/style><div class=\"stk-row stk-inner-blocks stk-block-content stk-content-align stk-80ce3af-column\"><\/div><\/div>\n\n\n\n<p><\/p>\n","protected":false},"excerpt":{"rendered":"<p>Disserta\u00e7\u00f5es Programa de P\u00f3s-Gradua\u00e7\u00e3o em Sa\u00fade Coletiva 2021 Ara\u00fajo, Juliana Pereira de A&nbsp;floresta como cura : mulheres, conhecimentos tradicionais e a promo\u00e7\u00e3o da sa\u00fade em comunidades da floresta nacional de Tef\u00e9 BAIXAR Almeida, Diana Andreza Rebou\u00e7as Cuidados em sa\u00fade no contexto da Pandemia de Covid-19 :estrat\u00e9gias e desafios a partir das narrativas das trabalhadoras e [&hellip;]<\/p>\n","protected":false},"author":1,"featured_media":0,"parent":0,"menu_order":0,"comment_status":"closed","ping_status":"closed","template":"","meta":{"footnotes":""},"class_list":["post-741","page","type-page","status-publish","hentry"],"blocksy_meta":{"page_title_panel":"","has_hero_section":"disabled","fe1c64ab89945cda534f4bb2d579ae1a":"","hero_section":"type-1","hero_elements":[{"id":"custom_title","enabled":true,"heading_tag":"h1","title":"Home"},{"id":"custom_description","enabled":true,"description_visibility":{"desktop":true,"tablet":true,"mobile":false}},{"id":"custom_meta","enabled":false,"meta_elements":[{"id":"author","enabled":true,"label":"By","has_author_avatar":"yes","avatar_size":25},{"id":"post_date","enabled":true,"label":"On","date_format_source":"default","date_format":"M j, Y"},{"id":"updated_date","enabled":false,"label":"On","date_format_source":"default","date_format":"M j, Y"},{"id":"categories","enabled":false,"label":"In","style":"simple"},{"id":"comments","enabled":true}],"page_meta_elements":{"joined":true,"articles_count":true,"comments":true}},{"id":"breadcrumbs","enabled":false}],"433b02732bec8d55ec282f00a9a700eb":"","hero_alignment1":"CT_CSS_SKIP_RULE","hero_margin":40,"hero_alignment2":"center","hero_vertical_alignment":"center","fdbb34d69d6afe2394c07d96c9ea0b60":"","hero_structure":"narrow","cb306aece5e91b9a44875e4a81075440":"","page_title_bg_type":"featured_image","custom_hero_background":{"attachment_id":null},"page_title_image_size":"full","parallax":{"desktop":false,"tablet":false,"mobile":false},"034bc954f3c533bc75ffdf62670c8395":"","hero_height":"250px","pageTitleFont":{"family":"Default","variation":"Default","size":"30px","line-height":"CT_CSS_SKIP_RULE","letter-spacing":"CT_CSS_SKIP_RULE","text-transform":"CT_CSS_SKIP_RULE","text-decoration":"CT_CSS_SKIP_RULE"},"pageTitleFontColor":{"default":{"color":"CT_CSS_SKIP_RULEDEFAULT"}},"pageMetaFont":{"family":"Default","variation":"n6","size":"12px","line-height":"1.3","letter-spacing":"CT_CSS_SKIP_RULE","text-transform":"uppercase","text-decoration":"CT_CSS_SKIP_RULE"},"pageMetaFontColor":{"default":{"color":"CT_CSS_SKIP_RULEDEFAULT"},"hover":{"color":"CT_CSS_SKIP_RULEDEFAULT"}},"page_meta_button_type_font_colors":{"default":{"color":"CT_CSS_SKIP_RULEDEFAULT"},"hover":{"color":"CT_CSS_SKIP_RULEDEFAULT"}},"page_meta_button_type_background_colors":{"default":{"color":"CT_CSS_SKIP_RULEDEFAULT"},"hover":{"color":"CT_CSS_SKIP_RULEDEFAULT"}},"pageExcerptFont":{"family":"Default","variation":"Default","size":"CT_CSS_SKIP_RULE","line-height":"CT_CSS_SKIP_RULE","letter-spacing":"CT_CSS_SKIP_RULE","text-transform":"CT_CSS_SKIP_RULE","text-decoration":"CT_CSS_SKIP_RULE"},"pageExcerptColor":{"default":{"color":"CT_CSS_SKIP_RULEDEFAULT"}},"breadcrumbsFont":{"family":"Default","variation":"Default","size":"CT_CSS_SKIP_RULE","line-height":"CT_CSS_SKIP_RULE","letter-spacing":"CT_CSS_SKIP_RULE","text-transform":"CT_CSS_SKIP_RULE","text-decoration":"CT_CSS_SKIP_RULE"},"breadcrumbsFontColor":{"default":{"color":"CT_CSS_SKIP_RULEDEFAULT"},"initial":{"color":"CT_CSS_SKIP_RULEDEFAULT"},"hover":{"color":"CT_CSS_SKIP_RULEDEFAULT"}},"pageTitleOverlay":{"background_type":"color","background_pattern":"type-1","background_image":{"attachment_id":null,"x":0,"y":0},"gradient":"linear-gradient(135deg,rgba(6,147,227,1) 0%,rgb(155,81,224) 100%)","background_repeat":"repeat","background_size":"auto","background_attachment":"scroll","patternColor":{"default":{"color":"#e5e7ea"}},"overlayColor":{"default":{"color":"CT_CSS_SKIP_RULE"}},"backgroundColor":{"default":{"color":"CT_CSS_SKIP_RULE"}}},"pageTitleBackground":{"background_type":"color","background_pattern":"type-1","background_image":{"attachment_id":null,"x":0,"y":0},"gradient":"linear-gradient(135deg,rgba(6,147,227,1) 0%,rgb(155,81,224) 100%)","background_repeat":"repeat","background_size":"auto","background_attachment":"scroll","patternColor":{"default":{"color":"#e5e7ea"}},"overlayColor":{"default":{"color":"CT_CSS_SKIP_RULE"}},"backgroundColor":{"default":{"color":"var(--theme-palette-color-6)"}}},"pageTitlePadding":{"top":"50px","bottom":"50px","left":"auto","right":"auto","linked":true},"12e455f30de1d15aed0effbbb6f951bf":"","page_structure_type":"default","f474d2f3ad69b4e64f52dac0a3aa2bb2":"","content_style_source":"inherit","content_style":"wide","vertical_spacing_source":"custom","content_area_spacing":"none","background":{"background_type":"color","background_pattern":"type-1","background_image":{"attachment_id":null,"x":0,"y":0},"gradient":"linear-gradient(135deg,rgba(6,147,227,1) 0%,rgb(155,81,224) 100%)","background_repeat":"repeat","background_size":"auto","background_attachment":"scroll","patternColor":{"default":{"color":"#e5e7ea"}},"overlayColor":{"default":{"color":"CT_CSS_SKIP_RULE"}},"backgroundColor":{"default":{"color":"CT_CSS_SKIP_RULE"}}},"content_background":{"background_type":"color","background_pattern":"type-1","background_image":{"attachment_id":null,"x":0,"y":0},"gradient":"linear-gradient(135deg,rgba(6,147,227,1) 0%,rgb(155,81,224) 100%)","background_repeat":"repeat","background_size":"auto","background_attachment":"scroll","patternColor":{"default":{"color":"#e5e7ea"}},"overlayColor":{"default":{"color":"CT_CSS_SKIP_RULE"}},"backgroundColor":{"default":{"color":"var(--theme-palette-color-8)"}}},"content_boxed_shadow":{"inherit":false,"blur":18,"spread":-6,"v_offset":12,"h_offset":0,"inset":false,"enable":true,"color":{"color":"rgba(34, 56, 101, 0.04)"}},"content_boxed_border":{"width":1,"style":"none","color":{"color":"rgba(44,62,80,0.2)"}},"content_boxed_radius":{"top":"3px","bottom":"3px","left":"3px","right":"3px","linked":true},"boxed_content_spacing":{"desktop":{"top":"40px","bottom":"40px","left":"40px","right":"40px","linked":true},"tablet":{"top":"35px","bottom":"35px","left":"35px","right":"35px","linked":true},"mobile":{"top":"20px","bottom":"20px","left":"20px","right":"20px","linked":true}},"fca9f1d1c7aa58a4b21dd78357f6373e":"","disable_featured_image":"no","disable_share_box":"no","disable_header":"no","disable_footer":"no","styles_descriptor":{"styles":{"desktop":"","tablet":"","mobile":""},"google_fonts":[],"version":6}},"_links":{"self":[{"href":"http:\/\/posgraduacao.uea.edu.br\/ppgsc\/index.php\/wp-json\/wp\/v2\/pages\/741","targetHints":{"allow":["GET"]}}],"collection":[{"href":"http:\/\/posgraduacao.uea.edu.br\/ppgsc\/index.php\/wp-json\/wp\/v2\/pages"}],"about":[{"href":"http:\/\/posgraduacao.uea.edu.br\/ppgsc\/index.php\/wp-json\/wp\/v2\/types\/page"}],"author":[{"embeddable":true,"href":"http:\/\/posgraduacao.uea.edu.br\/ppgsc\/index.php\/wp-json\/wp\/v2\/users\/1"}],"replies":[{"embeddable":true,"href":"http:\/\/posgraduacao.uea.edu.br\/ppgsc\/index.php\/wp-json\/wp\/v2\/comments?post=741"}],"version-history":[{"count":10,"href":"http:\/\/posgraduacao.uea.edu.br\/ppgsc\/index.php\/wp-json\/wp\/v2\/pages\/741\/revisions"}],"predecessor-version":[{"id":1213,"href":"http:\/\/posgraduacao.uea.edu.br\/ppgsc\/index.php\/wp-json\/wp\/v2\/pages\/741\/revisions\/1213"}],"wp:attachment":[{"href":"http:\/\/posgraduacao.uea.edu.br\/ppgsc\/index.php\/wp-json\/wp\/v2\/media?parent=741"}],"curies":[{"name":"wp","href":"https:\/\/api.w.org\/{rel}","templated":true}]}}